{"id":12691,"date":"2025-12-16T17:05:02","date_gmt":"2025-12-16T16:05:02","guid":{"rendered":"https:\/\/community.server2.webdistrict.it\/?page_id=12691"},"modified":"2026-03-18T12:08:53","modified_gmt":"2026-03-18T11:08:53","slug":"people","status":"publish","type":"page","link":"https:\/\/www.community.it\/en\/people\/","title":{"rendered":"People"},"content":{"rendered":"<div id=\"fws_69f7669556f6b\"  data-column-margin=\"default\" data-midnight=\"light\"  class=\"wpb_row vc_row-fluid vc_row full-width-section vc_row-o-full-height vc_row-o-columns-middle vc_row-o-equal-height vc_row-flex  top_padding_tablet_80px top_padding_phone_40px\"  style=\"padding-top: 0px; padding-bottom: 0px; \" data-color=\"#000000\" data-dark=\"true\"><div class=\"row-bg-wrap\" data-bg-animation=\"none\" data-bg-animation-delay=\"\" data-bg-overlay=\"true\"><div class=\"inner-wrap row-bg-layer\" ><div class=\"row-bg viewport-desktop using-bg-color\"  style=\"background-color: #000000; \"><\/div><\/div><div class=\"row-bg-overlay row-bg-layer\" style=\"background: rgba(0,0,0,0.3); background: linear-gradient(to bottom,rgba(0,0,0,0.3) 0%,#000000 100%);  opacity: 1; \"><\/div><\/div>\n\t\t\t<div class=\"video-color-overlay row-bg-layer\" data-color=\"\"><\/div>\n\t\t\t\n\t\t\t<div class=\"nectar-video-wrap row-bg-layer\" data-bg-alignment=\"\">\n\t\t\t\t<div class=\"nectar-video-inner\">\n\t\t\t\t<video class=\"nectar-video-bg\" width=\"1800\" height=\"700\" preload=\"auto\" loop autoplay muted playsinline><source src=\"https:\/\/www.community.it\/wp-content\/uploads\/2024\/07\/4865616_Light-Leak_Transition_1920x1080.mp4\"  type=\"video\/mp4\"><\/video>    \t\t<\/div>\n\t\t\t <\/div>\n\n\t\t\t<div class=\"row_col_wrap_12 col span_12 light center\">\n\t<div  class=\"vc_col-sm-12 wpb_column column_container vc_column_container col centered-text no-extra-padding force-desktop-text-align-center inherit_tablet inherit_phone\"  data-padding-pos=\"all\" data-has-bg-color=\"false\" data-bg-color=\"\" data-bg-opacity=\"1\" data-animation=\"\" data-delay=\"0\" >\n\t\t<div class=\"vc_column-inner\" >\n\t\t\t<div class=\"wpb_wrapper\">\n\t\t\t\t<div class=\"divider-wrap height_tablet_50px height_phone_30px\" data-alignment=\"default\"><div style=\"height: 90px;\" class=\"divider\"><\/div><\/div><div id=\"fws_69f766955723a\" data-midnight=\"\" data-column-margin=\"default\" class=\"wpb_row vc_row-fluid vc_row inner_row\"  style=\"\"><div class=\"row-bg-wrap\"> <div class=\"row-bg\" ><\/div> <\/div><div class=\"row_col_wrap_12_inner col span_12  left\">\n\t<div  class=\"vc_col-sm-12 wpb_column column_container vc_column_container col child_column has-animation no-extra-padding inherit_tablet inherit_phone\"   data-padding-pos=\"all\" data-has-bg-color=\"false\" data-bg-color=\"\" data-bg-opacity=\"1\" data-animation=\"reveal-from-bottom\" data-delay=\"0\" >\n\t\t<div class=\"vc_column-inner\" >\n\t\t<div class=\"wpb_wrapper\">\n\t\t\t<div class=\"nectar-highlighted-text font_size_90px font_line_height_1px\" data-style=\"none\" data-exp=\"default\" data-user-color=\"true\" style=\"color: #ffffff;\" data-using-custom-color=\"true\" data-animation-delay=\"false\" data-color=\"#ee751e\" data-color-gradient=\"\"><h1>In Community il <i>talento\u00a0 <\/i>\u00e8 protagonista<em>.<\/em><\/h1>\n<\/div>\n\t\t<\/div> \n\t<\/div>\n\t<\/div> \n<\/div><\/div><div class=\"divider-wrap height_tablet_50px height_phone_30px\" data-alignment=\"default\"><div style=\"height: 90px;\" class=\"divider\"><\/div><\/div>\n\t\t\t<\/div> \n\t\t<\/div>\n\t<\/div> \n<\/div><\/div>\n\t\t<div id=\"fws_69f7669557525\"  data-column-margin=\"default\" data-midnight=\"light\"  class=\"wpb_row vc_row-fluid vc_row full-width-section  top_padding_tablet_90px top_padding_phone_50px bottom_padding_tablet_90px bottom_padding_phone_50px\"  style=\"padding-top: 120px; padding-bottom: 120px; \"><div class=\"row-bg-wrap\" data-bg-animation=\"none\" data-bg-animation-delay=\"\" data-bg-overlay=\"false\"><div class=\"inner-wrap row-bg-layer\" ><div class=\"row-bg viewport-desktop using-bg-color\"  style=\"background-color: #000000; \"><\/div><\/div><\/div><div class=\"row_col_wrap_12 col span_12 light center\">\n\t<div style=\" color: #0a0a0a;\" class=\"vc_col-sm-12 wpb_column column_container vc_column_container col centered-text has-animation padding-3-percent force-desktop-text-align-center inherit_tablet inherit_phone\" data-cfc=\"true\"  data-padding-pos=\"left-right\" data-has-bg-color=\"false\" data-bg-color=\"\" data-bg-opacity=\"1\" data-animation=\"slight-fade-in-from-bottom\" data-delay=\"0\" >\n\t\t<div class=\"vc_column-inner\" >\n\t\t\t<div class=\"wpb_wrapper\">\n\t\t\t\t<div class=\"nectar-highlighted-text font_size_70px font_line_height_1px\" data-style=\"regular_underline\" data-exp=\"default\" data-underline-thickness=\"default\" data-user-color=\"true\" style=\"color: #ffffff;\" data-using-custom-color=\"true\" data-animation-delay=\"false\" data-color=\"#ee751e\" data-color-gradient=\"\"><h2 style=\"text-align: center\">Una squadra di <span style=\"color: #ee751e\">professionisti<\/span> attenti, precisi, veloci e proattivi<span style=\"color: #ee751e\">.<\/span><\/h2>\n<\/div>\n\t\t\t<\/div> \n\t\t<\/div>\n\t<\/div> \n<\/div><\/div>\n\t\t<div id=\"fws_69f76695577b4\"  data-column-margin=\"default\" data-midnight=\"light\" data-bottom-percent=\"8%\"  class=\"wpb_row vc_row-fluid vc_row full-width-section vc_row-o-equal-height vc_row-flex vc_row-o-content-top toggle-sequenza bottom_padding_tablet_6pct bottom_padding_phone_5pct\"  style=\"padding-top: 0px; padding-bottom: calc(100vw * 0.08); \"><div class=\"row-bg-wrap\" data-bg-animation=\"none\" data-bg-animation-delay=\"\" data-bg-overlay=\"false\"><div class=\"inner-wrap row-bg-layer\" ><div class=\"row-bg viewport-desktop using-bg-color\"  style=\"background-color: #000000; \"><\/div><\/div><\/div><div class=\"row_col_wrap_12 col span_12 light center\">\n\t<div  class=\"vc_col-sm-12 wpb_column column_container vc_column_container col nectar-sticky-column no-extra-padding inherit_tablet inherit_phone\"  data-padding-pos=\"all\" data-has-bg-color=\"false\" data-bg-color=\"\" data-bg-opacity=\"1\" data-animation=\"\" data-delay=\"0\" >\n\t\t<div class=\"vc_column-inner\" >\n\t\t\t<div class=\"wpb_wrapper\">\n\t\t\t\t<div id=\"fws_69f7669557da8\" data-midnight=\"\" data-column-margin=\"default\" class=\"wpb_row vc_row-fluid vc_row inner_row\"  style=\"\"><div class=\"row-bg-wrap\"> <div class=\"row-bg\" ><\/div> <\/div><div class=\"row_col_wrap_12_inner col span_12  left\">\n\t<div  class=\"vc_col-sm-4 wpb_column column_container vc_column_container col child_column no-extra-padding inherit_tablet inherit_phone\"   data-padding-pos=\"all\" data-has-bg-color=\"false\" data-bg-color=\"\" data-bg-opacity=\"1\" data-animation=\"\" data-delay=\"0\" >\n\t\t<div class=\"vc_column-inner\" >\n\t\t<div class=\"wpb_wrapper\">\n\t\t\t<div class=\"team-member\" data-style=\"bio_fullscreen_alt\"><div class=\"team-member-image\"><div class=\"team-member-image-inner\"><img loading=\"lazy\" decoding=\"async\" src=\"https:\/\/www.community.it\/wp-content\/uploads\/2025\/04\/Auro_Palomba.png\" width=\"500\" height=\"500\" alt=\"\" \/><\/div><\/div><div class=\"team-member-overlay\"><\/div>\n    <div class=\"team-meta\"><h5>Chairman and Founder<\/h5><h3>Auro Palomba<\/h3><p><\/p><\/div>\n    <div class=\"nectar_team_bio_img\" data-img-src=\"https:\/\/www.community.it\/wp-content\/uploads\/2025\/04\/Auro_Palomba.png\"><\/div>\n    <div class=\"nectar_team_bio\"><p>Inizia come giornalista economico al Giornale di Indro Montanelli, dopo 15 anni cambia mestiere e diventa direttore della comunicazione in istituzioni finanziarie. Nel \u201899 crea con Maurizio Costanzo e Alessandro Benetton la Maurizio Costanzo Comunicazione. Nel 2001 si separa e fonda Community, da 22 anni azienda leader nel mondo del reputation management.<\/p>\n<p>Impegnato in prima linea nelle pi\u00f9 complesse operazioni straordinarie del nostro Paese, ha contribuito a costruire, gestire e difendere la reputazione di importanti famiglie imprenditoriali italiane e di grandi gruppi internazionali, finanziari e industriali.<\/p>\n<p>Oggi \u00e8 Presidente di Community, Presidente del Comitato Strategico di Excellera Advisory Group e amministratore unico di Vibes Media.\u00a0 \u00c8 stato membro dell\u2019Advisory board e nel consiglio di amministrazione di Save The Children Italia e membro del Consiglio Direttivo della Fondazione FAIR, docente di comunicazione e parte della Consulta degli Esperti della Presidenza della Commissione Finanze della Camera.<\/p>\n<p>Nel 2023 \u00e8 stato l\u2019unico professionista italiano presente nella top ten della classifica \u201cTop PR Consultants\u201d per l\u2019area EMEA secondo MergerLinks, nel 2019 ha vinto il premio come miglior comunicatore strategico nell&#8217;ambito de Le Fonti Awards. Nel 2017 ha vinto il premio come Professionista dell\u2019anno nella categoria \u201cFinancial PR\u201d all&#8217;interno dei Financecommunity Awards. \u00c8 anche stato presidente dei Piccoli Azionisti del Milan dal 2019 al 2023.<\/p>\n<div class=\"bottom_meta\"><a href=\"https:\/\/www.linkedin.com\/in\/auropalomba\/\" target=\"_blank\" rel=\"noopener\"><i class=\"icon-default-style fa fa-linkedin\"><\/i><\/a><\/div><\/div>\n    <\/div><div class=\"divider-wrap\" data-alignment=\"default\"><div style=\"height: 20px;\" class=\"divider\"><\/div><\/div>\n\t\t<\/div> \n\t<\/div>\n\t<\/div> \n\n\t<div  class=\"vc_col-sm-4 wpb_column column_container vc_column_container col child_column no-extra-padding inherit_tablet inherit_phone\"   data-padding-pos=\"all\" data-has-bg-color=\"false\" data-bg-color=\"\" data-bg-opacity=\"1\" data-animation=\"\" data-delay=\"0\" >\n\t\t<div class=\"vc_column-inner\" >\n\t\t<div class=\"wpb_wrapper\">\n\t\t\t<div class=\"team-member\" data-style=\"bio_fullscreen_alt\"><div class=\"team-member-image\"><div class=\"team-member-image-inner\"><img loading=\"lazy\" decoding=\"async\" src=\"https:\/\/www.community.it\/wp-content\/uploads\/2025\/04\/Roberto_Patriarca.png\" width=\"500\" height=\"500\" alt=\"\" \/><\/div><\/div><div class=\"team-member-overlay\"><\/div>\n    <div class=\"team-meta\"><h5>CEO<\/h5><h3>Roberto Patriarca<\/h3><p><\/p><\/div>\n    <div class=\"nectar_team_bio_img\" data-img-src=\"https:\/\/www.community.it\/wp-content\/uploads\/2025\/04\/Roberto_Patriarca.png\"><\/div>\n    <div class=\"nectar_team_bio\"><p>Con una solida preparazione nella comunicazione corporate ed economico-finanziaria, Roberto \u00e8 CEO di Community .<\/p>\n<p>Durante gli ultimi 20 anni, ha avuto modo di seguire la comunicazione di clienti di rilevanza nazionale e internazionale in un ampio range di settori: finanza (primari istituti bancari, fondi di private equity, fondi di asset management), legal, ICT, istituzioni politiche e associazioni di categoria. Ha inoltre seguito numerose operazioni di finanza straordinaria e gestito complessi casi di comunicazione di crisi.<\/p>\n<p>Da sempre collabora come ghostwriter con alcuni dei pi\u00f9 autorevoli rappresentanti del mondo delle imprese, dell&#8217;economia e delle istituzioni in Italia.<\/p>\n<p>Svolge attivit\u00e0 di docenza in Master e corsi dedicati alla comunicazione; parla fluentemente l\u2019Inglese. Roberto \u00e8 laureato in Comunicazione d\u2019Impresa e ha conseguito un master in marketing e comunicazione finanziaria.<\/p>\n<div class=\"bottom_meta\"><a href=\"https:\/\/www.linkedin.com\/in\/patriarcaroberto\/\" target=\"_blank\" rel=\"noopener\"><i class=\"icon-default-style fa fa-linkedin\"><\/i><\/a><\/div><\/div>\n    <\/div><div class=\"divider-wrap\" data-alignment=\"default\"><div style=\"height: 20px;\" class=\"divider\"><\/div><\/div>\n\t\t<\/div> \n\t<\/div>\n\t<\/div> \n\n\t<div  class=\"vc_col-sm-4 wpb_column column_container vc_column_container col child_column no-extra-padding inherit_tablet inherit_phone\"   data-padding-pos=\"all\" data-has-bg-color=\"false\" data-bg-color=\"\" data-bg-opacity=\"1\" data-animation=\"\" data-delay=\"0\" >\n\t\t<div class=\"vc_column-inner\" >\n\t\t<div class=\"wpb_wrapper\">\n\t\t\t<div class=\"team-member\" data-style=\"bio_fullscreen_alt\"><div class=\"team-member-image\"><div class=\"team-member-image-inner\"><img loading=\"lazy\" decoding=\"async\" src=\"https:\/\/www.community.it\/wp-content\/uploads\/2025\/04\/Giuliano_Pasini.png\" width=\"500\" height=\"500\" alt=\"\" \/><\/div><\/div><div class=\"team-member-overlay\"><\/div>\n    <div class=\"team-meta\"><h5>Managing Partner<\/h5><h3>Giuliano Pasini<\/h3><p><\/p><\/div>\n    <div class=\"nectar_team_bio_img\" data-img-src=\"https:\/\/www.community.it\/wp-content\/uploads\/2025\/04\/Giuliano_Pasini.png\"><\/div>\n    <div class=\"nectar_team_bio\"><p>In Community sin dalla fondazione, si occupa di strategie di corporate &amp; financial communication, reputation &amp; crisis management.<\/p>\n<p>Ha supportato importanti realt\u00e0 che operano in settori chiave per l&#8217;economia italiana: industria, finanza, moda, distribuzione, energia, IT.<\/p>\n<p>Di formazione umanistica e giuridica, ha maturato esperienze anche in 21, Investimenti e a capo della comunicazione di D&amp;C Spa.<\/p>\n<p>Autore e collaboratore per i blog de Il Sole 24 ore, \u00e8 docente in master e corsi e ghost writer per top manager e imprenditori.<\/p>\n<div class=\"bottom_meta\"><a href=\"https:\/\/www.linkedin.com\/in\/giuliano-pasini-1babb711\/\" target=\"_blank\" rel=\"noopener\"><i class=\"icon-default-style fa fa-linkedin\"><\/i><\/a><\/div><\/div>\n    <\/div><div class=\"divider-wrap\" data-alignment=\"default\"><div style=\"height: 20px;\" class=\"divider\"><\/div><\/div>\n\t\t<\/div> \n\t<\/div>\n\t<\/div> \n<\/div><\/div><div id=\"fws_69f76695588fe\" data-midnight=\"\" data-column-margin=\"default\" class=\"wpb_row vc_row-fluid vc_row inner_row\"  style=\"\"><div class=\"row-bg-wrap\"> <div class=\"row-bg\" ><\/div> <\/div><div class=\"row_col_wrap_12_inner col span_12  left\">\n\t<div  class=\"vc_col-sm-4 wpb_column column_container vc_column_container col child_column no-extra-padding inherit_tablet inherit_phone\"   data-padding-pos=\"all\" data-has-bg-color=\"false\" data-bg-color=\"\" data-bg-opacity=\"1\" data-animation=\"\" data-delay=\"0\" >\n\t\t<div class=\"vc_column-inner\" >\n\t\t<div class=\"wpb_wrapper\">\n\t\t\t<div class=\"team-member\" data-style=\"bio_fullscreen_alt\"><div class=\"team-member-image\"><div class=\"team-member-image-inner\"><img loading=\"lazy\" decoding=\"async\" src=\"https:\/\/www.community.it\/wp-content\/uploads\/2025\/04\/Marco_Rubino.png\" width=\"500\" height=\"500\" alt=\"\" \/><\/div><\/div><div class=\"team-member-overlay\"><\/div>\n    <div class=\"team-meta\"><h5>Managing Partner<\/h5><h3>Marco Rubino Di Musebbi<\/h3><p><\/p><\/div>\n    <div class=\"nectar_team_bio_img\" data-img-src=\"https:\/\/www.community.it\/wp-content\/uploads\/2025\/04\/Marco_Rubino.png\"><\/div>\n    <div class=\"nectar_team_bio\"><p>In Community dal 2003, Marco possiede una profonda esperienza nella comunicazione finanziaria e nelle litigation PR.<\/p>\n<p>In questi anni ha gestito la comunicazione di prestigiose societ\u00e0 italiane e internazionali supportandole nel processo di quotazione in Borsa e nelle operazioni di finanza ordinaria e straordinaria. Nel settore delle litigation PR, ha seguito i profili di comunicazione di procedimenti giudiziari civili, amministrativi e penali caratterizzati da una grande mediaticit\u00e0 sia in Italia sia all\u2019estero.<\/p>\n<p>Possiede inoltre un eccellente track record nel campo della comunicazione di crisi e nel processo di restructuring, aree nelle quali ha curato la reputazione per conto di prestigiose societ\u00e0. L\u2019esperienza maturata in Community si completa con la gestione della comunicazione corporate per alcune delle principali multinazionali attive in Italia. Tiene docenze in comunicazione finanziaria presso master e aziende.<\/p>\n<p>Marco \u00e8 laureato in Giurisprudenza e ha conseguito un master in marketing e comunicazione finanziaria.<\/p>\n<div class=\"bottom_meta\"><a href=\"https:\/\/www.linkedin.com\/in\/marco-rubino-8012316\/\" target=\"_blank\" rel=\"noopener\"><i class=\"icon-default-style fa fa-linkedin\"><\/i><\/a><\/div><\/div>\n    <\/div><div class=\"divider-wrap\" data-alignment=\"default\"><div style=\"height: 20px;\" class=\"divider\"><\/div><\/div>\n\t\t<\/div> \n\t<\/div>\n\t<\/div> \n\n\t<div  class=\"vc_col-sm-4 wpb_column column_container vc_column_container col child_column no-extra-padding inherit_tablet inherit_phone\"   data-padding-pos=\"all\" data-has-bg-color=\"false\" data-bg-color=\"\" data-bg-opacity=\"1\" data-animation=\"\" data-delay=\"0\" >\n\t\t<div class=\"vc_column-inner\" >\n\t\t<div class=\"wpb_wrapper\">\n\t\t\t<div class=\"team-member\" data-style=\"bio_fullscreen_alt\"><div class=\"team-member-image\"><div class=\"team-member-image-inner\"><img loading=\"lazy\" decoding=\"async\" src=\"https:\/\/www.community.it\/wp-content\/uploads\/2025\/04\/Pasquo_Cicchini.png\" width=\"500\" height=\"500\" alt=\"\" \/><\/div><\/div><div class=\"team-member-overlay\"><\/div>\n    <div class=\"team-meta\"><h5>Senior Partner<\/h5><h3>Pasquo Cicchini<\/h3><p><\/p><\/div>\n    <div class=\"nectar_team_bio_img\" data-img-src=\"https:\/\/www.community.it\/wp-content\/uploads\/2025\/04\/Pasquo_Cicchini.png\"><\/div>\n    <div class=\"nectar_team_bio\"><p>In Community dal 2010, Pasquo ha un&#8217;esperienza quasi trentennale nel campo della comunicazione corporate, di crisi, di grandi temi e finanziaria.<\/p>\n<p>Assiste aziende italiane e internazionali nella definizione ed implementazione delle strategie di comunicazione e ha gestito oltre 20 IPO, 40 operazioni di M&amp;A e progetti di investor e media relations per 80 societ\u00e0 quotate in Borsa; si \u00e8 inoltre occupato di relazioni sindacali in occasione di riorganizzazioni aziendali.<\/p>\n<p>Pasquo ha anche gestito progetti di comunicazione interna successivi a grandi cambiamenti organizzativi e di issue and crisis management sui temi di sicurezza sul lavoro, salute del consumatore, doping sportivo, esternalit\u00e0 di produzione, campagne di richiamo prodotti.<\/p>\n<p>Prima di dedicarsi alla comunicazione e PR, Pasquo ha lavorato in societ\u00e0 di consulenza strategica come Roland Berger &amp; Partners e Booz-Hallen &amp; Hamilton.<\/p>\n<p>Pasquo \u00e8 laureato in Economia Aziendale.<\/p>\n<div class=\"bottom_meta\"><a href=\"https:\/\/www.linkedin.com\/in\/pasquo-cicchini-0a865b1\/\" target=\"_blank\" rel=\"noopener\"><i class=\"icon-default-style fa fa-linkedin\"><\/i><\/a><\/div><\/div>\n    <\/div><div class=\"divider-wrap\" data-alignment=\"default\"><div style=\"height: 20px;\" class=\"divider\"><\/div><\/div>\n\t\t<\/div> \n\t<\/div>\n\t<\/div> \n\n\t<div  class=\"vc_col-sm-4 wpb_column column_container vc_column_container col child_column no-extra-padding inherit_tablet inherit_phone\"   data-padding-pos=\"all\" data-has-bg-color=\"false\" data-bg-color=\"\" data-bg-opacity=\"1\" data-animation=\"\" data-delay=\"0\" >\n\t\t<div class=\"vc_column-inner\" >\n\t\t<div class=\"wpb_wrapper\">\n\t\t\t<div class=\"team-member\" data-style=\"bio_fullscreen_alt\"><div class=\"team-member-image\"><div class=\"team-member-image-inner\"><img loading=\"lazy\" decoding=\"async\" src=\"https:\/\/www.community.it\/wp-content\/uploads\/2025\/04\/Giovanna_Benvenuti.png\" width=\"500\" height=\"500\" alt=\"\" \/><\/div><\/div><div class=\"team-member-overlay\"><\/div>\n    <div class=\"team-meta\"><h5>Partner<\/h5><h3>Giovanna Benvenuti<\/h3><p><\/p><\/div>\n    <div class=\"nectar_team_bio_img\" data-img-src=\"https:\/\/www.community.it\/wp-content\/uploads\/2025\/04\/Giovanna_Benvenuti.png\"><\/div>\n    <div class=\"nectar_team_bio\"><p>In Community dal 2007, da 20 anni segue la comunicazione istituzionale per aziende ed enti pubblici in particolare nel settore della \u201cBlue Economy\u201d, dei trasporti, delle infrastrutture, dell&#8217;energia e del turismo. Si occupa anche di comunicazione corporate per aziende leader di mercato, sia a livello nazionale che territoriale. Negli anni ha sviluppato e gestito casi di issue and crisis management nonch\u00e9 corsi di formazione per manager e gruppi.<\/p>\n<p>Giovanna ha fatto parte dei\u00a0team\u00a0per la promozione di grandi eventi e ha maturato esperienze nella comunicazione politica e nella gestione dei rapporti con le istituzioni nazionali anche attraverso la creazione di progetti di stakeholder engagement.<\/p>\n<p>In precedenza ha collaborato con l\u2019ufficio stampa della Rappresentanza Italiana presso le Istituzioni Europee a Bruxelles.<\/p>\n<p>Giovanna ha conseguito la laurea magistrale in Relazioni Pubbliche d\u2019Impresa all\u2019Universit\u00e0 degli Studi di Udine, parla correntemente inglese\u00a0e\u00a0francese.<\/p>\n<div class=\"bottom_meta\"><a href=\"https:\/\/www.linkedin.com\/in\/giovannabenvenuti\/\" target=\"_blank\" rel=\"noopener\"><i class=\"icon-default-style fa fa-linkedin\"><\/i><\/a><\/div><\/div>\n    <\/div><div class=\"divider-wrap\" data-alignment=\"default\"><div style=\"height: 20px;\" class=\"divider\"><\/div><\/div>\n\t\t<\/div> \n\t<\/div>\n\t<\/div> \n<\/div><\/div><div id=\"fws_69f76695592bf\" data-midnight=\"\" data-column-margin=\"default\" class=\"wpb_row vc_row-fluid vc_row inner_row\"  style=\"\"><div class=\"row-bg-wrap\"> <div class=\"row-bg\" ><\/div> <\/div><div class=\"row_col_wrap_12_inner col span_12  left\">\n\t<div  class=\"vc_col-sm-4 wpb_column column_container vc_column_container col child_column no-extra-padding inherit_tablet inherit_phone\"   data-padding-pos=\"all\" data-has-bg-color=\"false\" data-bg-color=\"\" data-bg-opacity=\"1\" data-animation=\"\" data-delay=\"0\" >\n\t\t<div class=\"vc_column-inner\" >\n\t\t<div class=\"wpb_wrapper\">\n\t\t\t<div class=\"team-member\" data-style=\"bio_fullscreen_alt\"><div class=\"team-member-image\"><div class=\"team-member-image-inner\"><img loading=\"lazy\" decoding=\"async\" class=\"nectar-lazy\" src=\"data:image\/svg+xml;charset=utf-8,%3Csvg%20xmlns%3D'http%3A%2F%2Fwww.w3.org%2F2000%2Fsvg'%20viewBox%3D'0%200%202345%202560'%2F%3E\" data-nectar-img-src=\"https:\/\/www.community.it\/wp-content\/uploads\/2025\/10\/Daniele-Marini-scaled.jpg\" width=\"2345\" height=\"2560\" alt=\"\" \/><\/div><\/div><div class=\"team-member-overlay\"><\/div>\n    <div class=\"team-meta\"><h5>Direttore Scientifico Community Research &amp; Analysis<\/h5><h3>Daniele Marini<\/h3><p><\/p><\/div>\n    <div class=\"nectar_team_bio_img\" data-img-src=\"https:\/\/www.community.it\/wp-content\/uploads\/2025\/10\/Daniele-Marini-scaled.jpg\"><\/div>\n    <div class=\"nectar_team_bio\"><p>Daniele \u00e8 professore di Sociologia dei Processi Economici all\u2019Universit\u00e0 di Padova e crea la divisione di Research&amp;Analysis nel 2013 con l\u2019obiettivo di realizzare ricerche e studi di carattere socioeconomico anche a sostegno della comunicazione e creazione di reputazione delle imprese.<\/p>\n<p>Nel 2022 il Presidente della Repubblica Mattarella gli ha conferito l\u2019onorificenza di Commendatore dell\u2019Ordine \u201cAl Merito della Repubblica Italiana\u201d. Ha diretto la Fondazione Corazzin (1995-1999) e la Fondazione Nord Est (2000-2013). Editorialista de \u201cIl Sole 24 Ore\u201d e dei quotidiani del Gruppo NEM del Nordest, partecipa a diversi Comitati Scientifici ed \u00e8 autore di numerosi saggi e volumi.<\/p>\n<div class=\"bottom_meta\"><a href=\"https:\/\/www.linkedin.com\/in\/danielemarini\/\" target=\"_blank\" rel=\"noopener\"><i class=\"icon-default-style fa fa-linkedin\"><\/i><\/a><\/div><\/div>\n    <\/div><div class=\"divider-wrap\" data-alignment=\"default\"><div style=\"height: 20px;\" class=\"divider\"><\/div><\/div>\n\t\t<\/div> \n\t<\/div>\n\t<\/div> \n\n\t<div  class=\"vc_col-sm-4 wpb_column column_container vc_column_container col child_column no-extra-padding inherit_tablet inherit_phone\"   data-padding-pos=\"all\" data-has-bg-color=\"false\" data-bg-color=\"\" data-bg-opacity=\"1\" data-animation=\"\" data-delay=\"0\" >\n\t\t<div class=\"vc_column-inner\" >\n\t\t<div class=\"wpb_wrapper\">\n\t\t\t<div class=\"team-member\" data-style=\"bio_fullscreen_alt\"><div class=\"team-member-image\"><div class=\"team-member-image-inner\"><img loading=\"lazy\" decoding=\"async\" class=\"nectar-lazy\" src=\"data:image\/svg+xml;charset=utf-8,%3Csvg%20xmlns%3D'http%3A%2F%2Fwww.w3.org%2F2000%2Fsvg'%20viewBox%3D'0%200%202345%202560'%2F%3E\" data-nectar-img-src=\"https:\/\/www.community.it\/wp-content\/uploads\/2025\/10\/Giulia-Saccardo-scaled.jpg\" width=\"2345\" height=\"2560\" alt=\"\" \/><\/div><\/div><div class=\"team-member-overlay\"><\/div>\n    <div class=\"team-meta\"><h5>Hr, Training, CR&amp;A Senior Director<\/h5><h3>Giulia Saccardo<\/h3><p><\/p><\/div>\n    <div class=\"nectar_team_bio_img\" data-img-src=\"https:\/\/www.community.it\/wp-content\/uploads\/2025\/10\/Giulia-Saccardo-scaled.jpg\"><\/div>\n    <div class=\"nectar_team_bio\"><p>In Community dal 2004, Giulia si occupa di comunicazione corporate ed \u00e8 responsabile della divisione di Community Public Speaking Media Training (PSMT). Giulia collabora inoltre nella realizzazione dei progetti di Community Research &amp; Analysis e cura l\u2019attivit\u00e0 di media planning &amp; buy per la sede di Treviso.<\/p>\n<p>Esperta di\u00a0comunicazione corporate territoriale per aziende moda e retail, Giulia ha seguito le media relations istituzionali di realt\u00e0 governative, associative e di ricerca nordestine e ha contribuito all\u2019organizzazione di numerosi concorsi e premi. Per Community PSMT si occupa dell\u2019ideazione e della gestione di percorsi formativi in ambito marketing e business communication.<\/p>\n<p>Giulia \u00e8 laureata in Relazioni Pubbliche. Amante della semplicit\u00e0 delle cose, \u00e8 appassionata di moda, arte, design e della citt\u00e0 di Venezia, ma soprattutto dei suoi due figli.<\/p>\n<div class=\"bottom_meta\"><a href=\"https:\/\/www.linkedin.com\/in\/giulia-saccardo-4061a049\/\" target=\"_blank\" rel=\"noopener\"><i class=\"icon-default-style fa fa-linkedin\"><\/i><\/a><\/div><\/div>\n    <\/div><div class=\"divider-wrap\" data-alignment=\"default\"><div style=\"height: 20px;\" class=\"divider\"><\/div><\/div>\n\t\t<\/div> \n\t<\/div>\n\t<\/div> \n\n\t<div  class=\"vc_col-sm-4 wpb_column column_container vc_column_container col child_column no-extra-padding inherit_tablet inherit_phone\"   data-padding-pos=\"all\" data-has-bg-color=\"false\" data-bg-color=\"\" data-bg-opacity=\"1\" data-animation=\"\" data-delay=\"0\" >\n\t\t<div class=\"vc_column-inner\" >\n\t\t<div class=\"wpb_wrapper\">\n\t\t\t<div class=\"team-member\" data-style=\"bio_fullscreen_alt\"><div class=\"team-member-image\"><div class=\"team-member-image-inner\"><img loading=\"lazy\" decoding=\"async\" class=\"nectar-lazy\" src=\"data:image\/svg+xml;charset=utf-8,%3Csvg%20xmlns%3D'http%3A%2F%2Fwww.w3.org%2F2000%2Fsvg'%20viewBox%3D'0%200%202345%202560'%2F%3E\" data-nectar-img-src=\"https:\/\/www.community.it\/wp-content\/uploads\/2025\/10\/Silvia-Borsari-scaled.jpg\" width=\"2345\" height=\"2560\" alt=\"\" \/><\/div><\/div><div class=\"team-member-overlay\"><\/div>\n    <div class=\"team-meta\"><h5>Digital Senior Director<\/h5><h3>Silvia Borsari<\/h3><p><\/p><\/div>\n    <div class=\"nectar_team_bio_img\" data-img-src=\"https:\/\/www.community.it\/wp-content\/uploads\/2025\/10\/Silvia-Borsari-scaled.jpg\"><\/div>\n    <div class=\"nectar_team_bio\"><p>Attiva nel campo del digitale da oltre dieci anni, in Community dal 2013 con progetti e clienti come Carrefour, Adecco Group e Decathlon.<\/p>\n<p>Attualmente \u00e8 Docente presso la IULM con un corso ufficiale \u00abTv- Social Media e Web\u00bb che analizza e produce strategie multimediali web-oriented in linea con l\u2019attuale scenario web-media e di social media marketing.<\/p>\n<p>Laureata in Scienze delle Comunicazioni all\u2019Universit\u00e0 IULM di Milano, ha conseguito con Lode la Laurea Magistrale in Cinema Televisione e New Media.<\/p>\n<p>Silvia vanta molti anni di esperienza nel campo dell&#8217;audiovisivo e televisivo, in societ\u00e0 di comunicazione, Istituzioni e nell\u2019organizzazioni di mostre culturali presso la Triennale di Milano.<\/p>\n<div class=\"bottom_meta\"><a href=\"https:\/\/www.linkedin.com\/in\/silviaborsari\/\" target=\"_blank\" rel=\"noopener\"><i class=\"icon-default-style fa fa-linkedin\"><\/i><\/a><\/div><\/div>\n    <\/div><div class=\"divider-wrap\" data-alignment=\"default\"><div style=\"height: 20px;\" class=\"divider\"><\/div><\/div>\n\t\t<\/div> \n\t<\/div>\n\t<\/div> \n<\/div><\/div><div id=\"fws_69f7669559ca5\" data-midnight=\"\" data-column-margin=\"default\" class=\"wpb_row vc_row-fluid vc_row inner_row\"  style=\"\"><div class=\"row-bg-wrap\"> <div class=\"row-bg\" ><\/div> <\/div><div class=\"row_col_wrap_12_inner col span_12  left\">\n\t<div  class=\"vc_col-sm-4 wpb_column column_container vc_column_container col child_column no-extra-padding inherit_tablet inherit_phone\"   data-padding-pos=\"all\" data-has-bg-color=\"false\" data-bg-color=\"\" data-bg-opacity=\"1\" data-animation=\"\" data-delay=\"0\" >\n\t\t<div class=\"vc_column-inner\" >\n\t\t<div class=\"wpb_wrapper\">\n\t\t\t<div class=\"team-member\" data-style=\"bio_fullscreen_alt\"><div class=\"team-member-image\"><div class=\"team-member-image-inner\"><img loading=\"lazy\" decoding=\"async\" class=\"nectar-lazy\" src=\"data:image\/svg+xml;charset=utf-8,%3Csvg%20xmlns%3D'http%3A%2F%2Fwww.w3.org%2F2000%2Fsvg'%20viewBox%3D'0%200%202345%202560'%2F%3E\" data-nectar-img-src=\"https:\/\/www.community.it\/wp-content\/uploads\/2025\/10\/Giuliana-Pampani-scaled.jpg\" width=\"2345\" height=\"2560\" alt=\"\" \/><\/div><\/div><div class=\"team-member-overlay\"><\/div>\n    <div class=\"team-meta\"><h5>Senior Director<\/h5><h3>Giuliana Pampani<\/h3><p><\/p><\/div>\n    <div class=\"nectar_team_bio_img\" data-img-src=\"https:\/\/www.community.it\/wp-content\/uploads\/2025\/10\/Giuliana-Pampani-scaled.jpg\"><\/div>\n    <div class=\"nectar_team_bio\"><p>In Community dal 2012, Giuliana segue progetti corporate e finanziari per grandi gruppi internazionali, societ\u00e0 quotate italiane e non, e attivit\u00e0 di advisory al top management.<\/p>\n<p>Giuliana in precedenza ha lavorato come giornalista presso la Gazzetta dello Sport seguendo le principali manifestazioni sportive, tra cui l\u2019Olimpiade di Londra e l\u2019Europeo di Calcio 2012.<\/p>\n<p>Giuliana \u00e8 laureata in Lettere Contemporanee e Comunicazione. Le sue passioni sono lo sport, i viaggi e il mare.<\/p>\n<div class=\"bottom_meta\"><a href=\"https:\/\/www.linkedin.com\/in\/giuliana-pampani-973b3874\/\" target=\"_blank\" rel=\"noopener\"><i class=\"icon-default-style fa fa-linkedin\"><\/i><\/a><\/div><\/div>\n    <\/div><div class=\"divider-wrap\" data-alignment=\"default\"><div style=\"height: 20px;\" class=\"divider\"><\/div><\/div>\n\t\t<\/div> \n\t<\/div>\n\t<\/div> \n\n\t<div  class=\"vc_col-sm-4 wpb_column column_container vc_column_container col child_column no-extra-padding inherit_tablet inherit_phone\"   data-padding-pos=\"all\" data-has-bg-color=\"false\" data-bg-color=\"\" data-bg-opacity=\"1\" data-animation=\"\" data-delay=\"0\" >\n\t\t<div class=\"vc_column-inner\" >\n\t\t<div class=\"wpb_wrapper\">\n\t\t\t<div class=\"team-member\" data-style=\"bio_fullscreen_alt\"><div class=\"team-member-image\"><div class=\"team-member-image-inner\"><img loading=\"lazy\" decoding=\"async\" class=\"nectar-lazy\" src=\"data:image\/svg+xml;charset=utf-8,%3Csvg%20xmlns%3D'http%3A%2F%2Fwww.w3.org%2F2000%2Fsvg'%20viewBox%3D'0%200%201282%201400'%2F%3E\" data-nectar-img-src=\"https:\/\/www.community.it\/wp-content\/uploads\/2025\/10\/Silvia-Tavola.jpg\" width=\"1282\" height=\"1400\" alt=\"\" \/><\/div><\/div><div class=\"team-member-overlay\"><\/div>\n    <div class=\"team-meta\"><h5>Senior Director<\/h5><h3>Silvia Tavola<\/h3><p><\/p><\/div>\n    <div class=\"nectar_team_bio_img\" data-img-src=\"https:\/\/www.community.it\/wp-content\/uploads\/2025\/10\/Silvia-Tavola.jpg\"><\/div>\n    <div class=\"nectar_team_bio\"><p>In Community dal 2021, Silvia \u00e8 specializzata in comunicazione corporate e finanziaria. Nel corso degli anni ha seguito progetti integrati per imprese quotate, societ\u00e0 di consulenza, istituzioni, societ\u00e0 finanziarie italiane e internazionali (banche commerciali, investment banking, insurtech e asset manager), occupandosi anche di progetti di comunicazione di crisi.<\/p>\n<p>Inizia la carriera nel 2014 nel settore degli eventi, per poi specializzarsi in attivit\u00e0 di ufficio stampa e media relation a partire dal 2015.<\/p>\n<p>Ha completato il percorso di studi in Science della Comunicazione tra l\u2019Universit\u00e0 degli Studi di Milano (laurea triennale) e l\u2019Universit\u00e0 Cattolica del Sacro Cuore (laurea magistrale).<\/p>\n<div class=\"bottom_meta\"><a href=\"https:\/\/www.linkedin.com\/in\/silvia-tavola-60000881\/\" target=\"_blank\" rel=\"noopener\"><i class=\"icon-default-style fa fa-linkedin\"><\/i><\/a><\/div><\/div>\n    <\/div><div class=\"divider-wrap\" data-alignment=\"default\"><div style=\"height: 20px;\" class=\"divider\"><\/div><\/div>\n\t\t<\/div> \n\t<\/div>\n\t<\/div> \n\n\t<div  class=\"vc_col-sm-4 wpb_column column_container vc_column_container col child_column no-extra-padding inherit_tablet inherit_phone\"   data-padding-pos=\"all\" data-has-bg-color=\"false\" data-bg-color=\"\" data-bg-opacity=\"1\" data-animation=\"\" data-delay=\"0\" >\n\t\t<div class=\"vc_column-inner\" >\n\t\t<div class=\"wpb_wrapper\">\n\t\t\t<div class=\"team-member\" data-style=\"bio_fullscreen_alt\"><div class=\"team-member-image\"><div class=\"team-member-image-inner\"><img loading=\"lazy\" decoding=\"async\" class=\"nectar-lazy\" src=\"data:image\/svg+xml;charset=utf-8,%3Csvg%20xmlns%3D'http%3A%2F%2Fwww.w3.org%2F2000%2Fsvg'%20viewBox%3D'0%200%202345%202560'%2F%3E\" data-nectar-img-src=\"https:\/\/www.community.it\/wp-content\/uploads\/2025\/10\/Titti-Ioia-scaled.jpg\" width=\"2345\" height=\"2560\" alt=\"\" \/><\/div><\/div><div class=\"team-member-overlay\"><\/div>\n    <div class=\"team-meta\"><h5>Director, Media Planning &amp; Buying<\/h5><h3>Titti Ioia<\/h3><p><\/p><\/div>\n    <div class=\"nectar_team_bio_img\" data-img-src=\"https:\/\/www.community.it\/wp-content\/uploads\/2025\/10\/Titti-Ioia-scaled.jpg\"><\/div>\n    <div class=\"nectar_team_bio\"><p>In Community dal 2002, Titti \u00e8 specializzata in comunicazione corporate e di crisi ed \u00e8 responsabile delle attivit\u00e0 di Media Planning &amp; Buying.<\/p>\n<p>Ha maturato una significativa esperienza nella gestione delle attivit\u00e0 di ufficio stampa istituzionale e locale, seguendo clienti nazionali e internazionali nel settore lavoro, retail e industria. Si \u00e8 occupata anche della comunicazione di consorzi e associazioni confindustriali con particolare focus sulla comunicazione di crisi.<\/p>\n<p>Titti \u00e8 laureata in culture digitali e della comunicazione, ha un master in marketing e comunicazione aziendale, \u00e8 giornalista pubblicista dal 1998 e appassionata di flower design.<\/p>\n<div class=\"bottom_meta\"><a href=\"https:\/\/www.linkedin.com\/in\/titti-ioia-3969387\/\" target=\"_blank\" rel=\"noopener\"><i class=\"icon-default-style fa fa-linkedin\"><\/i><\/a><\/div><\/div>\n    <\/div><div class=\"divider-wrap\" data-alignment=\"default\"><div style=\"height: 20px;\" class=\"divider\"><\/div><\/div>\n\t\t<\/div> \n\t<\/div>\n\t<\/div> \n<\/div><\/div><div id=\"fws_69f766955a570\" data-midnight=\"\" data-column-margin=\"default\" class=\"wpb_row vc_row-fluid vc_row inner_row\"  style=\"\"><div class=\"row-bg-wrap\"> <div class=\"row-bg\" ><\/div> <\/div><div class=\"row_col_wrap_12_inner col span_12  left\">\n\t<div  class=\"vc_col-sm-4 wpb_column column_container vc_column_container col child_column no-extra-padding inherit_tablet inherit_phone\"   data-padding-pos=\"all\" data-has-bg-color=\"false\" data-bg-color=\"\" data-bg-opacity=\"1\" data-animation=\"\" data-delay=\"0\" >\n\t\t<div class=\"vc_column-inner\" >\n\t\t<div class=\"wpb_wrapper\">\n\t\t\t<div class=\"team-member\" data-style=\"bio_fullscreen_alt\"><div class=\"team-member-image\"><div class=\"team-member-image-inner\"><img loading=\"lazy\" decoding=\"async\" class=\"nectar-lazy\" src=\"data:image\/svg+xml;charset=utf-8,%3Csvg%20xmlns%3D'http%3A%2F%2Fwww.w3.org%2F2000%2Fsvg'%20viewBox%3D'0%200%202345%202560'%2F%3E\" data-nectar-img-src=\"https:\/\/www.community.it\/wp-content\/uploads\/2025\/10\/Ilaria-Bellandi-scaled.jpg\" width=\"2345\" height=\"2560\" alt=\"\" \/><\/div><\/div><div class=\"team-member-overlay\"><\/div>\n    <div class=\"team-meta\"><h5>Director<\/h5><h3>Ilaria Bellandi<\/h3><p><\/p><\/div>\n    <div class=\"nectar_team_bio_img\" data-img-src=\"https:\/\/www.community.it\/wp-content\/uploads\/2025\/10\/Ilaria-Bellandi-scaled.jpg\"><\/div>\n    <div class=\"nectar_team_bio\"><p>In Community dal 2010, Ilaria segue la comunicazione e l\u2019ufficio stampa di importanti clienti corporate e delle principali Associazioni confindustriali.<\/p>\n<p>Inizia la sua esperienza lavorativa all\u2019ufficio Immagine e Comunicazione di Enel, per poi entrare nello staff della comunicazione di Ance, l\u2019Associazione Nazionale Costruttori Edili.<\/p>\n<p>Nel 2003 \u2013 e per i successivi sette anni &#8211; fa parte della redazione del Giornale Radio Rai contribuendo all\u2019ideazione quotidiana della storica trasmissione \u201cRadio Anch\u2019io\u201d dedicata ai temi di attualit\u00e0 politica, economica e sociale.<\/p>\n<p>Ilaria \u00e8 laureata in Filosofia del Linguaggio.<\/p>\n<div class=\"bottom_meta\"><a href=\"https:\/\/www.linkedin.com\/in\/ilaria-bellandi-09307942\/\" target=\"_blank\" rel=\"noopener\"><i class=\"icon-default-style fa fa-linkedin\"><\/i><\/a><\/div><\/div>\n    <\/div><div class=\"divider-wrap\" data-alignment=\"default\"><div style=\"height: 20px;\" class=\"divider\"><\/div><\/div>\n\t\t<\/div> \n\t<\/div>\n\t<\/div> \n\n\t<div  class=\"vc_col-sm-4 wpb_column column_container vc_column_container col child_column no-extra-padding inherit_tablet inherit_phone\"   data-padding-pos=\"all\" data-has-bg-color=\"false\" data-bg-color=\"\" data-bg-opacity=\"1\" data-animation=\"\" data-delay=\"0\" >\n\t\t<div class=\"vc_column-inner\" >\n\t\t<div class=\"wpb_wrapper\">\n\t\t\t<div class=\"team-member\" data-style=\"bio_fullscreen_alt\"><div class=\"team-member-image\"><div class=\"team-member-image-inner\"><img loading=\"lazy\" decoding=\"async\" class=\"nectar-lazy\" src=\"data:image\/svg+xml;charset=utf-8,%3Csvg%20xmlns%3D'http%3A%2F%2Fwww.w3.org%2F2000%2Fsvg'%20viewBox%3D'0%200%201282%201400'%2F%3E\" data-nectar-img-src=\"https:\/\/www.community.it\/wp-content\/uploads\/2025\/10\/Federico-Nascimben.jpg\" width=\"1282\" height=\"1400\" alt=\"\" \/><\/div><\/div><div class=\"team-member-overlay\"><\/div>\n    <div class=\"team-meta\"><h5>Director<\/h5><h3>Federico Nascimben<\/h3><p><\/p><\/div>\n    <div class=\"nectar_team_bio_img\" data-img-src=\"https:\/\/www.community.it\/wp-content\/uploads\/2025\/10\/Federico-Nascimben.jpg\"><\/div>\n    <div class=\"nectar_team_bio\"><p>In Community dal 2021, Federico \u00e8 specializzato in comunicazione corporate e finanziaria. Negli anni ha seguito progetti integrati per imprese quotate, associazioni di categoria, societ\u00e0 finanziarie italiane e internazionali (banche commerciali e d\u2019investimento, private equity, assicurazioni, insurtech e asset manager).<\/p>\n<p>Inizia la carriera nel 2014 come cronista nella redazione romana di MF &#8211; Dow Jones.<\/p>\n<p>Federico ha completato il percorso di studi tra l\u2019Universit\u00e0 di Trieste (Scienze Politiche), la LUISS &#8220;Guido Carli&#8221; (Scienze di Governo e della Comunicazione Pubblica) e il MIP &#8211; Politecnico di Milano (PMI Academy &#8211; Corso di Management).<\/p>\n<div class=\"bottom_meta\"><a href=\"https:\/\/www.linkedin.com\/in\/fedenasci\/\" target=\"_blank\" rel=\"noopener\"><i class=\"icon-default-style fa fa-linkedin\"><\/i><\/a><\/div><\/div>\n    <\/div><div class=\"divider-wrap\" data-alignment=\"default\"><div style=\"height: 20px;\" class=\"divider\"><\/div><\/div>\n\t\t<\/div> \n\t<\/div>\n\t<\/div> \n\n\t<div  class=\"vc_col-sm-4 wpb_column column_container vc_column_container col child_column no-extra-padding inherit_tablet inherit_phone\"   data-padding-pos=\"all\" data-has-bg-color=\"false\" data-bg-color=\"\" data-bg-opacity=\"1\" data-animation=\"\" data-delay=\"0\" >\n\t\t<div class=\"vc_column-inner\" >\n\t\t<div class=\"wpb_wrapper\">\n\t\t\t<div class=\"team-member\" data-style=\"bio_fullscreen_alt\"><div class=\"team-member-image\"><div class=\"team-member-image-inner\"><img loading=\"lazy\" decoding=\"async\" class=\"nectar-lazy\" src=\"data:image\/svg+xml;charset=utf-8,%3Csvg%20xmlns%3D'http%3A%2F%2Fwww.w3.org%2F2000%2Fsvg'%20viewBox%3D'0%200%201282%201400'%2F%3E\" data-nectar-img-src=\"https:\/\/www.community.it\/wp-content\/uploads\/2025\/10\/Serena-Tiseo.jpg\" width=\"1282\" height=\"1400\" alt=\"\" \/><\/div><\/div><div class=\"team-member-overlay\"><\/div>\n    <div class=\"team-meta\"><h5>Director<\/h5><h3>Serena Tiseo<\/h3><p><\/p><\/div>\n    <div class=\"nectar_team_bio_img\" data-img-src=\"https:\/\/www.community.it\/wp-content\/uploads\/2025\/10\/Serena-Tiseo.jpg\"><\/div>\n    <div class=\"nectar_team_bio\"><p>In Community dal 2023, Serena \u00e8 attiva nel campo della comunicazione corporate e finanziaria per societ\u00e0 italiane e clienti internazionali. Supporta realt\u00e0 attive principalmente nei settori banking e asset management, tech, legal e del lusso.<\/p>\n<p>Nel corso degli anni ha maturato esperienze presso realt\u00e0 internazionali e coordinato clienti attivi nei settori food&amp;beverage, tech e largo consumo. In pi\u00f9 di dieci anni di attivit\u00e0, Serena si \u00e8 specializzata in corporate communication e crisis management. Si \u00e8 occupata, inoltre, di organizzazione di eventi e di gestione di new business.<\/p>\n<p>Laureata in Scienze Politiche e Relazioni Internazionali, ha conseguito un master in Comunicazione, Public Affairs e Relazioni Internazionali presso la 24ORE Business\u00a0School.<\/p>\n<div class=\"bottom_meta\"><a href=\"https:\/\/www.linkedin.com\/in\/serena-tiseo-75582a99\/\" target=\"_blank\" rel=\"noopener\"><i class=\"icon-default-style fa fa-linkedin\"><\/i><\/a><\/div><\/div>\n    <\/div><div class=\"divider-wrap\" data-alignment=\"default\"><div style=\"height: 20px;\" class=\"divider\"><\/div><\/div>\n\t\t<\/div> \n\t<\/div>\n\t<\/div> \n<\/div><\/div><div id=\"fws_69f766955b01c\" data-midnight=\"\" data-column-margin=\"default\" class=\"wpb_row vc_row-fluid vc_row inner_row\"  style=\"\"><div class=\"row-bg-wrap\"> <div class=\"row-bg\" ><\/div> <\/div><div class=\"row_col_wrap_12_inner col span_12  left\">\n\t<div  class=\"vc_col-sm-4 wpb_column column_container vc_column_container col child_column no-extra-padding inherit_tablet inherit_phone\"   data-padding-pos=\"all\" data-has-bg-color=\"false\" data-bg-color=\"\" data-bg-opacity=\"1\" data-animation=\"\" data-delay=\"0\" >\n\t\t<div class=\"vc_column-inner\" >\n\t\t<div class=\"wpb_wrapper\">\n\t\t\t<div class=\"team-member\" data-style=\"bio_fullscreen_alt\"><div class=\"team-member-image\"><div class=\"team-member-image-inner\"><img loading=\"lazy\" decoding=\"async\" class=\"nectar-lazy\" src=\"data:image\/svg+xml;charset=utf-8,%3Csvg%20xmlns%3D'http%3A%2F%2Fwww.w3.org%2F2000%2Fsvg'%20viewBox%3D'0%200%201282%201400'%2F%3E\" data-nectar-img-src=\"https:\/\/www.community.it\/wp-content\/uploads\/2025\/10\/Tommaso-Pesa.jpg\" width=\"1282\" height=\"1400\" alt=\"\" \/><\/div><\/div><div class=\"team-member-overlay\"><\/div>\n    <div class=\"team-meta\"><h5>Senior Adviser<\/h5><h3>Tommaso Pesa<\/h3><p><\/p><\/div>\n    <div class=\"nectar_team_bio_img\" data-img-src=\"https:\/\/www.community.it\/wp-content\/uploads\/2025\/10\/Tommaso-Pesa.jpg\"><\/div>\n    <div class=\"nectar_team_bio\"><p class=\"x_MsoNormal\"><span data-olk-copy-source=\"MessageBody\">Entrato in Community nel 2023 come Advisor, Tommaso si occupa di progetti complessi nei settori welfare, infrastrutture e aerospazio. Ha maturato una solida esperienza in ambito corporate ed economico-finanziario, affiancando banche, societ\u00e0 quotate e fintech in operazioni straordinarie e percorsi di crescita. <\/span><\/p>\n<p class=\"x_MsoNormal\"><span data-olk-copy-source=\"MessageBody\">Ha collaborato con aziende tech, curandone la comunicazione in occasione di round di finanziamento e lanci di prodotto, oltre che con associazioni di categoria e istituzioni su iniziative di rilievo nazionale. Integra visione strategica e competenze trasversali, dal ghostwriting per executive alla gestione di progetti\u00a0multimediali.<\/span><\/p>\n<div class=\"bottom_meta\"><a href=\"https:\/\/www.linkedin.com\/in\/tommaso-pesa-4b985483\/\" target=\"_blank\" rel=\"noopener\"><i class=\"icon-default-style fa fa-linkedin\"><\/i><\/a><\/div><\/div>\n    <\/div><div class=\"divider-wrap\" data-alignment=\"default\"><div style=\"height: 20px;\" class=\"divider\"><\/div><\/div>\n\t\t<\/div> \n\t<\/div>\n\t<\/div> \n\n\t<div  class=\"vc_col-sm-4 wpb_column column_container vc_column_container col child_column no-extra-padding inherit_tablet inherit_phone\"   data-padding-pos=\"all\" data-has-bg-color=\"false\" data-bg-color=\"\" data-bg-opacity=\"1\" data-animation=\"\" data-delay=\"0\" >\n\t\t<div class=\"vc_column-inner\" >\n\t\t<div class=\"wpb_wrapper\">\n\t\t\t<div class=\"team-member\" data-style=\"bio_fullscreen_alt\"><div class=\"team-member-image\"><div class=\"team-member-image-inner\"><img loading=\"lazy\" decoding=\"async\" class=\"nectar-lazy\" src=\"data:image\/svg+xml;charset=utf-8,%3Csvg%20xmlns%3D'http%3A%2F%2Fwww.w3.org%2F2000%2Fsvg'%20viewBox%3D'0%200%202345%202560'%2F%3E\" data-nectar-img-src=\"https:\/\/www.community.it\/wp-content\/uploads\/2025\/10\/Paolo-Zeni-scaled.jpg\" width=\"2345\" height=\"2560\" alt=\"\" \/><\/div><\/div><div class=\"team-member-overlay\"><\/div>\n    <div class=\"team-meta\"><h5>Senior Adviser<\/h5><h3>Paolo Zeni<\/h3><p><\/p><\/div>\n    <div class=\"nectar_team_bio_img\" data-img-src=\"https:\/\/www.community.it\/wp-content\/uploads\/2025\/10\/Paolo-Zeni-scaled.jpg\"><\/div>\n    <div class=\"nectar_team_bio\"><p class=\"x_MsoNormal\"><span data-olk-copy-source=\"MessageBody\">Paolo collabora con Community dal 2011, occupandosi della comunicazione di progetti complessi con una particolare specializzazione in ambito Legal, Food e Infrastrutture. Esperto di comunicazione di crisi in particolare nel settore delle litigation PR e situazioni aziendali complesse.<\/span><\/p>\n<p class=\"x_MsoNormal\">Paolo in passato ha seguito l\u2019ufficio stampa e le media relation di diverse associazioni di categoria, anche nazionali e di societ\u00e0 partecipate pubbliche nel Nord Est. Ha curato le relazioni esterne di enti pubblici territoriali e l\u2019organizzazione di campagne elettorali, regionali ed europee per candidati di diversa estrazione e schieramento.<\/p>\n<p class=\"x_MsoNormal\">Paolo ha una formazione umanistica ed \u00e8 coach sportivo\u00a0giovanile.<\/p>\n<div class=\"bottom_meta\"><a href=\"#\" target=\"_blank\"><i class=\"icon-default-style fa fa-linkedin\"><\/i><\/a><\/div><\/div>\n    <\/div><div class=\"divider-wrap\" data-alignment=\"default\"><div style=\"height: 20px;\" class=\"divider\"><\/div><\/div>\n\t\t<\/div> \n\t<\/div>\n\t<\/div> \n\n\t<div  class=\"vc_col-sm-4 wpb_column column_container vc_column_container col child_column no-extra-padding inherit_tablet inherit_phone\"   data-padding-pos=\"all\" data-has-bg-color=\"false\" data-bg-color=\"\" data-bg-opacity=\"1\" data-animation=\"\" data-delay=\"0\" >\n\t\t<div class=\"vc_column-inner\" >\n\t\t<div class=\"wpb_wrapper\">\n\t\t\t<div class=\"team-member\" data-style=\"bio_fullscreen_alt\"><div class=\"team-member-image\"><div class=\"team-member-image-inner\"><img loading=\"lazy\" decoding=\"async\" class=\"nectar-lazy\" src=\"data:image\/svg+xml;charset=utf-8,%3Csvg%20xmlns%3D'http%3A%2F%2Fwww.w3.org%2F2000%2Fsvg'%20viewBox%3D'0%200%201282%201400'%2F%3E\" data-nectar-img-src=\"https:\/\/www.community.it\/wp-content\/uploads\/2025\/10\/Erika-Albani.jpg\" width=\"1282\" height=\"1400\" alt=\"\" \/><\/div><\/div><div class=\"team-member-overlay\"><\/div>\n    <div class=\"team-meta\"><h5>Digital Senior Consultant<\/h5><h3>Erika Albani<\/h3><p><\/p><\/div>\n    <div class=\"nectar_team_bio_img\" data-img-src=\"https:\/\/www.community.it\/wp-content\/uploads\/2025\/10\/Erika-Albani.jpg\"><\/div>\n    <div class=\"nectar_team_bio\"><p>Laureata in editoria, culture della comunicazione e della moda presso l\u2019Universit\u00e0 Statale di Milano.<\/p>\n<p>Appassionata di grafica e web, ha maturato un&#8217;esperienza professionale nel campo della comunicazione, gestendo social network e siti web in una piccola realt\u00e0 milanese.<\/p>\n<p>Erika entra in Community a giugno 2020, si occupa di comunicazione e di ideare e dare vita a progetti digitali che spaziano dalle Digital PR alla creazione e produzione di contenuti per il web, fino alla gestione delle crisi online.<\/p>\n<div class=\"bottom_meta\"><a href=\"https:\/\/www.linkedin.com\/in\/erika-albani-418b6540\/\" target=\"_blank\" rel=\"noopener\"><i class=\"icon-default-style fa fa-linkedin\"><\/i><\/a><\/div><\/div>\n    <\/div><div class=\"divider-wrap\" data-alignment=\"default\"><div style=\"height: 20px;\" class=\"divider\"><\/div><\/div>\n\t\t<\/div> \n\t<\/div>\n\t<\/div> \n<\/div><\/div><div id=\"fws_69f766955ba6b\" data-midnight=\"\" data-column-margin=\"default\" class=\"wpb_row vc_row-fluid vc_row inner_row\"  style=\"\"><div class=\"row-bg-wrap\"> <div class=\"row-bg\" ><\/div> <\/div><div class=\"row_col_wrap_12_inner col span_12  left\">\n\t<div  class=\"vc_col-sm-4 wpb_column column_container vc_column_container col child_column no-extra-padding inherit_tablet inherit_phone\"   data-padding-pos=\"all\" data-has-bg-color=\"false\" data-bg-color=\"\" data-bg-opacity=\"1\" data-animation=\"\" data-delay=\"0\" >\n\t\t<div class=\"vc_column-inner\" >\n\t\t<div class=\"wpb_wrapper\">\n\t\t\t<div class=\"team-member\" data-style=\"bio_fullscreen_alt\"><div class=\"team-member-image\"><div class=\"team-member-image-inner\"><img loading=\"lazy\" decoding=\"async\" class=\"nectar-lazy\" src=\"data:image\/svg+xml;charset=utf-8,%3Csvg%20xmlns%3D'http%3A%2F%2Fwww.w3.org%2F2000%2Fsvg'%20viewBox%3D'0%200%201282%201400'%2F%3E\" data-nectar-img-src=\"https:\/\/www.community.it\/wp-content\/uploads\/2025\/10\/Emma-Anselmi.jpg\" width=\"1282\" height=\"1400\" alt=\"\" \/><\/div><\/div><div class=\"team-member-overlay\"><\/div>\n    <div class=\"team-meta\"><h5>Digital Consultant<\/h5><h3>Emma Anselmi<\/h3><p><\/p><\/div>\n    <div class=\"nectar_team_bio_img\" data-img-src=\"https:\/\/www.community.it\/wp-content\/uploads\/2025\/10\/Emma-Anselmi.jpg\"><\/div>\n    <div class=\"nectar_team_bio\"><p>Emma entra in Community nel 2021, contribuendo allo sviluppo di progetti digitali e di comunicazione integrata in vari settori, tra cui tech, industrial, retail, beauty e legal.<\/p>\n<p>Dopo una prima esperienza in Media Relations, si specializza in Digital Communication, Social Media Management, Influencer Marketing ed Event Management.<\/p>\n<p>\u00c8 laureata in International Relations and Global Affairs presso l\u2019Univerist\u00e0 Cattolica del Sacro Cuore e ha conseguito due Master in Luxury &amp; Fashion Management e in Digital Marketing &amp; Social Media.<\/p>\n<div class=\"bottom_meta\"><a href=\"https:\/\/www.linkedin.com\/in\/emmaanselmi\/\" target=\"_blank\" rel=\"noopener\"><i class=\"icon-default-style fa fa-linkedin\"><\/i><\/a><\/div><\/div>\n    <\/div><div class=\"divider-wrap\" data-alignment=\"default\"><div style=\"height: 20px;\" class=\"divider\"><\/div><\/div>\n\t\t<\/div> \n\t<\/div>\n\t<\/div> \n\n\t<div  class=\"vc_col-sm-4 wpb_column column_container vc_column_container col child_column no-extra-padding inherit_tablet inherit_phone\"   data-padding-pos=\"all\" data-has-bg-color=\"false\" data-bg-color=\"\" data-bg-opacity=\"1\" data-animation=\"\" data-delay=\"0\" >\n\t\t<div class=\"vc_column-inner\" >\n\t\t<div class=\"wpb_wrapper\">\n\t\t\t<div class=\"team-member\" data-style=\"bio_fullscreen_alt\"><div class=\"team-member-image\"><div class=\"team-member-image-inner\"><img loading=\"lazy\" decoding=\"async\" class=\"nectar-lazy\" src=\"data:image\/svg+xml;charset=utf-8,%3Csvg%20xmlns%3D'http%3A%2F%2Fwww.w3.org%2F2000%2Fsvg'%20viewBox%3D'0%200%201282%201400'%2F%3E\" data-nectar-img-src=\"https:\/\/www.community.it\/wp-content\/uploads\/2025\/10\/Edoardo-Anselmi.jpg\" width=\"1282\" height=\"1400\" alt=\"\" \/><\/div><\/div><div class=\"team-member-overlay\"><\/div>\n    <div class=\"team-meta\"><h5>Junior Consultant<\/h5><h3>Edoardo Anselmi<\/h3><p><\/p><\/div>\n    <div class=\"nectar_team_bio_img\" data-img-src=\"https:\/\/www.community.it\/wp-content\/uploads\/2025\/10\/Edoardo-Anselmi.jpg\"><\/div>\n    <div class=\"nectar_team_bio\"><p>In Community dal 2025, Edoardo si occupa di media relations con un focus sulla comunicazione corporate, seguendo clienti per il settore retail, fashion e legal.<\/p>\n<p>Inizia la sua carriera nel settore degli eventi, per poi specializzarsi nell\u2019ambito delle media relations. Nel 2024 matura un anno di esperienza nel dipartimento di comunicazione di AC Milan, dove si occupa di comunicazione corporate e reputation management.<\/p>\n<p>Edoardo ha conseguito la laurea triennale in Scienze per la Comunicazione presso l\u2019Universit\u00e0 degli Studi di Milano, concludendo gli studi con un Master in Media Relation e Comunicazione d\u2019Impresa all\u2019Universit\u00e0 Cattolica del Sacro Cuore di Milano.<\/p>\n<div class=\"bottom_meta\"><a href=\"https:\/\/www.linkedin.com\/in\/edoardo-anselmi-948081273\/\" target=\"_blank\" rel=\"noopener\"><i class=\"icon-default-style fa fa-linkedin\"><\/i><\/a><\/div><\/div>\n    <\/div><div class=\"divider-wrap\" data-alignment=\"default\"><div style=\"height: 20px;\" class=\"divider\"><\/div><\/div>\n\t\t<\/div> \n\t<\/div>\n\t<\/div> \n\n\t<div  class=\"vc_col-sm-4 wpb_column column_container vc_column_container col child_column no-extra-padding inherit_tablet inherit_phone\"   data-padding-pos=\"all\" data-has-bg-color=\"false\" data-bg-color=\"\" data-bg-opacity=\"1\" data-animation=\"\" data-delay=\"0\" >\n\t\t<div class=\"vc_column-inner\" >\n\t\t<div class=\"wpb_wrapper\">\n\t\t\t<div class=\"team-member\" data-style=\"bio_fullscreen_alt\"><div class=\"team-member-image\"><div class=\"team-member-image-inner\"><img loading=\"lazy\" decoding=\"async\" class=\"nectar-lazy\" src=\"data:image\/svg+xml;charset=utf-8,%3Csvg%20xmlns%3D'http%3A%2F%2Fwww.w3.org%2F2000%2Fsvg'%20viewBox%3D'0%200%201282%201400'%2F%3E\" data-nectar-img-src=\"https:\/\/www.community.it\/wp-content\/uploads\/2025\/10\/Francesco-Astolfi.jpg\" width=\"1282\" height=\"1400\" alt=\"\" \/><\/div><\/div><div class=\"team-member-overlay\"><\/div>\n    <div class=\"team-meta\"><h5>Senior Consultant<\/h5><h3>Francesco Astolfi<\/h3><p><\/p><\/div>\n    <div class=\"nectar_team_bio_img\" data-img-src=\"https:\/\/www.community.it\/wp-content\/uploads\/2025\/10\/Francesco-Astolfi.jpg\"><\/div>\n    <div class=\"nectar_team_bio\"><p>In Community dal 2021, Francesco si occupa di comunicazione corporate con particolare focus su energia, economia circolare, edilizia e costruzioni.<\/p>\n<p>Precedentemente, ha sviluppato competenze nella consulenza strategica per rilevanti societ\u00e0 del settore energetico attive nel Nordest, occupandosi anche di relazioni istituzionali, territoriali, prevenzione e gestione di crisi.<\/p>\n<p>Laureato in Lingue straniere all\u2019Universit\u00e0 di Padova, ha inoltre conseguito un Master di II livello in Management dei beni e delle attivit\u00e0 culturali promosso da ESCP Europe Paris e Universit\u00e0 Ca\u2019 Foscari Venezia, con una tesi sulle strategie CSR nel settore oil&amp;gas.<\/p>\n<div class=\"bottom_meta\"><a href=\"https:\/\/www.linkedin.com\/in\/francesco-astolfi-7a5b5986\/\" target=\"_blank\" rel=\"noopener\"><i class=\"icon-default-style fa fa-linkedin\"><\/i><\/a><\/div><\/div>\n    <\/div><div class=\"divider-wrap\" data-alignment=\"default\"><div style=\"height: 20px;\" class=\"divider\"><\/div><\/div>\n\t\t<\/div> \n\t<\/div>\n\t<\/div> \n<\/div><\/div><div id=\"fws_69f766955c36e\" data-midnight=\"\" data-column-margin=\"default\" class=\"wpb_row vc_row-fluid vc_row inner_row\"  style=\"\"><div class=\"row-bg-wrap\"> <div class=\"row-bg\" ><\/div> <\/div><div class=\"row_col_wrap_12_inner col span_12  left\">\n\t<div  class=\"vc_col-sm-4 wpb_column column_container vc_column_container col child_column no-extra-padding inherit_tablet inherit_phone\"   data-padding-pos=\"all\" data-has-bg-color=\"false\" data-bg-color=\"\" data-bg-opacity=\"1\" data-animation=\"\" data-delay=\"0\" >\n\t\t<div class=\"vc_column-inner\" >\n\t\t<div class=\"wpb_wrapper\">\n\t\t\t<div class=\"team-member\" data-style=\"bio_fullscreen_alt\"><div class=\"team-member-image\"><div class=\"team-member-image-inner\"><img loading=\"lazy\" decoding=\"async\" class=\"nectar-lazy\" src=\"data:image\/svg+xml;charset=utf-8,%3Csvg%20xmlns%3D'http%3A%2F%2Fwww.w3.org%2F2000%2Fsvg'%20viewBox%3D'0%200%201277%201400'%2F%3E\" data-nectar-img-src=\"https:\/\/www.community.it\/wp-content\/uploads\/2025\/10\/Francesca_Maria_Aucello_.jpg\" width=\"1277\" height=\"1400\" alt=\"\" \/><\/div><\/div><div class=\"team-member-overlay\"><\/div>\n    <div class=\"team-meta\"><h5>Consultant<\/h5><h3>Francesca Aucello<\/h3><p><\/p><\/div>\n    <div class=\"nectar_team_bio_img\" data-img-src=\"https:\/\/www.community.it\/wp-content\/uploads\/2025\/10\/Francesca_Maria_Aucello_.jpg\"><\/div>\n    <div class=\"nectar_team_bio\"><p style=\"text-align: left;\"><span data-olk-copy-source=\"MessageBody\">In Community dal 2022, Francesca si occupa di comunicazione corporate, consumer e di crisi per realt\u00e0 nazionali e internazionali nei settori food, travel, retail e legal. <\/span><\/p>\n<p style=\"text-align: left;\"><span data-olk-copy-source=\"MessageBody\">In passato, ha maturato esperienza nel dipartimento di brand management di una nota multinazionale, occupandosi di campagne di marketing multicanale e acquisendo competenze di SEO copywriting. <\/span><\/p>\n<p style=\"text-align: left;\"><span data-olk-copy-source=\"MessageBody\">Dopo la laurea in Scienze per la Comunicazione, Francesca si \u00e8 specializzata in Comunicazione per l\u2019impresa, i media e le organizzazioni complesse presso l\u2019Universit\u00e0 Cattolica del Sacro Cuore di Milano.<\/span><\/p>\n<div class=\"bottom_meta\"><a href=\"https:\/\/www.linkedin.com\/in\/francescamaria-aucello\/\" target=\"_blank\" rel=\"noopener\"><i class=\"icon-default-style fa fa-linkedin\"><\/i><\/a><\/div><\/div>\n    <\/div><div class=\"divider-wrap\" data-alignment=\"default\"><div style=\"height: 20px;\" class=\"divider\"><\/div><\/div>\n\t\t<\/div> \n\t<\/div>\n\t<\/div> \n\n\t<div  class=\"vc_col-sm-4 wpb_column column_container vc_column_container col child_column no-extra-padding inherit_tablet inherit_phone\"   data-padding-pos=\"all\" data-has-bg-color=\"false\" data-bg-color=\"\" data-bg-opacity=\"1\" data-animation=\"\" data-delay=\"0\" >\n\t\t<div class=\"vc_column-inner\" >\n\t\t<div class=\"wpb_wrapper\">\n\t\t\t<div class=\"team-member\" data-style=\"bio_fullscreen_alt\"><div class=\"team-member-image\"><div class=\"team-member-image-inner\"><img loading=\"lazy\" decoding=\"async\" class=\"nectar-lazy\" src=\"data:image\/svg+xml;charset=utf-8,%3Csvg%20xmlns%3D'http%3A%2F%2Fwww.w3.org%2F2000%2Fsvg'%20viewBox%3D'0%200%201282%201400'%2F%3E\" data-nectar-img-src=\"https:\/\/www.community.it\/wp-content\/uploads\/2025\/10\/Erica-Belluzzi.jpg\" width=\"1282\" height=\"1400\" alt=\"\" \/><\/div><\/div><div class=\"team-member-overlay\"><\/div>\n    <div class=\"team-meta\"><h5>Consultant<\/h5><h3>Erica Belluzzi<\/h3><p><\/p><\/div>\n    <div class=\"nectar_team_bio_img\" data-img-src=\"https:\/\/www.community.it\/wp-content\/uploads\/2025\/10\/Erica-Belluzzi.jpg\"><\/div>\n    <div class=\"nectar_team_bio\"><p>Erica entra in Community nel settembre 2025 come Consultant, occupandosi di progetti di comunicazione corporate, finanziaria e di posizionamento istituzionale per clienti attivi nei settori real estate, asset e wealth management, finanza e legal.<\/p>\n<p>Ha maturato un\u2019esperienza pluriennale in societ\u00e0 di consulenza in comunicazione e in realt\u00e0 del settore immobiliare, seguendo attivit\u00e0 di media relations, crisis management e marketing strategico.<\/p>\n<p>\u00c8 giornalista e laureata in Filosofia, con una smodata passione per la letteratura e per l\u2019informazione. Parla inglese e cinese (livello HSK3). Vive a Milano, ha una figlia, un cane e un gatto.<\/p>\n<div class=\"bottom_meta\"><a href=\"https:\/\/www.linkedin.com\/in\/erica-belluzzi\/\" target=\"_blank\" rel=\"noopener\"><i class=\"icon-default-style fa fa-linkedin\"><\/i><\/a><\/div><\/div>\n    <\/div><div class=\"divider-wrap\" data-alignment=\"default\"><div style=\"height: 20px;\" class=\"divider\"><\/div><\/div>\n\t\t<\/div> \n\t<\/div>\n\t<\/div> \n\n\t<div  class=\"vc_col-sm-4 wpb_column column_container vc_column_container col child_column no-extra-padding inherit_tablet inherit_phone\"   data-padding-pos=\"all\" data-has-bg-color=\"false\" data-bg-color=\"\" data-bg-opacity=\"1\" data-animation=\"\" data-delay=\"0\" >\n\t\t<div class=\"vc_column-inner\" >\n\t\t<div class=\"wpb_wrapper\">\n\t\t\t<div class=\"team-member\" data-style=\"bio_fullscreen_alt\"><div class=\"team-member-image\"><div class=\"team-member-image-inner\"><img loading=\"lazy\" decoding=\"async\" class=\"nectar-lazy\" src=\"data:image\/svg+xml;charset=utf-8,%3Csvg%20xmlns%3D'http%3A%2F%2Fwww.w3.org%2F2000%2Fsvg'%20viewBox%3D'0%200%201282%201400'%2F%3E\" data-nectar-img-src=\"https:\/\/www.community.it\/wp-content\/uploads\/2025\/10\/Sofia-Biancorosso.jpg\" width=\"1282\" height=\"1400\" alt=\"\" \/><\/div><\/div><div class=\"team-member-overlay\"><\/div>\n    <div class=\"team-meta\"><h5>Junior Consultant<\/h5><h3>Sofia Biancorosso<\/h3><p><\/p><\/div>\n    <div class=\"nectar_team_bio_img\" data-img-src=\"https:\/\/www.community.it\/wp-content\/uploads\/2025\/10\/Sofia-Biancorosso.jpg\"><\/div>\n    <div class=\"nectar_team_bio\"><p>Sofia entra in Community nel 2023, occupandosi di media relations e comunicazione corporate e finanziaria, contribuendo a rafforzare la visibilit\u00e0 dei brand nei settori tecnologia, fashion e finanza.<\/p>\n<p>Prima del suo ingresso in Community ha seguito progetti di comunicazione curando media relations, influencer marketing e organizzazione di eventi per realt\u00e0 italiane e internazionali.<\/p>\n<p>Laureata in Comunicazione Innovazione e Multimedialit\u00e0, ha approfondito gli studi in Comunicazione Digitale e ha completato un semestre alla San Francisco State\u00a0University.<\/p>\n<div class=\"bottom_meta\"><a href=\"https:\/\/www.linkedin.com\/in\/sofia-biancorosso-396438230\/\" target=\"_blank\" rel=\"noopener\"><i class=\"icon-default-style fa fa-linkedin\"><\/i><\/a><\/div><\/div>\n    <\/div><div class=\"divider-wrap\" data-alignment=\"default\"><div style=\"height: 20px;\" class=\"divider\"><\/div><\/div>\n\t\t<\/div> \n\t<\/div>\n\t<\/div> \n<\/div><\/div><div id=\"fws_69f766955cd03\" data-midnight=\"\" data-column-margin=\"default\" class=\"wpb_row vc_row-fluid vc_row inner_row\"  style=\"\"><div class=\"row-bg-wrap\"> <div class=\"row-bg\" ><\/div> <\/div><div class=\"row_col_wrap_12_inner col span_12  left\">\n\t<div  class=\"vc_col-sm-4 wpb_column column_container vc_column_container col child_column no-extra-padding inherit_tablet inherit_phone\"   data-padding-pos=\"all\" data-has-bg-color=\"false\" data-bg-color=\"\" data-bg-opacity=\"1\" data-animation=\"\" data-delay=\"0\" >\n\t\t<div class=\"vc_column-inner\" >\n\t\t<div class=\"wpb_wrapper\">\n\t\t\t<div class=\"team-member\" data-style=\"bio_fullscreen_alt\"><div class=\"team-member-image\"><div class=\"team-member-image-inner\"><img loading=\"lazy\" decoding=\"async\" class=\"nectar-lazy\" src=\"data:image\/svg+xml;charset=utf-8,%3Csvg%20xmlns%3D'http%3A%2F%2Fwww.w3.org%2F2000%2Fsvg'%20viewBox%3D'0%200%201282%201400'%2F%3E\" data-nectar-img-src=\"https:\/\/www.community.it\/wp-content\/uploads\/2025\/10\/Stefania-Bonetti.jpg\" width=\"1282\" height=\"1400\" alt=\"\" \/><\/div><\/div><div class=\"team-member-overlay\"><\/div>\n    <div class=\"team-meta\"><h5>Junior Consultant<\/h5><h3>Stefania Bonetti<\/h3><p><\/p><\/div>\n    <div class=\"nectar_team_bio_img\" data-img-src=\"https:\/\/www.community.it\/wp-content\/uploads\/2025\/10\/Stefania-Bonetti.jpg\"><\/div>\n    <div class=\"nectar_team_bio\"><p>In Community dal 2024, Stefania si occupa di media relations e comunicazione corporate e finanziaria per societ\u00e0 italiane e internazionali.<\/p>\n<p>Arriva in Community dopo due anni di esperienza in MyPR, dove seguiva la comunicazione per clienti corporate, legal e lifestyle.<\/p>\n<p>Stefania inizia il suo percorso nel 2020 dopo la laurea in Relazioni Pubbliche e Comunicazione d&#8217;Impresa all&#8217;Universit\u00e0 IULM di Milano, cominciando in una piccola realt\u00e0 milanese specializzata nella comunicazione lifestyle.<\/p>\n<div class=\"bottom_meta\"><a href=\"https:\/\/www.linkedin.com\/in\/stefania-bonetti-3421ab163\/\" target=\"_blank\" rel=\"noopener\"><i class=\"icon-default-style fa fa-linkedin\"><\/i><\/a><\/div><\/div>\n    <\/div><div class=\"divider-wrap\" data-alignment=\"default\"><div style=\"height: 20px;\" class=\"divider\"><\/div><\/div>\n\t\t<\/div> \n\t<\/div>\n\t<\/div> \n\n\t<div  class=\"vc_col-sm-4 wpb_column column_container vc_column_container col child_column no-extra-padding inherit_tablet inherit_phone\"   data-padding-pos=\"all\" data-has-bg-color=\"false\" data-bg-color=\"\" data-bg-opacity=\"1\" data-animation=\"\" data-delay=\"0\" >\n\t\t<div class=\"vc_column-inner\" >\n\t\t<div class=\"wpb_wrapper\">\n\t\t\t<div class=\"team-member\" data-style=\"bio_fullscreen_alt\"><div class=\"team-member-image\"><div class=\"team-member-image-inner\"><img loading=\"lazy\" decoding=\"async\" class=\"nectar-lazy\" src=\"data:image\/svg+xml;charset=utf-8,%3Csvg%20xmlns%3D'http%3A%2F%2Fwww.w3.org%2F2000%2Fsvg'%20viewBox%3D'0%200%201282%201400'%2F%3E\" data-nectar-img-src=\"https:\/\/www.community.it\/wp-content\/uploads\/2025\/10\/Sara-Boni-Sforza.jpg\" width=\"1282\" height=\"1400\" alt=\"\" \/><\/div><\/div><div class=\"team-member-overlay\"><\/div>\n    <div class=\"team-meta\"><h5>Senior Consultant<\/h5><h3>Sara Boni Sforza<\/h3><p><\/p><\/div>\n    <div class=\"nectar_team_bio_img\" data-img-src=\"https:\/\/www.community.it\/wp-content\/uploads\/2025\/10\/Sara-Boni-Sforza.jpg\"><\/div>\n    <div class=\"nectar_team_bio\"><p class=\"x_MsoNormal\" data-olk-copy-source=\"MessageBody\">In Community dal 2023, Sara si occupa di comunicazione corporate, finanziaria e di crisis management per grandi gruppi italiani e internazionali attivi nei settori industriale, tecnologico, dei servizi e della consulenza. Sara ha maturato esperienza nell\u2019assistenza a societ\u00e0 quotate e nella comunicazione legata a processi di riorganizzazione aziendale.<\/p>\n<p class=\"x_MsoNormal\">Prima di entrare in Community, ha lavorato presso l\u2019ufficio stampa di Borsa Italiana (LSEG) e del quotidiano La Ragione \u2013 Le Ali alla Libert\u00e0.<\/p>\n<p class=\"x_MsoNormal\">Sara ha conseguito la Laurea Triennale in Esperto Linguistico di Impresa presso l\u2019Universit\u00e0 Cattolica del Sacro Cuore di Milano.<\/p>\n<div class=\"bottom_meta\"><a href=\"https:\/\/www.linkedin.com\/in\/sara-boni-sforza\/\" target=\"_blank\" rel=\"noopener\"><i class=\"icon-default-style fa fa-linkedin\"><\/i><\/a><\/div><\/div>\n    <\/div><div class=\"divider-wrap\" data-alignment=\"default\"><div style=\"height: 20px;\" class=\"divider\"><\/div><\/div>\n\t\t<\/div> \n\t<\/div>\n\t<\/div> \n\n\t<div  class=\"vc_col-sm-4 wpb_column column_container vc_column_container col child_column no-extra-padding inherit_tablet inherit_phone\"   data-padding-pos=\"all\" data-has-bg-color=\"false\" data-bg-color=\"\" data-bg-opacity=\"1\" data-animation=\"\" data-delay=\"0\" >\n\t\t<div class=\"vc_column-inner\" >\n\t\t<div class=\"wpb_wrapper\">\n\t\t\t<div class=\"team-member\" data-style=\"bio_fullscreen_alt\"><div class=\"team-member-image\"><div class=\"team-member-image-inner\"><img loading=\"lazy\" decoding=\"async\" class=\"nectar-lazy\" src=\"data:image\/svg+xml;charset=utf-8,%3Csvg%20xmlns%3D'http%3A%2F%2Fwww.w3.org%2F2000%2Fsvg'%20viewBox%3D'0%200%201282%201400'%2F%3E\" data-nectar-img-src=\"https:\/\/www.community.it\/wp-content\/uploads\/2025\/10\/Vittoria-Bottinelli.jpg\" width=\"1282\" height=\"1400\" alt=\"\" \/><\/div><\/div><div class=\"team-member-overlay\"><\/div>\n    <div class=\"team-meta\"><h5>Digital Junior Consultant<\/h5><h3>Vittoria Bottinelli<\/h3><p><\/p><\/div>\n    <div class=\"nectar_team_bio_img\" data-img-src=\"https:\/\/www.community.it\/wp-content\/uploads\/2025\/10\/Vittoria-Bottinelli.jpg\"><\/div>\n    <div class=\"nectar_team_bio\"><p>Vittoria entra in Community nel 2023, dove si occupa di comunicazione digitale, coordinando progetti di Digital PR e la creazione di contenuti per diversi canali online. Segue realt\u00e0 attive nei settori istituzionale, retail, automotive e GDO.<\/p>\n<p>In precedenza, ha maturato esperienza nel settore moda e PR, occupandosi di comunicazione, eventi e relazioni con i talent.<\/p>\n<p>Laureata all\u2019Universit\u00e0 di Maastricht in Liberal Arts and Sciences con specializzazione in Scienze Sociali.<\/p>\n<div class=\"bottom_meta\"><a href=\"https:\/\/www.linkedin.com\/in\/vittoria-bottinelli-069636238\/\" target=\"_blank\" rel=\"noopener\"><i class=\"icon-default-style fa fa-linkedin\"><\/i><\/a><\/div><\/div>\n    <\/div><div class=\"divider-wrap\" data-alignment=\"default\"><div style=\"height: 20px;\" class=\"divider\"><\/div><\/div>\n\t\t<\/div> \n\t<\/div>\n\t<\/div> \n<\/div><\/div><div id=\"fws_69f766955d7fb\" data-midnight=\"\" data-column-margin=\"default\" class=\"wpb_row vc_row-fluid vc_row inner_row\"  style=\"\"><div class=\"row-bg-wrap\"> <div class=\"row-bg\" ><\/div> <\/div><div class=\"row_col_wrap_12_inner col span_12  left\">\n\t<div  class=\"vc_col-sm-4 wpb_column column_container vc_column_container col child_column no-extra-padding inherit_tablet inherit_phone\"   data-padding-pos=\"all\" data-has-bg-color=\"false\" data-bg-color=\"\" data-bg-opacity=\"1\" data-animation=\"\" data-delay=\"0\" >\n\t\t<div class=\"vc_column-inner\" >\n\t\t<div class=\"wpb_wrapper\">\n\t\t\t<div class=\"team-member\" data-style=\"bio_fullscreen_alt\"><div class=\"team-member-image\"><div class=\"team-member-image-inner\"><img loading=\"lazy\" decoding=\"async\" class=\"nectar-lazy\" src=\"data:image\/svg+xml;charset=utf-8,%3Csvg%20xmlns%3D'http%3A%2F%2Fwww.w3.org%2F2000%2Fsvg'%20viewBox%3D'0%200%201282%201400'%2F%3E\" data-nectar-img-src=\"https:\/\/www.community.it\/wp-content\/uploads\/2025\/10\/Andrea-Canu.jpg\" width=\"1282\" height=\"1400\" alt=\"\" \/><\/div><\/div><div class=\"team-member-overlay\"><\/div>\n    <div class=\"team-meta\"><h5>Junior Consultant<\/h5><h3>Andrea Canu<\/h3><p><\/p><\/div>\n    <div class=\"nectar_team_bio_img\" data-img-src=\"https:\/\/www.community.it\/wp-content\/uploads\/2025\/10\/Andrea-Canu.jpg\"><\/div>\n    <div class=\"nectar_team_bio\"><p>In Community da novembre 2024, Andrea si occupa di comunicazione corporate e media relations per realt\u00e0 che spaziano dallo sport alla cultura. In precedenza, ha collaborato con clienti del settore energetico in SEC Newgate, acquisendo competenze nelle pubbliche relazioni, con particolare attenzione al territorio, e nelle attivit\u00e0 di ufficio stampa.<\/p>\n<p>Di formazione umanistica, ha conseguito la laurea triennale in Lettere filosofiche, durante la quale ha partecipato al programma Erasmus a Siviglia, per poi frequentare la magistrale Communication Strategies all\u2019Universit\u00e0 degli Studi di Padova.<\/p>\n<div class=\"bottom_meta\"><a href=\"https:\/\/www.linkedin.com\/in\/andrea-canu-670381285\/\" target=\"_blank\" rel=\"noopener\"><i class=\"icon-default-style fa fa-linkedin\"><\/i><\/a><\/div><\/div>\n    <\/div><div class=\"divider-wrap\" data-alignment=\"default\"><div style=\"height: 20px;\" class=\"divider\"><\/div><\/div>\n\t\t<\/div> \n\t<\/div>\n\t<\/div> \n\n\t<div  class=\"vc_col-sm-4 wpb_column column_container vc_column_container col child_column no-extra-padding inherit_tablet inherit_phone\"   data-padding-pos=\"all\" data-has-bg-color=\"false\" data-bg-color=\"\" data-bg-opacity=\"1\" data-animation=\"\" data-delay=\"0\" >\n\t\t<div class=\"vc_column-inner\" >\n\t\t<div class=\"wpb_wrapper\">\n\t\t\t<div class=\"team-member\" data-style=\"bio_fullscreen_alt\"><div class=\"team-member-image\"><div class=\"team-member-image-inner\"><img loading=\"lazy\" decoding=\"async\" class=\"nectar-lazy\" src=\"data:image\/svg+xml;charset=utf-8,%3Csvg%20xmlns%3D'http%3A%2F%2Fwww.w3.org%2F2000%2Fsvg'%20viewBox%3D'0%200%201282%201400'%2F%3E\" data-nectar-img-src=\"https:\/\/www.community.it\/wp-content\/uploads\/2025\/10\/Alessandro-Caputo.jpg\" width=\"1282\" height=\"1400\" alt=\"\" \/><\/div><\/div><div class=\"team-member-overlay\"><\/div>\n    <div class=\"team-meta\"><h5>Junior Consultant<\/h5><h3>Alessandro Caputo<\/h3><p><\/p><\/div>\n    <div class=\"nectar_team_bio_img\" data-img-src=\"https:\/\/www.community.it\/wp-content\/uploads\/2025\/10\/Alessandro-Caputo.jpg\"><\/div>\n    <div class=\"nectar_team_bio\"><p>In Community dal 2025, Alessandro si occupa di comunicazione corporate e istituzionale per enti governativi, banche e piattaforme d\u2019intrattenimento.<\/p>\n<p>Ha maturato esperienza nel marketing e nelle vendite in realt\u00e0 del settore industriale e automotive, sviluppando competenze trasversali di marketing e gestione strategica della comunicazione.<\/p>\n<p>Laureato in Lingue per il Commercio Internazionale all\u2019Universit\u00e0 di Verona, ha trascorso un semestre alla University of Strathclyde di Glasgow.<\/p>\n<div class=\"bottom_meta\"><a href=\"https:\/\/www.linkedin.com\/in\/alessandro-caputo-68b644263\/\" target=\"_blank\" rel=\"noopener\"><i class=\"icon-default-style fa fa-linkedin\"><\/i><\/a><\/div><\/div>\n    <\/div><div class=\"divider-wrap\" data-alignment=\"default\"><div style=\"height: 20px;\" class=\"divider\"><\/div><\/div>\n\t\t<\/div> \n\t<\/div>\n\t<\/div> \n\n\t<div  class=\"vc_col-sm-4 wpb_column column_container vc_column_container col child_column no-extra-padding inherit_tablet inherit_phone\"   data-padding-pos=\"all\" data-has-bg-color=\"false\" data-bg-color=\"\" data-bg-opacity=\"1\" data-animation=\"\" data-delay=\"0\" >\n\t\t<div class=\"vc_column-inner\" >\n\t\t<div class=\"wpb_wrapper\">\n\t\t\t<div class=\"team-member\" data-style=\"bio_fullscreen_alt\"><div class=\"team-member-image\"><div class=\"team-member-image-inner\"><img loading=\"lazy\" decoding=\"async\" class=\"nectar-lazy\" src=\"data:image\/svg+xml;charset=utf-8,%3Csvg%20xmlns%3D'http%3A%2F%2Fwww.w3.org%2F2000%2Fsvg'%20viewBox%3D'0%200%201282%201400'%2F%3E\" data-nectar-img-src=\"https:\/\/www.community.it\/wp-content\/uploads\/2025\/10\/Maria-Cheodarci.jpg\" width=\"1282\" height=\"1400\" alt=\"\" \/><\/div><\/div><div class=\"team-member-overlay\"><\/div>\n    <div class=\"team-meta\"><h5>Junior Consultant<\/h5><h3>Maria Cheodarci<\/h3><p><\/p><\/div>\n    <div class=\"nectar_team_bio_img\" data-img-src=\"https:\/\/www.community.it\/wp-content\/uploads\/2025\/10\/Maria-Cheodarci.jpg\"><\/div>\n    <div class=\"nectar_team_bio\"><p>In Community dal 2024, Maria si occupa di media relations e comunicazione corporate e finanziaria per clienti italiani e internazionali nei settori bancario, legale e tecnologico.<\/p>\n<p>Ha maturato esperienza nel settore musicale, gestendo strategie di comunicazione e influencer marketing per artisti di rilevanza internazionale e coordinando progetti di comunicazione ed eventi per fondazioni culturali.<\/p>\n<p>Ha conseguito la laurea triennale in Lettere Moderne all\u2019Universit\u00e0 degli Studi di Milano e la magistrale in Comunicazione per l\u2019impresa, i media e le organizzazioni complesse presso l\u2019Universit\u00e0 Cattolica del Sacro Cuore.<\/p>\n<div class=\"bottom_meta\"><a href=\"https:\/\/www.linkedin.com\/in\/mariacheodarci\/\" target=\"_blank\" rel=\"noopener\"><i class=\"icon-default-style fa fa-linkedin\"><\/i><\/a><\/div><\/div>\n    <\/div><div class=\"divider-wrap\" data-alignment=\"default\"><div style=\"height: 20px;\" class=\"divider\"><\/div><\/div>\n\t\t<\/div> \n\t<\/div>\n\t<\/div> \n<\/div><\/div><div id=\"fws_69f766955e2b9\" data-midnight=\"\" data-column-margin=\"default\" class=\"wpb_row vc_row-fluid vc_row inner_row\"  style=\"\"><div class=\"row-bg-wrap\"> <div class=\"row-bg\" ><\/div> <\/div><div class=\"row_col_wrap_12_inner col span_12  left\">\n\t<div  class=\"vc_col-sm-4 wpb_column column_container vc_column_container col child_column no-extra-padding inherit_tablet inherit_phone\"   data-padding-pos=\"all\" data-has-bg-color=\"false\" data-bg-color=\"\" data-bg-opacity=\"1\" data-animation=\"\" data-delay=\"0\" >\n\t\t<div class=\"vc_column-inner\" >\n\t\t<div class=\"wpb_wrapper\">\n\t\t\t<div class=\"team-member\" data-style=\"bio_fullscreen_alt\"><div class=\"team-member-image\"><div class=\"team-member-image-inner\"><img loading=\"lazy\" decoding=\"async\" class=\"nectar-lazy\" src=\"data:image\/svg+xml;charset=utf-8,%3Csvg%20xmlns%3D'http%3A%2F%2Fwww.w3.org%2F2000%2Fsvg'%20viewBox%3D'0%200%201282%201400'%2F%3E\" data-nectar-img-src=\"https:\/\/www.community.it\/wp-content\/uploads\/2025\/10\/Beatrice-Cidda.jpg\" width=\"1282\" height=\"1400\" alt=\"\" \/><\/div><\/div><div class=\"team-member-overlay\"><\/div>\n    <div class=\"team-meta\"><h5>Digital Consultant<\/h5><h3>Beatrice Cidda<\/h3><p><\/p><\/div>\n    <div class=\"nectar_team_bio_img\" data-img-src=\"https:\/\/www.community.it\/wp-content\/uploads\/2025\/10\/Beatrice-Cidda.jpg\"><\/div>\n    <div class=\"nectar_team_bio\"><p style=\"text-align: left;\"><span class=\"TextRun SCXW112146917 BCX0\" lang=\"IT-IT\" xml:lang=\"IT-IT\" data-contrast=\"auto\"><span class=\"NormalTextRun SCXW112146917 BCX0\">Beatrice entra in Community nel luglio 2023, occupandosi di progetti legati a GDO, sostenibilit\u00e0, finanza e iniziative ad alto impatto creativo.<\/span> <span class=\"NormalTextRun SCXW112146917 BCX0\">Professionista con <\/span><span class=\"NormalTextRun AdvancedProofingIssueV2Themed SCXW112146917 BCX0\">un solido background<\/span><span class=\"NormalTextRun SCXW112146917 BCX0\"> nell\u2019Art <\/span><span class=\"NormalTextRun SpellingErrorV2Themed SCXW112146917 BCX0\">Direction<\/span><span class=\"NormalTextRun SCXW112146917 BCX0\">, maturato tra Milano e il Regno Unito.<\/span><\/span><span class=\"LineBreakBlob BlobObject DragDrop SCXW112146917 BCX0\"><span class=\"SCXW112146917 BCX0\">\u00a0<\/span><br class=\"SCXW112146917 BCX0\" \/><\/span><span class=\"LineBreakBlob BlobObject DragDrop SCXW112146917 BCX0\"><span class=\"SCXW112146917 BCX0\">\u00a0<\/span><br class=\"SCXW112146917 BCX0\" \/><\/span><span class=\"TextRun SCXW112146917 BCX0\" lang=\"IT-IT\" xml:lang=\"IT-IT\" data-contrast=\"auto\"><span class=\"NormalTextRun SCXW112146917 BCX0\">Dopo la laurea in Graphic Design e Art <\/span><span class=\"NormalTextRun SpellingErrorV2Themed SCXW112146917 BCX0\">Direction<\/span><span class=\"NormalTextRun SCXW112146917 BCX0\"> alla NABA, lavora in diverse agenzie, tra cui <\/span><span class=\"NormalTextRun SpellingErrorV2Themed SCXW112146917 BCX0\">Triboo<\/span><span class=\"NormalTextRun SCXW112146917 BCX0\">, come Digital Art Director.<\/span><\/span><span class=\"LineBreakBlob BlobObject DragDrop SCXW112146917 BCX0\"><span class=\"SCXW112146917 BCX0\">\u00a0<\/span><br class=\"SCXW112146917 BCX0\" \/><\/span><span class=\"LineBreakBlob BlobObject DragDrop SCXW112146917 BCX0\"><span class=\"SCXW112146917 BCX0\">\u00a0<\/span><br class=\"SCXW112146917 BCX0\" \/><\/span><span class=\"TextRun SCXW112146917 BCX0\" lang=\"IT-IT\" xml:lang=\"IT-IT\" data-contrast=\"auto\"><span class=\"NormalTextRun SCXW112146917 BCX0\">Recentemente ha intrapreso un percorso pi\u00f9 strategico nella comunicazione, completando un Master RCS Academy in \u201cComunicazione e New Media<\/span><span class=\"NormalTextRun SCXW112146917 BCX0\">\u201d.<\/span><\/span><span class=\"EOP SCXW112146917 BCX0\" data-ccp-props=\"{&quot;335559738&quot;:240,&quot;335559739&quot;:240}\">\u00a0<\/span><\/p>\n<div class=\"bottom_meta\"><a href=\"https:\/\/www.linkedin.com\/in\/beatricecidda\/\" target=\"_blank\" rel=\"noopener\"><i class=\"icon-default-style fa fa-linkedin\"><\/i><\/a><\/div><\/div>\n    <\/div><div class=\"divider-wrap\" data-alignment=\"default\"><div style=\"height: 20px;\" class=\"divider\"><\/div><\/div>\n\t\t<\/div> \n\t<\/div>\n\t<\/div> \n\n\t<div  class=\"vc_col-sm-4 wpb_column column_container vc_column_container col child_column no-extra-padding inherit_tablet inherit_phone\"   data-padding-pos=\"all\" data-has-bg-color=\"false\" data-bg-color=\"\" data-bg-opacity=\"1\" data-animation=\"\" data-delay=\"0\" >\n\t\t<div class=\"vc_column-inner\" >\n\t\t<div class=\"wpb_wrapper\">\n\t\t\t<div class=\"team-member\" data-style=\"bio_fullscreen_alt\"><div class=\"team-member-image\"><div class=\"team-member-image-inner\"><img loading=\"lazy\" decoding=\"async\" class=\"nectar-lazy\" src=\"data:image\/svg+xml;charset=utf-8,%3Csvg%20xmlns%3D'http%3A%2F%2Fwww.w3.org%2F2000%2Fsvg'%20viewBox%3D'0%200%201282%201400'%2F%3E\" data-nectar-img-src=\"https:\/\/www.community.it\/wp-content\/uploads\/2025\/10\/Caterina-Conserva.jpg\" width=\"1282\" height=\"1400\" alt=\"\" \/><\/div><\/div><div class=\"team-member-overlay\"><\/div>\n    <div class=\"team-meta\"><h5>Senior Consultant<\/h5><h3>Caterina Conserva<\/h3><p><\/p><\/div>\n    <div class=\"nectar_team_bio_img\" data-img-src=\"https:\/\/www.community.it\/wp-content\/uploads\/2025\/10\/Caterina-Conserva.jpg\"><\/div>\n    <div class=\"nectar_team_bio\"><p>Caterina entra in Community nel 2023, dopo aver maturato esperienze in Consilium Comunicazione e MY PR.<\/p>\n<p>Affianca clienti corporate e consumer in diversi settori, dall\u2019entertainment allo sport, passando per l\u2019industria e il retail. Negli anni ha consolidato competenze in media relations, organizzazione e gestione eventi b2b e b2c e talent management. In precedenza, ha collaborato con Gelsorosso Editore e Garzanti Libri.<\/p>\n<p>Giornalista pubblicista, \u00e8 laureata in Giurisprudenza all\u2019Universit\u00e0 di Bari e ha conseguito un Master in Editoria Cartacea e Digitale presso l\u2019Universit\u00e0 Cattolica di Milano e in Journalistic Writing Techniques presso RCS Academy.<\/p>\n<div class=\"bottom_meta\"><a href=\"https:\/\/www.linkedin.com\/in\/caterina-conserva-ufficiostamp\/\" target=\"_blank\" rel=\"noopener\"><i class=\"icon-default-style fa fa-linkedin\"><\/i><\/a><\/div><\/div>\n    <\/div><div class=\"divider-wrap\" data-alignment=\"default\"><div style=\"height: 20px;\" class=\"divider\"><\/div><\/div>\n\t\t<\/div> \n\t<\/div>\n\t<\/div> \n\n\t<div  class=\"vc_col-sm-4 wpb_column column_container vc_column_container col child_column no-extra-padding inherit_tablet inherit_phone\"   data-padding-pos=\"all\" data-has-bg-color=\"false\" data-bg-color=\"\" data-bg-opacity=\"1\" data-animation=\"\" data-delay=\"0\" >\n\t\t<div class=\"vc_column-inner\" >\n\t\t<div class=\"wpb_wrapper\">\n\t\t\t<div class=\"team-member\" data-style=\"bio_fullscreen_alt\"><div class=\"team-member-image\"><div class=\"team-member-image-inner\"><img loading=\"lazy\" decoding=\"async\" class=\"nectar-lazy\" src=\"data:image\/svg+xml;charset=utf-8,%3Csvg%20xmlns%3D'http%3A%2F%2Fwww.w3.org%2F2000%2Fsvg'%20viewBox%3D'0%200%201282%201400'%2F%3E\" data-nectar-img-src=\"https:\/\/www.community.it\/wp-content\/uploads\/2025\/10\/Cristina-Corsini.jpg\" width=\"1282\" height=\"1400\" alt=\"\" \/><\/div><\/div><div class=\"team-member-overlay\"><\/div>\n    <div class=\"team-meta\"><h5>Consultant<\/h5><h3>Cristina Corsini<\/h3><p><\/p><\/div>\n    <div class=\"nectar_team_bio_img\" data-img-src=\"https:\/\/www.community.it\/wp-content\/uploads\/2025\/10\/Cristina-Corsini.jpg\"><\/div>\n    <div class=\"nectar_team_bio\"><p>Cristina entra in Community nel novembre 2023, dove si occupa di media relations e comunicazione corporate e finanziaria per clienti attivi nei settori tecnologico, bancario e dei servizi, contribuendo al rafforzamento della loro reputazione e visibilit\u00e0 sui media.<\/p>\n<p>Vanta circa cinque anni di esperienza nel mondo della comunicazione: ha lavorato nel team PR del Gruppo MSC Crociere e in una agenzia internazionale, occupandosi di media relations, eventi e influencer marketing.<\/p>\n<p>Cristina \u00e8 laureata in Comunicazione pubblica e d\u2019impresa e ha conseguito un master alla 24ORE Business School\u00a0di\u00a0Milano.<\/p>\n<div class=\"bottom_meta\"><a href=\"https:\/\/www.linkedin.com\/in\/cristina-corsini\/\" target=\"_blank\" rel=\"noopener\"><i class=\"icon-default-style fa fa-linkedin\"><\/i><\/a><\/div><\/div>\n    <\/div><div class=\"divider-wrap\" data-alignment=\"default\"><div style=\"height: 20px;\" class=\"divider\"><\/div><\/div>\n\t\t<\/div> \n\t<\/div>\n\t<\/div> \n<\/div><\/div><div id=\"fws_69f766955edf0\" data-midnight=\"\" data-column-margin=\"default\" class=\"wpb_row vc_row-fluid vc_row inner_row\"  style=\"\"><div class=\"row-bg-wrap\"> <div class=\"row-bg\" ><\/div> <\/div><div class=\"row_col_wrap_12_inner col span_12  left\">\n\t<div  class=\"vc_col-sm-4 wpb_column column_container vc_column_container col child_column no-extra-padding inherit_tablet inherit_phone\"   data-padding-pos=\"all\" data-has-bg-color=\"false\" data-bg-color=\"\" data-bg-opacity=\"1\" data-animation=\"\" data-delay=\"0\" >\n\t\t<div class=\"vc_column-inner\" >\n\t\t<div class=\"wpb_wrapper\">\n\t\t\t<div class=\"team-member\" data-style=\"bio_fullscreen_alt\"><div class=\"team-member-image\"><div class=\"team-member-image-inner\"><img loading=\"lazy\" decoding=\"async\" class=\"nectar-lazy\" src=\"data:image\/svg+xml;charset=utf-8,%3Csvg%20xmlns%3D'http%3A%2F%2Fwww.w3.org%2F2000%2Fsvg'%20viewBox%3D'0%200%201277%201400'%2F%3E\" data-nectar-img-src=\"https:\/\/www.community.it\/wp-content\/uploads\/2025\/10\/Francesca_Costa_.jpg\" width=\"1277\" height=\"1400\" alt=\"\" \/><\/div><\/div><div class=\"team-member-overlay\"><\/div>\n    <div class=\"team-meta\"><h5>Senior Consultant<\/h5><h3>Francesca Costa<\/h3><p><\/p><\/div>\n    <div class=\"nectar_team_bio_img\" data-img-src=\"https:\/\/www.community.it\/wp-content\/uploads\/2025\/10\/Francesca_Costa_.jpg\"><\/div>\n    <div class=\"nectar_team_bio\"><p class=\"x_MsoNormal\"><span data-olk-copy-source=\"MessageBody\">Francesca entra in Community nel 2022, seguendo da vicino la reputazione di brand corporate, istituzioni pubbliche, associazioni di categoria e studi professionali.<\/span><\/p>\n<p class=\"x_MsoNormal\">Inizia la sua carriera nel giornalismo televisivo e cartaceo, per poi diventare portavoce e responsabile comunicazione di istituzioni ed enti pubblici, seguendo anche campagne elettorali a livello locale.<\/p>\n<p class=\"x_MsoNormal\">Dal 2012 \u00e8 giornalista professionista ed \u00e8 laureata in Lingue e Letterature Occidentali presso l\u2019Universit\u00e0 Ca\u2019 Foscari\u00a0di\u00a0Venezia.<\/p>\n<div class=\"bottom_meta\"><a href=\"https:\/\/www.linkedin.com\/in\/francescacosta23\/\" target=\"_blank\" rel=\"noopener\"><i class=\"icon-default-style fa fa-linkedin\"><\/i><\/a><\/div><\/div>\n    <\/div><div class=\"divider-wrap\" data-alignment=\"default\"><div style=\"height: 20px;\" class=\"divider\"><\/div><\/div>\n\t\t<\/div> \n\t<\/div>\n\t<\/div> \n\n\t<div  class=\"vc_col-sm-4 wpb_column column_container vc_column_container col child_column no-extra-padding inherit_tablet inherit_phone\"   data-padding-pos=\"all\" data-has-bg-color=\"false\" data-bg-color=\"\" data-bg-opacity=\"1\" data-animation=\"\" data-delay=\"0\" >\n\t\t<div class=\"vc_column-inner\" >\n\t\t<div class=\"wpb_wrapper\">\n\t\t\t<div class=\"team-member\" data-style=\"bio_fullscreen_alt\"><div class=\"team-member-image\"><div class=\"team-member-image-inner\"><img loading=\"lazy\" decoding=\"async\" class=\"nectar-lazy\" src=\"data:image\/svg+xml;charset=utf-8,%3Csvg%20xmlns%3D'http%3A%2F%2Fwww.w3.org%2F2000%2Fsvg'%20viewBox%3D'0%200%201277%201400'%2F%3E\" data-nectar-img-src=\"https:\/\/www.community.it\/wp-content\/uploads\/2025\/10\/Lucia_Fava_.jpg\" width=\"1277\" height=\"1400\" alt=\"\" \/><\/div><\/div><div class=\"team-member-overlay\"><\/div>\n    <div class=\"team-meta\"><h5>Consultant<\/h5><h3>Lucia Fava<\/h3><p><\/p><\/div>\n    <div class=\"nectar_team_bio_img\" data-img-src=\"https:\/\/www.community.it\/wp-content\/uploads\/2025\/10\/Lucia_Fava_.jpg\"><\/div>\n    <div class=\"nectar_team_bio\"><p>In Community da giugno 2022, Lucia si occupa di comunicazione corporate e finanziaria. Durante il suo percorso professionale, ha maturato esperienze nelle media relations per societ\u00e0 italiane ed internazionali.<\/p>\n<p>Lucia ha conseguito la Laurea Magistrale in Scienze Linguistiche per le Relazioni Internazionali presso l\u2019Universit\u00e0 Cattolica del Sacro Cuore di Milano, completando parte del proprio percorso di studi in Inghilterra presso Coventry University e in Giordania presso University of Jordan, dove ha affinato la propria conoscenza della lingua inglese ed araba.<\/p>\n<div class=\"bottom_meta\"><a href=\"https:\/\/www.linkedin.com\/in\/lucia-fava-099177206\/\" target=\"_blank\" rel=\"noopener\"><i class=\"icon-default-style fa fa-linkedin\"><\/i><\/a><\/div><\/div>\n    <\/div><div class=\"divider-wrap\" data-alignment=\"default\"><div style=\"height: 20px;\" class=\"divider\"><\/div><\/div>\n\t\t<\/div> \n\t<\/div>\n\t<\/div> \n\n\t<div  class=\"vc_col-sm-4 wpb_column column_container vc_column_container col child_column no-extra-padding inherit_tablet inherit_phone\"   data-padding-pos=\"all\" data-has-bg-color=\"false\" data-bg-color=\"\" data-bg-opacity=\"1\" data-animation=\"\" data-delay=\"0\" >\n\t\t<div class=\"vc_column-inner\" >\n\t\t<div class=\"wpb_wrapper\">\n\t\t\t<div class=\"team-member\" data-style=\"bio_fullscreen_alt\"><div class=\"team-member-image\"><div class=\"team-member-image-inner\"><img loading=\"lazy\" decoding=\"async\" class=\"nectar-lazy\" src=\"data:image\/svg+xml;charset=utf-8,%3Csvg%20xmlns%3D'http%3A%2F%2Fwww.w3.org%2F2000%2Fsvg'%20viewBox%3D'0%200%201282%201400'%2F%3E\" data-nectar-img-src=\"https:\/\/www.community.it\/wp-content\/uploads\/2025\/10\/Letizia-Bonaldi.jpg\" width=\"1282\" height=\"1400\" alt=\"\" \/><\/div><\/div><div class=\"team-member-overlay\"><\/div>\n    <div class=\"team-meta\"><h5>Junior Consultant<\/h5><h3>Letizia Bonaldi<\/h3><p><\/p><\/div>\n    <div class=\"nectar_team_bio_img\" data-img-src=\"\"><\/div>\n    <div class=\"nectar_team_bio\"><p style=\"text-align: left;\"><span data-olk-copy-source=\"MessageBody\">In Community dal 2023, Letizia si occupa di comunicazione corporate, ufficio stampa e media relations per clienti di diversa dimensione e ambito. <\/span><\/p>\n<p style=\"text-align: left;\"><span data-olk-copy-source=\"MessageBody\">In precedenza ha conseguito un percorso presso un\u2019 istituzione culturale del Nordest dove si \u00e8 occupata di attivit\u00e0 di pubbliche relazioni e supporto all\u2019organizzazione di esposizioni culturali temporanee. <\/span><\/p>\n<p style=\"text-align: left;\"><span data-olk-copy-source=\"MessageBody\">L<\/span><span data-olk-copy-source=\"MessageBody\">etizia \u00e8 laureata in Lingue, Civilt\u00e0 e Scienze del linguaggio, con un Master in Didattica della Lingue Straniere all\u2019Universit\u00e0 Ca\u2019 Foscari\u00a0di\u00a0Venezia.<\/span><\/p>\n<div class=\"bottom_meta\"><a href=\"https:\/\/www.linkedin.com\/in\/maria-letizia-gallarati-scotti-bonaldi-b3738224b\/\" target=\"_blank\" rel=\"noopener\"><i class=\"icon-default-style fa fa-linkedin\"><\/i><\/a><\/div><\/div>\n    <\/div><div class=\"divider-wrap\" data-alignment=\"default\"><div style=\"height: 20px;\" class=\"divider\"><\/div><\/div>\n\t\t<\/div> \n\t<\/div>\n\t<\/div> \n<\/div><\/div><div id=\"fws_69f766955f769\" data-midnight=\"\" data-column-margin=\"default\" class=\"wpb_row vc_row-fluid vc_row inner_row\"  style=\"\"><div class=\"row-bg-wrap\"> <div class=\"row-bg\" ><\/div> <\/div><div class=\"row_col_wrap_12_inner col span_12  left\">\n\t<div  class=\"vc_col-sm-4 wpb_column column_container vc_column_container col child_column no-extra-padding inherit_tablet inherit_phone\"   data-padding-pos=\"all\" data-has-bg-color=\"false\" data-bg-color=\"\" data-bg-opacity=\"1\" data-animation=\"\" data-delay=\"0\" >\n\t\t<div class=\"vc_column-inner\" >\n\t\t<div class=\"wpb_wrapper\">\n\t\t\t<div class=\"team-member\" data-style=\"bio_fullscreen_alt\"><div class=\"team-member-image\"><div class=\"team-member-image-inner\"><img loading=\"lazy\" decoding=\"async\" class=\"nectar-lazy\" src=\"data:image\/svg+xml;charset=utf-8,%3Csvg%20xmlns%3D'http%3A%2F%2Fwww.w3.org%2F2000%2Fsvg'%20viewBox%3D'0%200%201282%201400'%2F%3E\" data-nectar-img-src=\"https:\/\/www.community.it\/wp-content\/uploads\/2025\/10\/Angela-Gammino.jpg\" width=\"1282\" height=\"1400\" alt=\"\" \/><\/div><\/div><div class=\"team-member-overlay\"><\/div>\n    <div class=\"team-meta\"><h5>Senior Consultant<\/h5><h3>Angela Gammino<\/h3><p><\/p><\/div>\n    <div class=\"nectar_team_bio_img\" data-img-src=\"https:\/\/www.community.it\/wp-content\/uploads\/2025\/10\/Angela-Gammino.jpg\"><\/div>\n    <div class=\"nectar_team_bio\"><p>Angela segue progetti corporate per grandi gruppi finanziari e di consulenza internazionali.\u00a0 Dopo un\u2019esperienza al Consolato Generale degli Stati Uniti a Milano, ha maturato esperienze nelle media relations curando la comunicazione di societ\u00e0 italiane ed internazionali, con un focus nel settore dei servizi finanziari.<\/p>\n<p>Angela ha conseguito la laurea magistrale in \u201cPolitiche Europee e Internazionali\u201d alla Facolt\u00e0 di Scienze Politiche e Sociali, in seguito alla triennale in \u201cEsperto linguistico per le Relazioni internazionali\u201d alla Facolt\u00e0 di Lingue e Letterature Straniere, entrambe alla Cattolica di Milano.<\/p>\n<div class=\"bottom_meta\"><a href=\"https:\/\/www.linkedin.com\/in\/angela-gammino\/\" target=\"_blank\" rel=\"noopener\"><i class=\"icon-default-style fa fa-linkedin\"><\/i><\/a><\/div><\/div>\n    <\/div><div class=\"divider-wrap\" data-alignment=\"default\"><div style=\"height: 20px;\" class=\"divider\"><\/div><\/div>\n\t\t<\/div> \n\t<\/div>\n\t<\/div> \n\n\t<div  class=\"vc_col-sm-4 wpb_column column_container vc_column_container col child_column no-extra-padding inherit_tablet inherit_phone\"   data-padding-pos=\"all\" data-has-bg-color=\"false\" data-bg-color=\"\" data-bg-opacity=\"1\" data-animation=\"\" data-delay=\"0\" >\n\t\t<div class=\"vc_column-inner\" >\n\t\t<div class=\"wpb_wrapper\">\n\t\t\t<div class=\"team-member\" data-style=\"bio_fullscreen_alt\"><div class=\"team-member-image\"><div class=\"team-member-image-inner\"><img loading=\"lazy\" decoding=\"async\" class=\"nectar-lazy\" src=\"data:image\/svg+xml;charset=utf-8,%3Csvg%20xmlns%3D'http%3A%2F%2Fwww.w3.org%2F2000%2Fsvg'%20viewBox%3D'0%200%201282%201400'%2F%3E\" data-nectar-img-src=\"https:\/\/www.community.it\/wp-content\/uploads\/2025\/10\/Allegra-Giudici.jpg\" width=\"1282\" height=\"1400\" alt=\"\" \/><\/div><\/div><div class=\"team-member-overlay\"><\/div>\n    <div class=\"team-meta\"><h5>Consultant<\/h5><h3>Allegra Giudici<\/h3><p><\/p><\/div>\n    <div class=\"nectar_team_bio_img\" data-img-src=\"https:\/\/www.community.it\/wp-content\/uploads\/2025\/10\/Allegra-Giudici.jpg\"><\/div>\n    <div class=\"nectar_team_bio\"><p>In Community da novembre 2024, Allegra si occupa di comunicazione corporate e di prodotto.<\/p>\n<p>In precedenza, ha maturato una solida esperienza presso un\u2019agenzia del nord-est, dove ha gestito progetti di comunicazione di alcuni noti comprensori turistici e di primarie aziende del mondo food.<\/p>\n<p>Dopo la laurea triennale in scienze della comunicazione presso l\u2019Universit\u00e0 degli Studi dell&#8217;Insubria di Varese, ha completato il suo percorso di studi magistrale in strategie di comunicazione presso l\u2019Universit\u00e0 degli Studi di Padova.<\/p>\n<div class=\"bottom_meta\"><a href=\"https:\/\/www.linkedin.com\/in\/allegra-giudici\/\" target=\"_blank\" rel=\"noopener\"><i class=\"icon-default-style fa fa-linkedin\"><\/i><\/a><\/div><\/div>\n    <\/div><div class=\"divider-wrap\" data-alignment=\"default\"><div style=\"height: 20px;\" class=\"divider\"><\/div><\/div>\n\t\t<\/div> \n\t<\/div>\n\t<\/div> \n\n\t<div  class=\"vc_col-sm-4 wpb_column column_container vc_column_container col child_column no-extra-padding inherit_tablet inherit_phone\"   data-padding-pos=\"all\" data-has-bg-color=\"false\" data-bg-color=\"\" data-bg-opacity=\"1\" data-animation=\"\" data-delay=\"0\" >\n\t\t<div class=\"vc_column-inner\" >\n\t\t<div class=\"wpb_wrapper\">\n\t\t\t<div class=\"team-member\" data-style=\"bio_fullscreen_alt\"><div class=\"team-member-image\"><div class=\"team-member-image-inner\"><img loading=\"lazy\" decoding=\"async\" class=\"nectar-lazy\" src=\"data:image\/svg+xml;charset=utf-8,%3Csvg%20xmlns%3D'http%3A%2F%2Fwww.w3.org%2F2000%2Fsvg'%20viewBox%3D'0%200%201282%201400'%2F%3E\" data-nectar-img-src=\"https:\/\/www.community.it\/wp-content\/uploads\/2025\/10\/Virginia-Giussani.jpg\" width=\"1282\" height=\"1400\" alt=\"\" \/><\/div><\/div><div class=\"team-member-overlay\"><\/div>\n    <div class=\"team-meta\"><h5>Senior Consultant<\/h5><h3>Virginia Giussani<\/h3><p><\/p><\/div>\n    <div class=\"nectar_team_bio_img\" data-img-src=\"https:\/\/www.community.it\/wp-content\/uploads\/2025\/10\/Virginia-Giussani.jpg\"><\/div>\n    <div class=\"nectar_team_bio\"><p style=\"text-align: left;\"><span data-olk-copy-source=\"MessageBody\">In Community dal 2024, Virginia si occupa di corporate communication e Issue&amp;Crisis management. <\/span><\/p>\n<p style=\"text-align: left;\"><span data-olk-copy-source=\"MessageBody\">Inizia il suo percorso professionale nel 2016 in societ\u00e0 internazionali di consulenza nell\u2019ambito della comunicazione corporate occupandosi della definizione di piani strategici di comunicazione, della creazione di contenuti e dello sviluppo e gestione di piani di crisi per clienti operanti nel settore retail\/GDO, automotive, consumer tech, home applaiance, oil&amp;energy. <\/span><\/p>\n<p style=\"text-align: left;\"><span data-olk-copy-source=\"MessageBody\">Ha conseguito la Laurea magistrale all\u2019Universit\u00e0 degli studi di Milano, in \u201cCorporate Communication\u201d, dopo la Laurea triennale in \u201cComunicazione e Societ\u00e0&#8221; presso lo stesso istituto.<\/span><\/p>\n<div class=\"bottom_meta\"><a href=\"https:\/\/www.linkedin.com\/in\/virginia-giussani-256129a4\/\" target=\"_blank\" rel=\"noopener\"><i class=\"icon-default-style fa fa-linkedin\"><\/i><\/a><\/div><\/div>\n    <\/div><div class=\"divider-wrap\" data-alignment=\"default\"><div style=\"height: 20px;\" class=\"divider\"><\/div><\/div>\n\t\t<\/div> \n\t<\/div>\n\t<\/div> \n<\/div><\/div><div id=\"fws_69f76695601c9\" data-midnight=\"\" data-column-margin=\"default\" class=\"wpb_row vc_row-fluid vc_row inner_row\"  style=\"\"><div class=\"row-bg-wrap\"> <div class=\"row-bg\" ><\/div> <\/div><div class=\"row_col_wrap_12_inner col span_12  left\">\n\t<div  class=\"vc_col-sm-4 wpb_column column_container vc_column_container col child_column no-extra-padding inherit_tablet inherit_phone\"   data-padding-pos=\"all\" data-has-bg-color=\"false\" data-bg-color=\"\" data-bg-opacity=\"1\" data-animation=\"\" data-delay=\"0\" >\n\t\t<div class=\"vc_column-inner\" >\n\t\t<div class=\"wpb_wrapper\">\n\t\t\t<div class=\"team-member\" data-style=\"bio_fullscreen_alt\"><div class=\"team-member-image\"><div class=\"team-member-image-inner\"><img loading=\"lazy\" decoding=\"async\" class=\"nectar-lazy\" src=\"data:image\/svg+xml;charset=utf-8,%3Csvg%20xmlns%3D'http%3A%2F%2Fwww.w3.org%2F2000%2Fsvg'%20viewBox%3D'0%200%201282%201400'%2F%3E\" data-nectar-img-src=\"https:\/\/www.community.it\/wp-content\/uploads\/2025\/10\/Beatrice-Grosso.jpg\" width=\"1282\" height=\"1400\" alt=\"\" \/><\/div><\/div><div class=\"team-member-overlay\"><\/div>\n    <div class=\"team-meta\"><h5>Consultant<\/h5><h3>Beatrice Grosso<\/h3><p><\/p><\/div>\n    <div class=\"nectar_team_bio_img\" data-img-src=\"https:\/\/www.community.it\/wp-content\/uploads\/2025\/10\/Beatrice-Grosso.jpg\"><\/div>\n    <div class=\"nectar_team_bio\"><p>In Community dal 2021, Beatrice si occupa di media relations e comunicazione corporate e finanziaria per societ\u00e0 italiane e per clienti internazionali di diversa dimensione e ambito.<\/p>\n<p>Dopo la laurea magistrale in \u201cRelazioni Internazionali\u201d e la triennale in \u201cScienze Politiche, Sociali e Internazionali\u201d, entrambe all\u2019 Universit\u00e0 di Bologna, Beatrice ha conseguito il Master in Global marketing, Comunicazione &amp; Made in Italy\u201d del Centro Studi Comunicare l\u2019impresa e della Fondazione Italia Usa, dove ha approfondito il tema dell\u2019internazionalizzazione delle imprese italiane.<\/p>\n<div class=\"bottom_meta\"><a href=\"https:\/\/www.linkedin.com\/in\/beatrice-grosso\/\" target=\"_blank\" rel=\"noopener\"><i class=\"icon-default-style fa fa-linkedin\"><\/i><\/a><\/div><\/div>\n    <\/div><div class=\"divider-wrap\" data-alignment=\"default\"><div style=\"height: 20px;\" class=\"divider\"><\/div><\/div>\n\t\t<\/div> \n\t<\/div>\n\t<\/div> \n\n\t<div  class=\"vc_col-sm-4 wpb_column column_container vc_column_container col child_column no-extra-padding inherit_tablet inherit_phone\"   data-padding-pos=\"all\" data-has-bg-color=\"false\" data-bg-color=\"\" data-bg-opacity=\"1\" data-animation=\"\" data-delay=\"0\" >\n\t\t<div class=\"vc_column-inner\" >\n\t\t<div class=\"wpb_wrapper\">\n\t\t\t<div class=\"team-member\" data-style=\"bio_fullscreen_alt\"><div class=\"team-member-image\"><div class=\"team-member-image-inner\"><img loading=\"lazy\" decoding=\"async\" class=\"nectar-lazy\" src=\"data:image\/svg+xml;charset=utf-8,%3Csvg%20xmlns%3D'http%3A%2F%2Fwww.w3.org%2F2000%2Fsvg'%20viewBox%3D'0%200%202345%202560'%2F%3E\" data-nectar-img-src=\"https:\/\/www.community.it\/wp-content\/uploads\/2025\/10\/Mafalda-La-Gala-scaled.jpg\" width=\"2345\" height=\"2560\" alt=\"\" \/><\/div><\/div><div class=\"team-member-overlay\"><\/div>\n    <div class=\"team-meta\"><h5>Consultant<\/h5><h3>Mafalda La Gala<\/h3><p><\/p><\/div>\n    <div class=\"nectar_team_bio_img\" data-img-src=\"https:\/\/www.community.it\/wp-content\/uploads\/2025\/10\/Mafalda-La-Gala-scaled.jpg\"><\/div>\n    <div class=\"nectar_team_bio\"><p class=\"x_MsoNormal\"><span class=\"mark57xky5l8h\" data-markjs=\"true\" data-ogac=\"\" data-ogab=\"\" data-ogsc=\"\" data-ogsb=\"\" data-olk-copy-source=\"MessageBody\">Mafalda<\/span>\u00a0\u00e8 entrata in Community nel 2017, inizialmente supportando le attivit\u00e0 di traduzione e interpretariato dall\u2019italiano all\u2019inglese e viceversa. Dal 2022 contribuisce alle media relations e alla comunicazione corporate e finanziaria per clienti italiani e internazionali.<\/p>\n<p class=\"x_MsoNormal\">In precedenza, ha\u00a0<span class=\"marku4c82hzq3\" data-markjs=\"true\" data-ogac=\"\" data-ogab=\"\" data-ogsc=\"\" data-ogsb=\"\">la<\/span>vorato come interprete e traduttrice in contesti aziendali e presso l\u2019agenzia stampa del Gruppo Class. Ha conseguito\u00a0<span class=\"marku4c82hzq3\" data-markjs=\"true\" data-ogac=\"\" data-ogab=\"\" data-ogsc=\"\" data-ogsb=\"\">la<\/span>\u00a0<span class=\"marku4c82hzq3\" data-markjs=\"true\" data-ogac=\"\" data-ogab=\"\" data-ogsc=\"\" data-ogsb=\"\">la<\/span>urea magistrale in Interpretariato di Conferenza all\u2019Universit\u00e0 IULM nel 2015.<\/p>\n<div class=\"bottom_meta\"><a href=\"https:\/\/www.linkedin.com\/in\/mafalda-la-gala-71b242b6\/\" target=\"_blank\" rel=\"noopener\"><i class=\"icon-default-style fa fa-linkedin\"><\/i><\/a><\/div><\/div>\n    <\/div><div class=\"divider-wrap\" data-alignment=\"default\"><div style=\"height: 20px;\" class=\"divider\"><\/div><\/div>\n\t\t<\/div> \n\t<\/div>\n\t<\/div> \n\n\t<div  class=\"vc_col-sm-4 wpb_column column_container vc_column_container col child_column no-extra-padding inherit_tablet inherit_phone\"   data-padding-pos=\"all\" data-has-bg-color=\"false\" data-bg-color=\"\" data-bg-opacity=\"1\" data-animation=\"\" data-delay=\"0\" >\n\t\t<div class=\"vc_column-inner\" >\n\t\t<div class=\"wpb_wrapper\">\n\t\t\t<div class=\"team-member\" data-style=\"bio_fullscreen_alt\"><div class=\"team-member-image\"><div class=\"team-member-image-inner\"><img loading=\"lazy\" decoding=\"async\" class=\"nectar-lazy\" src=\"data:image\/svg+xml;charset=utf-8,%3Csvg%20xmlns%3D'http%3A%2F%2Fwww.w3.org%2F2000%2Fsvg'%20viewBox%3D'0%200%201277%201400'%2F%3E\" data-nectar-img-src=\"https:\/\/www.community.it\/wp-content\/uploads\/2025\/10\/Claudia_Laria_.jpg\" width=\"1277\" height=\"1400\" alt=\"\" \/><\/div><\/div><div class=\"team-member-overlay\"><\/div>\n    <div class=\"team-meta\"><h5>Consultant<\/h5><h3>Claudia Laria<\/h3><p><\/p><\/div>\n    <div class=\"nectar_team_bio_img\" data-img-src=\"https:\/\/www.community.it\/wp-content\/uploads\/2025\/10\/Claudia_Laria_.jpg\"><\/div>\n    <div class=\"nectar_team_bio\"><p>In Community da giugno 2022, Claudia ha consolidato una solida esperienza nella comunicazione corporate per realt\u00e0 tecnologiche, spaziando dalla cybersecurity alla microelettronica, dall\u2019healthcare all\u2019elettronica di consumo.<\/p>\n<p>Ha affiancato multinazionali, PMI, associazioni di categoria e confindustriali, gestendo le relazioni con media generalisti e di settore, la comunicazione di crisi e l\u2019implementazione di campagne europee e progetti locali.<\/p>\n<p>\u00c8 laureata in Relazioni Pubbliche e Comunicazione d\u2019Impresa alla IULM di Milano con una tesi in sociologia.<\/p>\n<div class=\"bottom_meta\"><a href=\"https:\/\/www.linkedin.com\/in\/claudia-laria-64b39712a\/\" target=\"_blank\" rel=\"noopener\"><i class=\"icon-default-style fa fa-linkedin\"><\/i><\/a><\/div><\/div>\n    <\/div><div class=\"divider-wrap\" data-alignment=\"default\"><div style=\"height: 20px;\" class=\"divider\"><\/div><\/div>\n\t\t<\/div> \n\t<\/div>\n\t<\/div> \n<\/div><\/div><div id=\"fws_69f7669560ca3\" data-midnight=\"\" data-column-margin=\"default\" class=\"wpb_row vc_row-fluid vc_row inner_row\"  style=\"\"><div class=\"row-bg-wrap\"> <div class=\"row-bg\" ><\/div> <\/div><div class=\"row_col_wrap_12_inner col span_12  left\">\n\t<div  class=\"vc_col-sm-4 wpb_column column_container vc_column_container col child_column no-extra-padding inherit_tablet inherit_phone\"   data-padding-pos=\"all\" data-has-bg-color=\"false\" data-bg-color=\"\" data-bg-opacity=\"1\" data-animation=\"\" data-delay=\"0\" >\n\t\t<div class=\"vc_column-inner\" >\n\t\t<div class=\"wpb_wrapper\">\n\t\t\t<div class=\"team-member\" data-style=\"bio_fullscreen_alt\"><div class=\"team-member-image\"><div class=\"team-member-image-inner\"><img loading=\"lazy\" decoding=\"async\" class=\"nectar-lazy\" src=\"data:image\/svg+xml;charset=utf-8,%3Csvg%20xmlns%3D'http%3A%2F%2Fwww.w3.org%2F2000%2Fsvg'%20viewBox%3D'0%200%201282%201400'%2F%3E\" data-nectar-img-src=\"https:\/\/www.community.it\/wp-content\/uploads\/2025\/10\/Valeria-Longo.jpg\" width=\"1282\" height=\"1400\" alt=\"\" \/><\/div><\/div><div class=\"team-member-overlay\"><\/div>\n    <div class=\"team-meta\"><h5>Senior Consultant<\/h5><h3>Valeria Longo<\/h3><p><\/p><\/div>\n    <div class=\"nectar_team_bio_img\" data-img-src=\"https:\/\/www.community.it\/wp-content\/uploads\/2025\/10\/Valeria-Longo.jpg\"><\/div>\n    <div class=\"nectar_team_bio\"><p style=\"text-align: left;\"><span data-olk-copy-source=\"MessageBody\">In Community dal 2021, Valeria Longo \u00e8 Senior Consultant nella divisione Media Relations e si occupa della comunicazione corporate, finanziaria e legale di asset manager, gruppi assicurativi, studi legali e imprese. <\/span><\/p>\n<p style=\"text-align: left;\"><span data-olk-copy-source=\"MessageBody\">Dopo alcune esperienze in testate giornalistiche e nella redazione di Sky TG24, ha lavorato in The European House \u2013 Ambrosetti come Communication Manager. <\/span><\/p>\n<p style=\"text-align: left;\"><span data-olk-copy-source=\"MessageBody\">Ha conseguito la Laurea magistrale alla Universit\u00e0 Cattolica del Sacro Cuore, in \u201cPolitiche per la Cooperazione Internazionale allo Sviluppo\u201d, dopo la Laurea triennale in \u201cScienze Politiche e Relazioni Internazionali&#8221; alla Sapienza di Roma. <\/span><\/p>\n<p style=\"text-align: left;\"><span data-olk-copy-source=\"MessageBody\">Ha frequentato il Master in \u201cGiornalismo Politico Economico e Informazione Multimediale\u201d della 24ORE Business\u00a0School.<\/span><\/p>\n<div class=\"bottom_meta\"><a href=\"https:\/\/www.linkedin.com\/in\/valeria-longo\/\" target=\"_blank\" rel=\"noopener\"><i class=\"icon-default-style fa fa-linkedin\"><\/i><\/a><\/div><\/div>\n    <\/div><div class=\"divider-wrap\" data-alignment=\"default\"><div style=\"height: 20px;\" class=\"divider\"><\/div><\/div>\n\t\t<\/div> \n\t<\/div>\n\t<\/div> \n\n\t<div  class=\"vc_col-sm-4 wpb_column column_container vc_column_container col child_column no-extra-padding inherit_tablet inherit_phone\"   data-padding-pos=\"all\" data-has-bg-color=\"false\" data-bg-color=\"\" data-bg-opacity=\"1\" data-animation=\"\" data-delay=\"0\" >\n\t\t<div class=\"vc_column-inner\" >\n\t\t<div class=\"wpb_wrapper\">\n\t\t\t<div class=\"team-member\" data-style=\"bio_fullscreen_alt\"><div class=\"team-member-image\"><div class=\"team-member-image-inner\"><img loading=\"lazy\" decoding=\"async\" class=\"nectar-lazy\" src=\"data:image\/svg+xml;charset=utf-8,%3Csvg%20xmlns%3D'http%3A%2F%2Fwww.w3.org%2F2000%2Fsvg'%20viewBox%3D'0%200%202345%202560'%2F%3E\" data-nectar-img-src=\"https:\/\/www.community.it\/wp-content\/uploads\/2025\/10\/Laura-Meneghetti-scaled.jpg\" width=\"2345\" height=\"2560\" alt=\"\" \/><\/div><\/div><div class=\"team-member-overlay\"><\/div>\n    <div class=\"team-meta\"><h5>Senior Consultant<\/h5><h3>Laura Meneghetti<\/h3><p><\/p><\/div>\n    <div class=\"nectar_team_bio_img\" data-img-src=\"https:\/\/www.community.it\/wp-content\/uploads\/2025\/10\/Laura-Meneghetti-scaled.jpg\"><\/div>\n    <div class=\"nectar_team_bio\"><p style=\"text-align: left;\"><span data-olk-copy-source=\"MessageBody\">In Community dal 2013, Laura si occupa di comunicazione corporate ed economico-finanziaria, con esperienza nell\u2019ambito dell\u2019ufficio stampa e delle media relations a livello nazionale e territoriale. <\/span><\/p>\n<p style=\"text-align: left;\"><span data-olk-copy-source=\"MessageBody\">Nel corso degli anni ha seguito progetti di comunicazione integrata per realt\u00e0 appartenenti a diversi ambiti: istituti bancari e istituzioni finanziarie, asset manager, imprese quotate, associazioni di categoria, aziende del settore retail e GDO e del mondo energy. In precedenza, ha lavorato nell\u2019ufficio PR di un\u2019importante azienda sportiva italiana, occupandosi della comunicazione corporate e di prodotto. <\/span><\/p>\n<p style=\"text-align: left;\"><span data-olk-copy-source=\"MessageBody\">Dopo la laurea magistrale in Lingue e Letterature Straniere presso l\u2019Universit\u00e0 C\u00e0 Foscari Venezia, ha conseguito un Master in Comunicazione, Management e Nuovi Media. Parla fluentemente inglese.<\/span><\/p>\n<div class=\"bottom_meta\"><a href=\"#\" target=\"_blank\"><i class=\"icon-default-style fa fa-linkedin\"><\/i><\/a><\/div><\/div>\n    <\/div><div class=\"divider-wrap\" data-alignment=\"default\"><div style=\"height: 20px;\" class=\"divider\"><\/div><\/div>\n\t\t<\/div> \n\t<\/div>\n\t<\/div> \n\n\t<div  class=\"vc_col-sm-4 wpb_column column_container vc_column_container col child_column no-extra-padding inherit_tablet inherit_phone\"   data-padding-pos=\"all\" data-has-bg-color=\"false\" data-bg-color=\"\" data-bg-opacity=\"1\" data-animation=\"\" data-delay=\"0\" >\n\t\t<div class=\"vc_column-inner\" >\n\t\t<div class=\"wpb_wrapper\">\n\t\t\t<div class=\"team-member\" data-style=\"bio_fullscreen_alt\"><div class=\"team-member-image\"><div class=\"team-member-image-inner\"><img loading=\"lazy\" decoding=\"async\" class=\"nectar-lazy\" src=\"data:image\/svg+xml;charset=utf-8,%3Csvg%20xmlns%3D'http%3A%2F%2Fwww.w3.org%2F2000%2Fsvg'%20viewBox%3D'0%200%201277%201400'%2F%3E\" data-nectar-img-src=\"https:\/\/www.community.it\/wp-content\/uploads\/2025\/10\/Ilaria_Meneguzzi_.jpg\" width=\"1277\" height=\"1400\" alt=\"\" \/><\/div><\/div><div class=\"team-member-overlay\"><\/div>\n    <div class=\"team-meta\"><h5>Consultant<\/h5><h3>Ilaria Meneguzzi<\/h3><p><\/p><\/div>\n    <div class=\"nectar_team_bio_img\" data-img-src=\"https:\/\/www.community.it\/wp-content\/uploads\/2025\/10\/Ilaria_Meneguzzi_.jpg\"><\/div>\n    <div class=\"nectar_team_bio\"><p class=\"x_MsoNormal\"><span data-olk-copy-source=\"MessageBody\">In Community dal 2022, Ilaria si occupa di media relations e ufficio stampa, oltre che dello sviluppo di strategie di comunicazione per clienti di diverse dimensioni e settori \u2013 dalle fondazioni alla moda, dalle associazioni confindustriali al legale \u2013 affiancandoli anche nella comunicazione digitale e nella gestione dei piani editoriali per i principali social network.<\/span><\/p>\n<p class=\"x_MsoNormal\">Laureata magistrale in Relazioni internazionali, ha svolto esperienze di studio e volontariato in Argentina, Spagna e Tanzania. Parla fluentemente spagnolo\u00a0e\u00a0inglese.<\/p>\n<div class=\"bottom_meta\"><a href=\"https:\/\/www.linkedin.com\/in\/ilaria-meneguzzi-8ab30b1a2\/\" target=\"_blank\" rel=\"noopener\"><i class=\"icon-default-style fa fa-linkedin\"><\/i><\/a><\/div><\/div>\n    <\/div><div class=\"divider-wrap\" data-alignment=\"default\"><div style=\"height: 20px;\" class=\"divider\"><\/div><\/div>\n\t\t<\/div> \n\t<\/div>\n\t<\/div> \n<\/div><\/div><div id=\"fws_69f7669561866\" data-midnight=\"\" data-column-margin=\"default\" class=\"wpb_row vc_row-fluid vc_row inner_row\"  style=\"\"><div class=\"row-bg-wrap\"> <div class=\"row-bg\" ><\/div> <\/div><div class=\"row_col_wrap_12_inner col span_12  left\">\n\t<div  class=\"vc_col-sm-4 wpb_column column_container vc_column_container col child_column no-extra-padding inherit_tablet inherit_phone\"   data-padding-pos=\"all\" data-has-bg-color=\"false\" data-bg-color=\"\" data-bg-opacity=\"1\" data-animation=\"\" data-delay=\"0\" >\n\t\t<div class=\"vc_column-inner\" >\n\t\t<div class=\"wpb_wrapper\">\n\t\t\t<div class=\"team-member\" data-style=\"bio_fullscreen_alt\"><div class=\"team-member-image\"><div class=\"team-member-image-inner\"><img loading=\"lazy\" decoding=\"async\" class=\"nectar-lazy\" src=\"data:image\/svg+xml;charset=utf-8,%3Csvg%20xmlns%3D'http%3A%2F%2Fwww.w3.org%2F2000%2Fsvg'%20viewBox%3D'0%200%201277%201400'%2F%3E\" data-nectar-img-src=\"https:\/\/www.community.it\/wp-content\/uploads\/2026\/02\/Mattia_Necchio.png\" width=\"1277\" height=\"1400\" alt=\"\" \/><\/div><\/div><div class=\"team-member-overlay\"><\/div>\n    <div class=\"team-meta\"><h5>Consultant<\/h5><h3>Mattia Necchio<\/h3><p><\/p><\/div>\n    <div class=\"nectar_team_bio_img\" data-img-src=\"https:\/\/www.community.it\/wp-content\/uploads\/2026\/02\/Mattia_Necchio.png\"><\/div>\n    <div class=\"nectar_team_bio\"><p data-start=\"78\" data-end=\"235\">In community dal 2022, Mattia si occupa di comunicazione corporate online e offline, con un focus su tematiche culturali, reputazionali e di sostenibilit\u00e0.<\/p>\n<p data-start=\"237\" data-end=\"439\">Negli anni ha maturato esperienza nella comunicazione d\u2019impresa, in particolare nei settori del trasferimento tecnologico, del posizionamento reputazionale e della comunicazione strategica.<\/p>\n<p data-start=\"441\" data-end=\"525\">\u00c8 laureato magistrale in Strategie di Comunicazione presso l\u2019Universit\u00e0 di Padova.<\/p>\n<div class=\"bottom_meta\"><a href=\"https:\/\/www.linkedin.com\/in\/mattia-necchio\/\" target=\"_blank\" rel=\"noopener\"><i class=\"icon-default-style fa fa-linkedin\"><\/i><\/a><\/div><\/div>\n    <\/div><div class=\"divider-wrap\" data-alignment=\"default\"><div style=\"height: 20px;\" class=\"divider\"><\/div><\/div>\n\t\t<\/div> \n\t<\/div>\n\t<\/div> \n\n\t<div  class=\"vc_col-sm-4 wpb_column column_container vc_column_container col child_column no-extra-padding inherit_tablet inherit_phone\"   data-padding-pos=\"all\" data-has-bg-color=\"false\" data-bg-color=\"\" data-bg-opacity=\"1\" data-animation=\"\" data-delay=\"0\" >\n\t\t<div class=\"vc_column-inner\" >\n\t\t<div class=\"wpb_wrapper\">\n\t\t\t<div class=\"team-member\" data-style=\"bio_fullscreen_alt\"><div class=\"team-member-image\"><div class=\"team-member-image-inner\"><img loading=\"lazy\" decoding=\"async\" class=\"nectar-lazy\" src=\"data:image\/svg+xml;charset=utf-8,%3Csvg%20xmlns%3D'http%3A%2F%2Fwww.w3.org%2F2000%2Fsvg'%20viewBox%3D'0%200%201282%201400'%2F%3E\" data-nectar-img-src=\"https:\/\/www.community.it\/wp-content\/uploads\/2025\/10\/Alessia-Omerini.jpg\" width=\"1282\" height=\"1400\" alt=\"\" \/><\/div><\/div><div class=\"team-member-overlay\"><\/div>\n    <div class=\"team-meta\"><h5>Consultant<\/h5><h3>Alessia Omerini<\/h3><p><\/p><\/div>\n    <div class=\"nectar_team_bio_img\" data-img-src=\"https:\/\/www.community.it\/wp-content\/uploads\/2025\/10\/Alessia-Omerini.jpg\"><\/div>\n    <div class=\"nectar_team_bio\"><p>In Community dal 2023, Alessia si occupa di comunicazione corporate, affiancando realt\u00e0 provenienti da diversi settori: dal lavoro allo sport, passando per tech, retail e istituzioni.<\/p>\n<p>In precedenza, ha seguito progetti di comunicazione e media relations per un un\u2019agenzia del Nordest, e ha curato le attivit\u00e0 di social media, content creation e copywriting per una societ\u00e0 attiva nell\u2019organizzazione di eventi.<\/p>\n<p>Alessia \u00e8 laureata Magistrale in Strategie di Comunicazione presso l\u2019Universit\u00e0 di Padova.<\/p>\n<div class=\"bottom_meta\"><a href=\"https:\/\/www.linkedin.com\/in\/alessiaomerini\/\" target=\"_blank\" rel=\"noopener\"><i class=\"icon-default-style fa fa-linkedin\"><\/i><\/a><\/div><\/div>\n    <\/div><div class=\"divider-wrap\" data-alignment=\"default\"><div style=\"height: 20px;\" class=\"divider\"><\/div><\/div>\n\t\t<\/div> \n\t<\/div>\n\t<\/div> \n\n\t<div  class=\"vc_col-sm-4 wpb_column column_container vc_column_container col child_column no-extra-padding inherit_tablet inherit_phone\"   data-padding-pos=\"all\" data-has-bg-color=\"false\" data-bg-color=\"\" data-bg-opacity=\"1\" data-animation=\"\" data-delay=\"0\" >\n\t\t<div class=\"vc_column-inner\" >\n\t\t<div class=\"wpb_wrapper\">\n\t\t\t<div class=\"team-member\" data-style=\"bio_fullscreen_alt\"><div class=\"team-member-image\"><div class=\"team-member-image-inner\"><img loading=\"lazy\" decoding=\"async\" class=\"nectar-lazy\" src=\"data:image\/svg+xml;charset=utf-8,%3Csvg%20xmlns%3D'http%3A%2F%2Fwww.w3.org%2F2000%2Fsvg'%20viewBox%3D'0%200%201282%201400'%2F%3E\" data-nectar-img-src=\"https:\/\/www.community.it\/wp-content\/uploads\/2025\/10\/Sara-Panarello.jpg\" width=\"1282\" height=\"1400\" alt=\"\" \/><\/div><\/div><div class=\"team-member-overlay\"><\/div>\n    <div class=\"team-meta\"><h5>Junior Consultant<\/h5><h3>Sara Panarello<\/h3><p><\/p><\/div>\n    <div class=\"nectar_team_bio_img\" data-img-src=\"https:\/\/www.community.it\/wp-content\/uploads\/2025\/10\/Sara-Panarello.jpg\"><\/div>\n    <div class=\"nectar_team_bio\"><p>In Community dal 2024, Sara si occupa di PR, Corporate Communication e Reputation Management.<\/p>\n<p>La sua carriera inizia presso un\u2019agenzia di comunicazione nel cuore di Milano seguendo realt\u00e0 innovative, da start-up a multinazionali.<\/p>\n<p>Consegue la Laurea Triennale in Comunicazione d\u2019Impresa e Relazioni Pubbliche all\u2019Universit\u00e0 IULM di Milano e conclude il ciclo di studi con una Double Degree in Strategic Communication e International Business Management tra l\u2019Universit\u00e0 IULM e la Cardiff Metropolitan University. Riceve una borsa di studio per il Master in Leadership per le Relazioni Internazionali e Made in Italy.<\/p>\n<div class=\"bottom_meta\"><a href=\"#\" target=\"_blank\"><i class=\"icon-default-style fa fa-linkedin\"><\/i><\/a><\/div><\/div>\n    <\/div><div class=\"divider-wrap\" data-alignment=\"default\"><div style=\"height: 20px;\" class=\"divider\"><\/div><\/div>\n\t\t<\/div> \n\t<\/div>\n\t<\/div> \n<\/div><\/div><div id=\"fws_69f76695624d8\" data-midnight=\"\" data-column-margin=\"default\" class=\"wpb_row vc_row-fluid vc_row inner_row\"  style=\"\"><div class=\"row-bg-wrap\"> <div class=\"row-bg\" ><\/div> <\/div><div class=\"row_col_wrap_12_inner col span_12  left\">\n\t<div  class=\"vc_col-sm-4 wpb_column column_container vc_column_container col child_column no-extra-padding inherit_tablet inherit_phone\"   data-padding-pos=\"all\" data-has-bg-color=\"false\" data-bg-color=\"\" data-bg-opacity=\"1\" data-animation=\"\" data-delay=\"0\" >\n\t\t<div class=\"vc_column-inner\" >\n\t\t<div class=\"wpb_wrapper\">\n\t\t\t<div class=\"team-member\" data-style=\"bio_fullscreen_alt\"><div class=\"team-member-image\"><div class=\"team-member-image-inner\"><img loading=\"lazy\" decoding=\"async\" class=\"nectar-lazy\" src=\"data:image\/svg+xml;charset=utf-8,%3Csvg%20xmlns%3D'http%3A%2F%2Fwww.w3.org%2F2000%2Fsvg'%20viewBox%3D'0%200%201282%201400'%2F%3E\" data-nectar-img-src=\"https:\/\/www.community.it\/wp-content\/uploads\/2025\/10\/Iolanda-Petrone.jpg\" width=\"1282\" height=\"1400\" alt=\"\" \/><\/div><\/div><div class=\"team-member-overlay\"><\/div>\n    <div class=\"team-meta\"><h5>Digital Consultant<\/h5><h3>Iolanda Petrone<\/h3><p><\/p><\/div>\n    <div class=\"nectar_team_bio_img\" data-img-src=\"https:\/\/www.community.it\/wp-content\/uploads\/2025\/10\/Iolanda-Petrone.jpg\"><\/div>\n    <div class=\"nectar_team_bio\"><p>Iolanda entra in Community nel 2024, dove segue progetti di comunicazione digitale per clienti istituzionali e dei settori finance, pharma e retail. Si occupa di strategie di comunicazione integrate, gestione dei canali social e attivit\u00e0 di digital PR.<\/p>\n<p>In precedenza, ha maturato esperienza in agenzie internazionali e aziende multinazionali, occupandosi di digital strategy, project management e content marketing.<\/p>\n<p>Ha conseguito la laurea magistrale in Comunicazione per l\u2019impresa, i media e le organizzazioni complesse presso l\u2019Universit\u00e0 Cattolica del Sacro Cuore, specializzandosi in strategie digitali e corporate communication.<\/p>\n<div class=\"bottom_meta\"><a href=\"https:\/\/www.linkedin.com\/in\/iolandapetrone\/\" target=\"_blank\" rel=\"noopener\"><i class=\"icon-default-style fa fa-linkedin\"><\/i><\/a><\/div><\/div>\n    <\/div><div class=\"divider-wrap\" data-alignment=\"default\"><div style=\"height: 20px;\" class=\"divider\"><\/div><\/div>\n\t\t<\/div> \n\t<\/div>\n\t<\/div> \n\n\t<div  class=\"vc_col-sm-4 wpb_column column_container vc_column_container col child_column no-extra-padding inherit_tablet inherit_phone\"   data-padding-pos=\"all\" data-has-bg-color=\"false\" data-bg-color=\"\" data-bg-opacity=\"1\" data-animation=\"\" data-delay=\"0\" >\n\t\t<div class=\"vc_column-inner\" >\n\t\t<div class=\"wpb_wrapper\">\n\t\t\t<div class=\"team-member\" data-style=\"bio_fullscreen_alt\"><div class=\"team-member-image\"><div class=\"team-member-image-inner\"><img loading=\"lazy\" decoding=\"async\" class=\"nectar-lazy\" src=\"data:image\/svg+xml;charset=utf-8,%3Csvg%20xmlns%3D'http%3A%2F%2Fwww.w3.org%2F2000%2Fsvg'%20viewBox%3D'0%200%201282%201400'%2F%3E\" data-nectar-img-src=\"https:\/\/www.community.it\/wp-content\/uploads\/2025\/10\/Sarah-Possamai.jpg\" width=\"1282\" height=\"1400\" alt=\"\" \/><\/div><\/div><div class=\"team-member-overlay\"><\/div>\n    <div class=\"team-meta\"><h5>Senior Consultant<\/h5><h3>Sarah Possamai<\/h3><p><\/p><\/div>\n    <div class=\"nectar_team_bio_img\" data-img-src=\"https:\/\/www.community.it\/wp-content\/uploads\/2025\/10\/Sarah-Possamai.jpg\"><\/div>\n    <div class=\"nectar_team_bio\"><p class=\"x_MsoNormal\"><span data-olk-copy-source=\"MessageBody\">In Community dal 2020, Sarah ha maturato una solida esperienza nella comunicazione corporate e nelle media relations, con un focus particolare sulla gestione della comunicazione territoriale. <\/span><\/p>\n<p class=\"x_MsoNormal\"><span data-olk-copy-source=\"MessageBody\">Sarah fa parte dei team che seguono clienti attivi nei settori trasporti, industria manifatturiera, moda e lusso, mondo culturale e dell&#8217;associazionismo. Ha acquisito competenze nella gestione della comunicazione di crisi e si occupa inoltre di comunicazione digital per manager e imprese sui principali canali social.<\/span><\/p>\n<p class=\"x_MsoNormal\">\u00c8 laureata in Scienze e Tecniche della Comunicazione grafica e multimediale presso lo IUSVE e parla correntemente\u00a0inglese.<\/p>\n<div class=\"bottom_meta\"><a href=\"https:\/\/www.linkedin.com\/in\/sarah-possamai-29ab32162\/\" target=\"_blank\" rel=\"noopener\"><i class=\"icon-default-style fa fa-linkedin\"><\/i><\/a><\/div><\/div>\n    <\/div><div class=\"divider-wrap\" data-alignment=\"default\"><div style=\"height: 20px;\" class=\"divider\"><\/div><\/div>\n\t\t<\/div> \n\t<\/div>\n\t<\/div> \n\n\t<div  class=\"vc_col-sm-4 wpb_column column_container vc_column_container col child_column no-extra-padding inherit_tablet inherit_phone\"   data-padding-pos=\"all\" data-has-bg-color=\"false\" data-bg-color=\"\" data-bg-opacity=\"1\" data-animation=\"\" data-delay=\"0\" >\n\t\t<div class=\"vc_column-inner\" >\n\t\t<div class=\"wpb_wrapper\">\n\t\t\t<div class=\"team-member\" data-style=\"bio_fullscreen_alt\"><div class=\"team-member-image\"><div class=\"team-member-image-inner\"><img loading=\"lazy\" decoding=\"async\" class=\"nectar-lazy\" src=\"data:image\/svg+xml;charset=utf-8,%3Csvg%20xmlns%3D'http%3A%2F%2Fwww.w3.org%2F2000%2Fsvg'%20viewBox%3D'0%200%201282%201400'%2F%3E\" data-nectar-img-src=\"https:\/\/www.community.it\/wp-content\/uploads\/2025\/10\/Alice-Piscitelli.jpg\" width=\"1282\" height=\"1400\" alt=\"\" \/><\/div><\/div><div class=\"team-member-overlay\"><\/div>\n    <div class=\"team-meta\"><h5>Senior Consultant<\/h5><h3>Alice Piscitelli<\/h3><p><\/p><\/div>\n    <div class=\"nectar_team_bio_img\" data-img-src=\"https:\/\/www.community.it\/wp-content\/uploads\/2025\/10\/Alice-Piscitelli.jpg\"><\/div>\n    <div class=\"nectar_team_bio\"><p>In Community dal 2021, Alice \u00e8 specializzata in comunicazione corporate e finanziaria. Nel suo percorso ha curato media relations e seguito progetti digitali per imprese e istituzioni finanziarie italiane e internazionali.<\/p>\n<p>Ha completato un percorso di studi in Lettere Moderne all\u2019Universit\u00e0 Federico II di Napoli. Ha poi conseguito la laurea magistrale in Cultura e storia del sistema editoriale all\u2019Universit\u00e0 degli Studi di Milano e frequentato il Master in Press office and online media relations alla Business School de Il Sole 24 Ore.<\/p>\n<div class=\"bottom_meta\"><a href=\"https:\/\/www.linkedin.com\/in\/alice-piscitelli-812961143\/\" target=\"_blank\" rel=\"noopener\"><i class=\"icon-default-style fa fa-linkedin\"><\/i><\/a><\/div><\/div>\n    <\/div><div class=\"divider-wrap\" data-alignment=\"default\"><div style=\"height: 20px;\" class=\"divider\"><\/div><\/div>\n\t\t<\/div> \n\t<\/div>\n\t<\/div> \n<\/div><\/div><div id=\"fws_69f76695630dc\" data-midnight=\"\" data-column-margin=\"default\" class=\"wpb_row vc_row-fluid vc_row inner_row\"  style=\"\"><div class=\"row-bg-wrap\"> <div class=\"row-bg\" ><\/div> <\/div><div class=\"row_col_wrap_12_inner col span_12  left\">\n\t<div  class=\"vc_col-sm-4 wpb_column column_container vc_column_container col child_column no-extra-padding inherit_tablet inherit_phone\"   data-padding-pos=\"all\" data-has-bg-color=\"false\" data-bg-color=\"\" data-bg-opacity=\"1\" data-animation=\"\" data-delay=\"0\" >\n\t\t<div class=\"vc_column-inner\" >\n\t\t<div class=\"wpb_wrapper\">\n\t\t\t<div class=\"team-member\" data-style=\"bio_fullscreen_alt\"><div class=\"team-member-image\"><div class=\"team-member-image-inner\"><img loading=\"lazy\" decoding=\"async\" class=\"nectar-lazy\" src=\"data:image\/svg+xml;charset=utf-8,%3Csvg%20xmlns%3D'http%3A%2F%2Fwww.w3.org%2F2000%2Fsvg'%20viewBox%3D'0%200%202345%202560'%2F%3E\" data-nectar-img-src=\"https:\/\/www.community.it\/wp-content\/uploads\/2025\/10\/Jacopo-Simonetti-scaled.jpg\" width=\"2345\" height=\"2560\" alt=\"\" \/><\/div><\/div><div class=\"team-member-overlay\"><\/div>\n    <div class=\"team-meta\"><h5>Senior Consultant<\/h5><h3>Jacopo Simonetti<\/h3><p><\/p><\/div>\n    <div class=\"nectar_team_bio_img\" data-img-src=\"https:\/\/www.community.it\/wp-content\/uploads\/2025\/10\/Jacopo-Simonetti-scaled.jpg\"><\/div>\n    <div class=\"nectar_team_bio\"><p class=\"x_MsoNormal\"><span data-olk-copy-source=\"MessageBody\">In Community dal 2018, Jacopo si occupa dello sviluppo delle attivit\u00e0 e delle strategie di comunicazione per clienti attivi nei settori infrastrutturale, marittimo, turistico, finanziario e non solo, supportando le aziende nel rafforzare la propria reputazione e nel gestire relazioni con i media.<\/span><\/p>\n<p class=\"x_MsoNormal\">Appassionato di politica e istituzioni, ha acquisito esperienza lavorando per societ\u00e0 di consulenza strategica e seguendo le attivit\u00e0 di un\u2019importante confederazione confindustriale nel comparto delle telecomunicazioni.<\/p>\n<p class=\"x_MsoNormal\">Laureato in Relazioni Internazionali, ha conseguito un Master di II Livello in Relazioni Istituzionali, Lobby e Comunicazione d&#8217;impresa. Parla fluentemente inglese.<\/p>\n<div class=\"bottom_meta\"><a href=\"https:\/\/www.linkedin.com\/in\/jacopo-simonetti\/\" target=\"_blank\" rel=\"noopener\"><i class=\"icon-default-style fa fa-linkedin\"><\/i><\/a><\/div><\/div>\n    <\/div><div class=\"divider-wrap\" data-alignment=\"default\"><div style=\"height: 20px;\" class=\"divider\"><\/div><\/div>\n\t\t<\/div> \n\t<\/div>\n\t<\/div> \n\n\t<div  class=\"vc_col-sm-4 wpb_column column_container vc_column_container col child_column no-extra-padding inherit_tablet inherit_phone\"   data-padding-pos=\"all\" data-has-bg-color=\"false\" data-bg-color=\"\" data-bg-opacity=\"1\" data-animation=\"\" data-delay=\"0\" >\n\t\t<div class=\"vc_column-inner\" >\n\t\t<div class=\"wpb_wrapper\">\n\t\t\t<div class=\"team-member\" data-style=\"bio_fullscreen_alt\"><div class=\"team-member-image\"><div class=\"team-member-image-inner\"><img loading=\"lazy\" decoding=\"async\" class=\"nectar-lazy\" src=\"data:image\/svg+xml;charset=utf-8,%3Csvg%20xmlns%3D'http%3A%2F%2Fwww.w3.org%2F2000%2Fsvg'%20viewBox%3D'0%200%201282%201400'%2F%3E\" data-nectar-img-src=\"https:\/\/www.community.it\/wp-content\/uploads\/2025\/10\/Chiara-Steiner.jpg\" width=\"1282\" height=\"1400\" alt=\"\" \/><\/div><\/div><div class=\"team-member-overlay\"><\/div>\n    <div class=\"team-meta\"><h5>Consultant<\/h5><h3>Chiara Steiner<\/h3><p><\/p><\/div>\n    <div class=\"nectar_team_bio_img\" data-img-src=\"https:\/\/www.community.it\/wp-content\/uploads\/2025\/10\/Chiara-Steiner.jpg\"><\/div>\n    <div class=\"nectar_team_bio\"><p class=\"x_MsoNormal\" data-olk-copy-source=\"MessageBody\">In Community da Marzo 2023, Chiara si occupa principalmente di comunicazione corporate offline e online, con esperienza in realt\u00e0 nazionali e internazionali nei settori retail, finance e tech.<\/p>\n<p class=\"x_MsoNormal\">Dopo la laurea triennale in Comunicazione presso l\u2019Universit\u00e0 Cattolica di Milano, ha conseguito un Master in Management con specializzazione in Marketing &amp; Sales all\u2019IE Business School di Madrid. A livello di lingue straniere, Chiara parla fluentemente inglese e spagnolo.<\/p>\n<p class=\"x_MsoNormal\">Durante gli studi ha svolto stage in agenzie creative e case editrici, sviluppando la passione per la comunicazione multicanale.<\/p>\n<div class=\"bottom_meta\"><a href=\"https:\/\/www.linkedin.com\/in\/chiara-steiner\/\" target=\"_blank\" rel=\"noopener\"><i class=\"icon-default-style fa fa-linkedin\"><\/i><\/a><\/div><\/div>\n    <\/div><div class=\"divider-wrap\" data-alignment=\"default\"><div style=\"height: 20px;\" class=\"divider\"><\/div><\/div>\n\t\t<\/div> \n\t<\/div>\n\t<\/div> \n\n\t<div  class=\"vc_col-sm-4 wpb_column column_container vc_column_container col child_column no-extra-padding inherit_tablet inherit_phone\"   data-padding-pos=\"all\" data-has-bg-color=\"false\" data-bg-color=\"\" data-bg-opacity=\"1\" data-animation=\"\" data-delay=\"0\" >\n\t\t<div class=\"vc_column-inner\" >\n\t\t<div class=\"wpb_wrapper\">\n\t\t\t<div class=\"team-member\" data-style=\"bio_fullscreen_alt\"><div class=\"team-member-image\"><div class=\"team-member-image-inner\"><img loading=\"lazy\" decoding=\"async\" class=\"nectar-lazy\" src=\"data:image\/svg+xml;charset=utf-8,%3Csvg%20xmlns%3D'http%3A%2F%2Fwww.w3.org%2F2000%2Fsvg'%20viewBox%3D'0%200%201282%201400'%2F%3E\" data-nectar-img-src=\"https:\/\/www.community.it\/wp-content\/uploads\/2025\/10\/Federica-Timpani.jpg\" width=\"1282\" height=\"1400\" alt=\"\" \/><\/div><\/div><div class=\"team-member-overlay\"><\/div>\n    <div class=\"team-meta\"><h5>Junior Consultant<\/h5><h3>Federica Timpani<\/h3><p><\/p><\/div>\n    <div class=\"nectar_team_bio_img\" data-img-src=\"https:\/\/www.community.it\/wp-content\/uploads\/2025\/10\/Federica-Timpani.jpg\"><\/div>\n    <div class=\"nectar_team_bio\"><p>In Community da marzo 2023, Federica Timpani si occupa di comunicazione corporate e finanziaria.<\/p>\n<p>Dopo la Laurea in Scienze politiche e Relazioni internazionali all\u2019Universit\u00e0 Federico II di Napoli, Federica ha frequentato alla SIOI il Master in International Functions, per poi iscriversi alla Laurea Magistrale in World Politics and International Relations all\u2019Universit\u00e0 di Pavia.<\/p>\n<p>Durante gli studi ha trascorso un periodo all\u2019estero con il Progetto Erasmus e ha svolto un tirocinio all\u2019Ambasciata Italiana di Vienna. A completamento dei suoi studi, ha conseguito il Master in Relazioni Istituzionali, Lobby e Comunicazione d\u2019impresa alla LUISS Business School.<\/p>\n<div class=\"bottom_meta\"><a href=\"https:\/\/www.linkedin.com\/in\/federica-timpani-6901b9b6\/\" target=\"_blank\" rel=\"noopener\"><i class=\"icon-default-style fa fa-linkedin\"><\/i><\/a><\/div><\/div>\n    <\/div><div class=\"divider-wrap\" data-alignment=\"default\"><div style=\"height: 20px;\" class=\"divider\"><\/div><\/div>\n\t\t<\/div> \n\t<\/div>\n\t<\/div> \n<\/div><\/div><div id=\"fws_69f7669563bbe\" data-midnight=\"\" data-column-margin=\"default\" class=\"wpb_row vc_row-fluid vc_row inner_row\"  style=\"\"><div class=\"row-bg-wrap\"> <div class=\"row-bg\" ><\/div> <\/div><div class=\"row_col_wrap_12_inner col span_12  left\">\n\t<div  class=\"vc_col-sm-4 wpb_column column_container vc_column_container col child_column no-extra-padding inherit_tablet inherit_phone\"   data-padding-pos=\"all\" data-has-bg-color=\"false\" data-bg-color=\"\" data-bg-opacity=\"1\" data-animation=\"\" data-delay=\"0\" >\n\t\t<div class=\"vc_column-inner\" >\n\t\t<div class=\"wpb_wrapper\">\n\t\t\t<div class=\"team-member\" data-style=\"bio_fullscreen_alt\"><div class=\"team-member-image\"><div class=\"team-member-image-inner\"><img loading=\"lazy\" decoding=\"async\" class=\"nectar-lazy\" src=\"data:image\/svg+xml;charset=utf-8,%3Csvg%20xmlns%3D'http%3A%2F%2Fwww.w3.org%2F2000%2Fsvg'%20viewBox%3D'0%200%201282%201400'%2F%3E\" data-nectar-img-src=\"https:\/\/www.community.it\/wp-content\/uploads\/2025\/10\/Federica-Tommasini.jpg\" width=\"1282\" height=\"1400\" alt=\"\" \/><\/div><\/div><div class=\"team-member-overlay\"><\/div>\n    <div class=\"team-meta\"><h5>Senior Consultant<\/h5><h3>Federica Tommasini<\/h3><p><\/p><\/div>\n    <div class=\"nectar_team_bio_img\" data-img-src=\"https:\/\/www.community.it\/wp-content\/uploads\/2025\/10\/Federica-Tommasini.jpg\"><\/div>\n    <div class=\"nectar_team_bio\"><p>In Community dal 2024, Federica segue la comunicazione per i clienti della sede di Roma.<\/p>\n<p>Con oltre 20 anni di esperienza nella comunicazione, Federica approda in Community dopo significative collaborazioni con importanti agenzie di consulenza italiane dove si \u00e8 occupata di comunicazione corporate e finanziaria, dell\u2019organizzazione di eventi, del monitoraggio della brand reputation, di contenuti social e dell\u2019elaborazione di strategie e piani di comunicazione.<\/p>\n<p>E\u2019 stata anche Responsabile Comunicazione e Business Development di uno studio legale, con sedi in Italia e all\u2019estero.<\/p>\n<p>Giornalista pubblicista. Federica \u00e8 laureata in <em>Storia della Filosofia Moderna<\/em> presso l\u2019Universit\u00e0 degli Studi di Roma La Sapienza.<\/p>\n<div class=\"bottom_meta\"><a href=\"https:\/\/www.linkedin.com\/in\/federica-tommasini-93637444\/\" target=\"_blank\" rel=\"noopener\"><i class=\"icon-default-style fa fa-linkedin\"><\/i><\/a><\/div><\/div>\n    <\/div><div class=\"divider-wrap\" data-alignment=\"default\"><div style=\"height: 20px;\" class=\"divider\"><\/div><\/div>\n\t\t<\/div> \n\t<\/div>\n\t<\/div> \n\n\t<div  class=\"vc_col-sm-4 wpb_column column_container vc_column_container col child_column no-extra-padding inherit_tablet inherit_phone\"   data-padding-pos=\"all\" data-has-bg-color=\"false\" data-bg-color=\"\" data-bg-opacity=\"1\" data-animation=\"\" data-delay=\"0\" >\n\t\t<div class=\"vc_column-inner\" >\n\t\t<div class=\"wpb_wrapper\">\n\t\t\t<div class=\"team-member\" data-style=\"bio_fullscreen_alt\"><div class=\"team-member-image\"><div class=\"team-member-image-inner\"><img loading=\"lazy\" decoding=\"async\" class=\"nectar-lazy\" src=\"data:image\/svg+xml;charset=utf-8,%3Csvg%20xmlns%3D'http%3A%2F%2Fwww.w3.org%2F2000%2Fsvg'%20viewBox%3D'0%200%202345%202560'%2F%3E\" data-nectar-img-src=\"https:\/\/www.community.it\/wp-content\/uploads\/2025\/10\/Andrea-Urbano-scaled.jpg\" width=\"2345\" height=\"2560\" alt=\"\" \/><\/div><\/div><div class=\"team-member-overlay\"><\/div>\n    <div class=\"team-meta\"><h5>Consultant<\/h5><h3>Andrea Urbano<\/h3><p><\/p><\/div>\n    <div class=\"nectar_team_bio_img\" data-img-src=\"https:\/\/www.community.it\/wp-content\/uploads\/2025\/10\/Andrea-Urbano-scaled.jpg\"><\/div>\n    <div class=\"nectar_team_bio\"><p>Andrea \u00e8 laureato in Scienze politiche e Relazioni Internazionali\u00a0 alla LUISS &#8211; Guido Carli di Roma ed ha conseguito un master di secondo livello in \u201cRelazioni Istituzionali, Lobby e Corporate Communication\u201d presso la LUISS Business School.<\/p>\n<p>Appassionato di politica internazionale, sport e\u00a0storia romana antica, ha acquisito esperienza lavorando per societ\u00e0 di comunicazione politica e di consulenza strategica.<\/p>\n<p>In passato, ha svolto ruoli di segreteria e assistenza didattica nell&#8217;insegnamento del\u00a0Diritto internazionale presso l&#8217;Universit\u00e0 LUISS. Parla fluentemente inglese ed ha una buona conoscenza della lingua francese.<\/p>\n<div class=\"bottom_meta\"><a href=\"https:\/\/www.linkedin.com\/in\/andrea-urbano-5a0633b5\/\" target=\"_blank\" rel=\"noopener\"><i class=\"icon-default-style fa fa-linkedin\"><\/i><\/a><\/div><\/div>\n    <\/div><div class=\"divider-wrap\" data-alignment=\"default\"><div style=\"height: 20px;\" class=\"divider\"><\/div><\/div>\n\t\t<\/div> \n\t<\/div>\n\t<\/div> \n\n\t<div  class=\"vc_col-sm-4 wpb_column column_container vc_column_container col child_column no-extra-padding inherit_tablet inherit_phone\"   data-padding-pos=\"all\" data-has-bg-color=\"false\" data-bg-color=\"\" data-bg-opacity=\"1\" data-animation=\"\" data-delay=\"0\" >\n\t\t<div class=\"vc_column-inner\" >\n\t\t<div class=\"wpb_wrapper\">\n\t\t\t<div class=\"team-member\" data-style=\"bio_fullscreen_alt\"><div class=\"team-member-image\"><div class=\"team-member-image-inner\"><img loading=\"lazy\" decoding=\"async\" class=\"nectar-lazy\" src=\"data:image\/svg+xml;charset=utf-8,%3Csvg%20xmlns%3D'http%3A%2F%2Fwww.w3.org%2F2000%2Fsvg'%20viewBox%3D'0%200%201282%201400'%2F%3E\" data-nectar-img-src=\"https:\/\/www.community.it\/wp-content\/uploads\/2025\/10\/Giulia-Vaccaro.jpg\" width=\"1282\" height=\"1400\" alt=\"\" \/><\/div><\/div><div class=\"team-member-overlay\"><\/div>\n    <div class=\"team-meta\"><h5>Senior Consultant<\/h5><h3>Giulia Vaccaro<\/h3><p><\/p><\/div>\n    <div class=\"nectar_team_bio_img\" data-img-src=\"https:\/\/www.community.it\/wp-content\/uploads\/2025\/10\/Giulia-Vaccaro.jpg\"><\/div>\n    <div class=\"nectar_team_bio\"><p>Giulia, in Community dal 2019, si occupa di comunicazione corporate e media relations con particolare focus su media, associazioni confindustriali e\u00a0tecnologia.<\/p>\n<p>Inizia la propria esperienza lavorativa nel campo del giornalismo sportivo, presso le redazioni online del Corriere dello Sport e di TuttoSport, e radiofonico come speaker e autrice.<\/p>\n<p>Di formazione umanistica, consegue la laurea in Comunicazione, tecnologie e culture digitali specializzandosi col massimo dei voti in Comunicazione, media e giornalismo presso l&#8217;Universit\u00e0 degli Studi di Roma &#8211; La Sapienza. Parla inglese.<\/p>\n<div class=\"bottom_meta\"><a href=\"https:\/\/www.linkedin.com\/in\/giulia-vaccaro-26a0a0164\/\" target=\"_blank\" rel=\"noopener\"><i class=\"icon-default-style fa fa-linkedin\"><\/i><\/a><\/div><\/div>\n    <\/div><div class=\"divider-wrap\" data-alignment=\"default\"><div style=\"height: 20px;\" class=\"divider\"><\/div><\/div>\n\t\t<\/div> \n\t<\/div>\n\t<\/div> \n<\/div><\/div><div id=\"fws_69f7669564540\" data-midnight=\"\" data-column-margin=\"default\" class=\"wpb_row vc_row-fluid vc_row inner_row\"  style=\"\"><div class=\"row-bg-wrap\"> <div class=\"row-bg\" ><\/div> <\/div><div class=\"row_col_wrap_12_inner col span_12  left\">\n\t<div  class=\"vc_col-sm-4 wpb_column column_container vc_column_container col child_column no-extra-padding inherit_tablet inherit_phone\"   data-padding-pos=\"all\" data-has-bg-color=\"false\" data-bg-color=\"\" data-bg-opacity=\"1\" data-animation=\"\" data-delay=\"0\" >\n\t\t<div class=\"vc_column-inner\" >\n\t\t<div class=\"wpb_wrapper\">\n\t\t\t<div class=\"team-member\" data-style=\"bio_fullscreen_alt\"><div class=\"team-member-image\"><div class=\"team-member-image-inner\"><img loading=\"lazy\" decoding=\"async\" class=\"nectar-lazy\" src=\"data:image\/svg+xml;charset=utf-8,%3Csvg%20xmlns%3D'http%3A%2F%2Fwww.w3.org%2F2000%2Fsvg'%20viewBox%3D'0%200%201282%201400'%2F%3E\" data-nectar-img-src=\"https:\/\/www.community.it\/wp-content\/uploads\/2025\/10\/Cosimo-Vestito.jpg\" width=\"1282\" height=\"1400\" alt=\"\" \/><\/div><\/div><div class=\"team-member-overlay\"><\/div>\n    <div class=\"team-meta\"><h5>Senior Digital Consultant<\/h5><h3>Cosimo Vestito<\/h3><p><\/p><\/div>\n    <div class=\"nectar_team_bio_img\" data-img-src=\"https:\/\/www.community.it\/wp-content\/uploads\/2025\/10\/Cosimo-Vestito.jpg\"><\/div>\n    <div class=\"nectar_team_bio\"><p>In Community dal 2023, Cosimo si occupa di strategie di comunicazione digitale, gestione dei social e personal branding per clienti di diversi settori.<\/p>\n<p>Comincia la sua carriera come redattore e autore tv, successivamente lavora come giornalista specializzato in marketing e media per poi approdare in una grande agenzia di comunicazione, con responsabilit\u00e0 nella gestione di contenuti online e offline.<\/p>\n<p>Cosimo ha ottenuto una laurea magistrale in Mass media e politica presso l\u2019Universit\u00e0 di Bologna, maturando esperienze accademiche e professionali in Giappone e Stati Uniti. Ha conseguito un Master in Comunicazione Strategica alla 24Ore Business School.<\/p>\n<div class=\"bottom_meta\"><a href=\"https:\/\/www.linkedin.com\/in\/cosimo-vestito\/\" target=\"_blank\" rel=\"noopener\"><i class=\"icon-default-style fa fa-linkedin\"><\/i><\/a><\/div><\/div>\n    <\/div><div class=\"divider-wrap\" data-alignment=\"default\"><div style=\"height: 20px;\" class=\"divider\"><\/div><\/div>\n\t\t<\/div> \n\t<\/div>\n\t<\/div> \n\n\t<div  class=\"vc_col-sm-4 wpb_column column_container vc_column_container col child_column no-extra-padding inherit_tablet inherit_phone\"   data-padding-pos=\"all\" data-has-bg-color=\"false\" data-bg-color=\"\" data-bg-opacity=\"1\" data-animation=\"\" data-delay=\"0\" >\n\t\t<div class=\"vc_column-inner\" >\n\t\t<div class=\"wpb_wrapper\">\n\t\t\t<div class=\"team-member\" data-style=\"bio_fullscreen_alt\"><div class=\"team-member-image\"><div class=\"team-member-image-inner\"><img loading=\"lazy\" decoding=\"async\" class=\"nectar-lazy\" src=\"data:image\/svg+xml;charset=utf-8,%3Csvg%20xmlns%3D'http%3A%2F%2Fwww.w3.org%2F2000%2Fsvg'%20viewBox%3D'0%200%201282%201400'%2F%3E\" data-nectar-img-src=\"https:\/\/www.community.it\/wp-content\/uploads\/2025\/10\/Giovanna-Zizza.jpg\" width=\"1282\" height=\"1400\" alt=\"\" \/><\/div><\/div><div class=\"team-member-overlay\"><\/div>\n    <div class=\"team-meta\"><h5>Consultant<\/h5><h3>Giovanna Zizza<\/h3><p><\/p><\/div>\n    <div class=\"nectar_team_bio_img\" data-img-src=\"https:\/\/www.community.it\/wp-content\/uploads\/2025\/10\/Giovanna-Zizza.jpg\"><\/div>\n    <div class=\"nectar_team_bio\"><p class=\"x_MsoNormal\"><span data-olk-copy-source=\"MessageBody\">In Community dal 2023, Giovanna \u00e8 Consultant nella divisione Media Relations, occupandosi di media relations, comunicazione corporate e consumer.<\/span><\/p>\n<p class=\"x_MsoNormal\">In precedenza, ha collaborato con diverse agenzie di pubbliche relazioni gestendo la comunicazione di prodotto di noti brand italiani e internazionali nel settore della moda e dell\u2019accessorio, del Food&amp;Beverage e della sostenibilit\u00e0, maturando esperienze nell\u2019ambito delle relazioni con i media lifestyle, delle digital PR, degli eventi e dell\u2019influencer marketing.<\/p>\n<p class=\"x_MsoNormal\">Giovanna si \u00e8 laureata in Filologia Moderna presso l\u2019Universit\u00e0 Cattolica del Sacro Cuore di Milano.<\/p>\n<div class=\"bottom_meta\"><a href=\"https:\/\/www.linkedin.com\/in\/giovanna-zizza-0b8388104\/\" target=\"_blank\" rel=\"noopener\"><i class=\"icon-default-style fa fa-linkedin\"><\/i><\/a><\/div><\/div>\n    <\/div><div class=\"divider-wrap\" data-alignment=\"default\"><div style=\"height: 20px;\" class=\"divider\"><\/div><\/div>\n\t\t<\/div> \n\t<\/div>\n\t<\/div> \n\n\t<div  class=\"vc_col-sm-4 wpb_column column_container vc_column_container col child_column no-extra-padding inherit_tablet inherit_phone\"   data-padding-pos=\"all\" data-has-bg-color=\"false\" data-bg-color=\"\" data-bg-opacity=\"1\" data-animation=\"\" data-delay=\"0\" >\n\t\t<div class=\"vc_column-inner\" >\n\t\t<div class=\"wpb_wrapper\">\n\t\t\t<div class=\"team-member\" data-style=\"bio_fullscreen_alt\"><div class=\"team-member-image\"><div class=\"team-member-image-inner\"><img loading=\"lazy\" decoding=\"async\" class=\"nectar-lazy\" src=\"data:image\/svg+xml;charset=utf-8,%3Csvg%20xmlns%3D'http%3A%2F%2Fwww.w3.org%2F2000%2Fsvg'%20viewBox%3D'0%200%202345%202560'%2F%3E\" data-nectar-img-src=\"https:\/\/www.community.it\/wp-content\/uploads\/2025\/10\/Lucia-Bernabe-scaled.jpg\" width=\"2345\" height=\"2560\" alt=\"\" \/><\/div><\/div><div class=\"team-member-overlay\"><\/div>\n    <div class=\"team-meta\"><h5>Senior Adviser<\/h5><h3>Lucia Bernab\u00e8<\/h3><p><\/p><\/div>\n    <div class=\"nectar_team_bio_img\" data-img-src=\"https:\/\/www.community.it\/wp-content\/uploads\/2025\/10\/Lucia-Bernabe-scaled.jpg\"><\/div>\n    <div class=\"nectar_team_bio\"><p>Lucia ha una consolidata esperienza nei Public &amp; Regulatory Affairs sia come manager che come consulente.<\/p>\n<p>Dopo la laurea in Economia delle Imprese e dei Mercati all\u2019Universit\u00e0 degli Studi Roma Tre, \u00e8 entrata in H3G nel dipartimento Regulatory Affairs, diventando poi responsabile degli Insitutional Affairs e responsabile regolamentazione Media e TV dopo la fusione con Wind.<\/p>\n<p>Oggi \u00e8 consulente nel settore dei Public Affairs con una forte esperienza nel settore delle telecomunicazioni e della fiscalit\u00e0 e del tabacco.<\/p>\n<p>Prima di approdare in Community, nel 2021, Lucia ha ricoperto l\u2019incarico di responsabile degli affari istituzionali per Comin &amp; Partners per poi diventare Vice Direttore Relazioni Esterne della multinazionale British American Tobacco.<\/p>\n<div class=\"bottom_meta\"><a href=\"https:\/\/www.linkedin.com\/in\/lucia-bernab%C3%A8-bb3392b2\/\" target=\"_blank\" rel=\"noopener\"><i class=\"icon-default-style fa fa-linkedin\"><\/i><\/a><\/div><\/div>\n    <\/div><div class=\"divider-wrap\" data-alignment=\"default\"><div style=\"height: 20px;\" class=\"divider\"><\/div><\/div>\n\t\t<\/div> \n\t<\/div>\n\t<\/div> \n<\/div><\/div><div id=\"fws_69f766956504e\" data-midnight=\"\" data-column-margin=\"default\" class=\"wpb_row vc_row-fluid vc_row inner_row\"  style=\"\"><div class=\"row-bg-wrap\"> <div class=\"row-bg\" ><\/div> <\/div><div class=\"row_col_wrap_12_inner col span_12  left\">\n\t<div  class=\"vc_col-sm-4 wpb_column column_container vc_column_container col child_column no-extra-padding inherit_tablet inherit_phone\"   data-padding-pos=\"all\" data-has-bg-color=\"false\" data-bg-color=\"\" data-bg-opacity=\"1\" data-animation=\"\" data-delay=\"0\" >\n\t\t<div class=\"vc_column-inner\" >\n\t\t<div class=\"wpb_wrapper\">\n\t\t\t<div class=\"team-member\" data-style=\"bio_fullscreen_alt\"><div class=\"team-member-image\"><div class=\"team-member-image-inner\"><img loading=\"lazy\" decoding=\"async\" class=\"nectar-lazy\" src=\"data:image\/svg+xml;charset=utf-8,%3Csvg%20xmlns%3D'http%3A%2F%2Fwww.w3.org%2F2000%2Fsvg'%20viewBox%3D'0%200%202345%202560'%2F%3E\" data-nectar-img-src=\"https:\/\/www.community.it\/wp-content\/uploads\/2025\/10\/Maria-Luisa-Barabazza-scaled.jpg\" width=\"2345\" height=\"2560\" alt=\"\" \/><\/div><\/div><div class=\"team-member-overlay\"><\/div>\n    <div class=\"team-meta\"><h5>Senior Adviser<\/h5><h3>Maria Luisa Barbazza<\/h3><p><\/p><\/div>\n    <div class=\"nectar_team_bio_img\" data-img-src=\"https:\/\/www.community.it\/wp-content\/uploads\/2025\/10\/Maria-Luisa-Barabazza-scaled.jpg\"><\/div>\n    <div class=\"nectar_team_bio\"><p>Psicologa, Analista Transazionale (membro I.T.A.A.) e Senior Trainer ASEFOC, \u00e8 specializzata in Mediazione dei Conflitti all&#8217;Universit\u00e0 Cattolica.<\/p>\n<p>Corporate ed Executive Coach (membro I.C.F.), si occupa da circa trent&#8217;anni di formazione organizzativa, lavorando principalmente in percorsi di trasformazione organizzativa.<\/p>\n<p>Organizza anche corsi finalizzati allo sviluppo personale e alla formazione professionale nell&#8217;ambito delle risorse umane.<\/p>\n<p>Attualmente sta lavorando ad un progetto sperimentale (BLINKLEAD) che mira ad analizzare e formare nuovi stili\/modelli di leadership con un approccio multidisciplinare.<\/p>\n<div class=\"bottom_meta\"><a href=\"https:\/\/www.linkedin.com\/in\/marialuisabarbazza\/\" target=\"_blank\" rel=\"noopener\"><i class=\"icon-default-style fa fa-linkedin\"><\/i><\/a><\/div><\/div>\n    <\/div><div class=\"divider-wrap\" data-alignment=\"default\"><div style=\"height: 20px;\" class=\"divider\"><\/div><\/div>\n\t\t<\/div> \n\t<\/div>\n\t<\/div> \n\n\t<div  class=\"vc_col-sm-4 wpb_column column_container vc_column_container col child_column no-extra-padding inherit_tablet inherit_phone\"   data-padding-pos=\"all\" data-has-bg-color=\"false\" data-bg-color=\"\" data-bg-opacity=\"1\" data-animation=\"\" data-delay=\"0\" >\n\t\t<div class=\"vc_column-inner\" >\n\t\t<div class=\"wpb_wrapper\">\n\t\t\t<div class=\"team-member\" data-style=\"bio_fullscreen_alt\"><div class=\"team-member-image\"><div class=\"team-member-image-inner\"><img loading=\"lazy\" decoding=\"async\" class=\"nectar-lazy\" src=\"data:image\/svg+xml;charset=utf-8,%3Csvg%20xmlns%3D'http%3A%2F%2Fwww.w3.org%2F2000%2Fsvg'%20viewBox%3D'0%200%202345%202560'%2F%3E\" data-nectar-img-src=\"https:\/\/www.community.it\/wp-content\/uploads\/2025\/10\/Giorgio-Brugora-scaled.jpg\" width=\"2345\" height=\"2560\" alt=\"\" \/><\/div><\/div><div class=\"team-member-overlay\"><\/div>\n    <div class=\"team-meta\"><h5>Senior Adviser<\/h5><h3>Giorgio Brugora<\/h3><p><\/p><\/div>\n    <div class=\"nectar_team_bio_img\" data-img-src=\"https:\/\/www.community.it\/wp-content\/uploads\/2025\/10\/Giorgio-Brugora-scaled.jpg\"><\/div>\n    <div class=\"nectar_team_bio\"><p>In Community dal 2012,Giorgio ha ricoperto il ruolo di Responsabile Relazioni Esterne in alcune delle pi\u00f9 grandi aziende del Paese.<\/p>\n<p>Dopo un&#8217;esperienza da giornalista, negli anni ottanta ha ricoperto il ruolo di Capo ufficio Stampa dell&#8217;ENI presso la sede di Milano.\u00a0Negli anni novanta ha assunto il ruolo di Direttore delle Pubbliche Relazioni di Ansaldo Energia e successivamente \u00e8 stato Responsabile delle Relazioni Esterne per il Gruppo Ansaldo per i settori Energia, Industria e Trasporti.\u00a0Nel 2000 \u00e8 entrato nel mondo della consulenza con il ruolo di Director in Bonaparte 48 e in seguito di Direttore Generale in Logoi Comunicazione.<\/p>\n<p>Giorgio, giornalista dal 1985, pratica sci e ha una grande passione per il golf.<\/p>\n<div class=\"bottom_meta\"><a href=\"https:\/\/www.linkedin.com\/in\/giorgio-brugora-23ab4958\/\" target=\"_blank\" rel=\"noopener\"><i class=\"icon-default-style fa fa-linkedin\"><\/i><\/a><\/div><\/div>\n    <\/div><div class=\"divider-wrap\" data-alignment=\"default\"><div style=\"height: 20px;\" class=\"divider\"><\/div><\/div>\n\t\t<\/div> \n\t<\/div>\n\t<\/div> \n\n\t<div  class=\"vc_col-sm-4 wpb_column column_container vc_column_container col child_column no-extra-padding inherit_tablet inherit_phone\"   data-padding-pos=\"all\" data-has-bg-color=\"false\" data-bg-color=\"\" data-bg-opacity=\"1\" data-animation=\"\" data-delay=\"0\" >\n\t\t<div class=\"vc_column-inner\" >\n\t\t<div class=\"wpb_wrapper\">\n\t\t\t<div class=\"divider-wrap\" data-alignment=\"default\"><div style=\"height: 20px;\" class=\"divider\"><\/div><\/div>\n\t\t<\/div> \n\t<\/div>\n\t<\/div> \n<\/div><\/div><div id=\"fws_69f7669565853\" data-midnight=\"\" data-column-margin=\"default\" class=\"wpb_row vc_row-fluid vc_row inner_row\"  style=\"\"><div class=\"row-bg-wrap\"> <div class=\"row-bg\" ><\/div> <\/div><div class=\"row_col_wrap_12_inner col span_12  left\">\n\t<div  class=\"vc_col-sm-4 wpb_column column_container vc_column_container col child_column no-extra-padding inherit_tablet inherit_phone\"   data-padding-pos=\"all\" data-has-bg-color=\"false\" data-bg-color=\"\" data-bg-opacity=\"1\" data-animation=\"\" data-delay=\"0\" >\n\t\t<div class=\"vc_column-inner\" >\n\t\t<div class=\"wpb_wrapper\">\n\t\t\t<div class=\"team-member\" data-style=\"bio_fullscreen_alt\"><div class=\"team-member-image\"><div class=\"team-member-image-inner\"><img loading=\"lazy\" decoding=\"async\" class=\"nectar-lazy\" src=\"data:image\/svg+xml;charset=utf-8,%3Csvg%20xmlns%3D'http%3A%2F%2Fwww.w3.org%2F2000%2Fsvg'%20viewBox%3D'0%200%202345%202560'%2F%3E\" data-nectar-img-src=\"https:\/\/www.community.it\/wp-content\/uploads\/2025\/10\/Laura-Missaglia-scaled.jpg\" width=\"2345\" height=\"2560\" alt=\"\" \/><\/div><\/div><div class=\"team-member-overlay\"><\/div>\n    <div class=\"team-meta\"><h5>Office Manager - Executive Assistant to Chairman<\/h5><h3>Laura Missaglia<\/h3><p><\/p><\/div>\n    <div class=\"nectar_team_bio_img\" data-img-src=\"https:\/\/www.community.it\/wp-content\/uploads\/2025\/10\/Laura-Missaglia-scaled.jpg\"><\/div>\n    <div class=\"nectar_team_bio\"><p style=\"text-align: left;\">In Community dal 2011, Laura \u00e8 assistente del Presidente e del Top Management. Si occupa dell\u2019agenda, organizza riunioni, viaggi e trasferte.<\/p>\n<p style=\"text-align: left;\">\u00c8\u2019 inoltre office manager dell\u2019ufficio di Milano, responsabile delle attivit\u00e0 gestionali e operative e del coordinamento dei fornitori. Precedentemente \u00e8 stata assistente del Presidente di Spot &#8211; relazioni pubbliche e comunicazione, organizzando e gestendo tutte le attivit\u00e0 di back office e seguendo l\u2019ufficio stampa di alcuni clienti. \u00c8 stata assistente dell\u2019amministratore delegato di Armando Testa spa e assistente della responsabile relazioni esterne.<\/p>\n<p style=\"text-align: left;\">Ha un diploma di maturit\u00e0 linguistica e un diploma di laurea in relazioni pubbliche. Ama gli sport, in modo particolare il\u00a0volley e il nuoto.<\/p>\n<div class=\"bottom_meta\"><a href=\"https:\/\/www.linkedin.com\/in\/laura-missaglia-202aa340\/\" target=\"_blank\" rel=\"noopener\"><i class=\"icon-default-style fa fa-linkedin\"><\/i><\/a><\/div><\/div>\n    <\/div><div class=\"divider-wrap\" data-alignment=\"default\"><div style=\"height: 20px;\" class=\"divider\"><\/div><\/div>\n\t\t<\/div> \n\t<\/div>\n\t<\/div> \n\n\t<div  class=\"vc_col-sm-4 wpb_column column_container vc_column_container col child_column no-extra-padding inherit_tablet inherit_phone\"   data-padding-pos=\"all\" data-has-bg-color=\"false\" data-bg-color=\"\" data-bg-opacity=\"1\" data-animation=\"\" data-delay=\"0\" >\n\t\t<div class=\"vc_column-inner\" >\n\t\t<div class=\"wpb_wrapper\">\n\t\t\t<div class=\"team-member\" data-style=\"bio_fullscreen_alt\"><div class=\"team-member-image\"><div class=\"team-member-image-inner\"><img loading=\"lazy\" decoding=\"async\" class=\"nectar-lazy\" src=\"data:image\/svg+xml;charset=utf-8,%3Csvg%20xmlns%3D'http%3A%2F%2Fwww.w3.org%2F2000%2Fsvg'%20viewBox%3D'0%200%201282%201400'%2F%3E\" data-nectar-img-src=\"https:\/\/www.community.it\/wp-content\/uploads\/2025\/10\/Fabio-DAlessandro.jpg\" width=\"1282\" height=\"1400\" alt=\"\" \/><\/div><\/div><div class=\"team-member-overlay\"><\/div>\n    <div class=\"team-meta\"><h5>Director Finance &amp; Administration<\/h5><h3>Fabio D'Alessandro<\/h3><p><\/p><\/div>\n    <div class=\"nectar_team_bio_img\" data-img-src=\"https:\/\/www.community.it\/wp-content\/uploads\/2025\/10\/Fabio-DAlessandro.jpg\"><\/div>\n    <div class=\"nectar_team_bio\"><p style=\"text-align: left;\">Arrivato in Community nel 2023, Fabio \u00e8 a capo del team Finance &amp; Administration, occupandosi del Bilancio, della reportistica e dell\u2019integrazione nel gruppo Excellera.<\/p>\n<p style=\"text-align: left;\">In precedenza, ha ricoperto ruoli simili sia in aziende multinazionali che di primaria importanza a livello nazionale, svolgendo la funzione di Project Manager in alcuni progetti speciali.<\/p>\n<p style=\"text-align: left;\">Dopo essersi laureato in Economia e Gestione Aziendale presso l\u2019Universit\u00e0 Cattolica del Sacro Cuore di Milano, ha conseguito un master in Amministrazione, Finanza e Controllo. Appassionato di musica, escursionismo e geopolitica, vanta una lunga e sofferta militanza come tifoso del Monza.<\/p>\n<div class=\"bottom_meta\"><a href=\"https:\/\/www.linkedin.com\/in\/fabio-d-alessandro-8a668a49\/\" target=\"_blank\" rel=\"noopener\"><i class=\"icon-default-style fa fa-linkedin\"><\/i><\/a><\/div><\/div>\n    <\/div><div class=\"divider-wrap\" data-alignment=\"default\"><div style=\"height: 20px;\" class=\"divider\"><\/div><\/div>\n\t\t<\/div> \n\t<\/div>\n\t<\/div> \n\n\t<div  class=\"vc_col-sm-4 wpb_column column_container vc_column_container col child_column no-extra-padding inherit_tablet inherit_phone\"   data-padding-pos=\"all\" data-has-bg-color=\"false\" data-bg-color=\"\" data-bg-opacity=\"1\" data-animation=\"\" data-delay=\"0\" >\n\t\t<div class=\"vc_column-inner\" >\n\t\t<div class=\"wpb_wrapper\">\n\t\t\t<div class=\"team-member\" data-style=\"bio_fullscreen_alt\"><div class=\"team-member-image\"><div class=\"team-member-image-inner\"><img loading=\"lazy\" decoding=\"async\" class=\"nectar-lazy\" src=\"data:image\/svg+xml;charset=utf-8,%3Csvg%20xmlns%3D'http%3A%2F%2Fwww.w3.org%2F2000%2Fsvg'%20viewBox%3D'0%200%202345%202560'%2F%3E\" data-nectar-img-src=\"https:\/\/www.community.it\/wp-content\/uploads\/2025\/10\/Silvia-Amadio-scaled.jpg\" width=\"2345\" height=\"2560\" alt=\"\" \/><\/div><\/div><div class=\"team-member-overlay\"><\/div>\n    <div class=\"team-meta\"><h5>Adm &amp; Finance Dep. - Controller<\/h5><h3>Silvia Amadio<\/h3><p><\/p><\/div>\n    <div class=\"nectar_team_bio_img\" data-img-src=\"https:\/\/www.community.it\/wp-content\/uploads\/2025\/10\/Silvia-Amadio-scaled.jpg\"><\/div>\n    <div class=\"nectar_team_bio\"><p style=\"text-align: left;\">In Community dal 2011, Silvia si occupa della parte Finance, dell&#8217;Amministrazione del Personale e del Controllo Amministrativo e di Gestione.<\/p>\n<p style=\"text-align: left;\">Silvia si \u00e8 precedentemente occupata di Amministrazione in diverse aziende, ricoprendo anche ruoli di Controller e Head Accountant.<\/p>\n<p style=\"text-align: left;\">Silvia ha un diploma di Ragioniere e Perito Commerciale. Le sue passioni sono la famiglia, gli amici, la cucina, il pilates e la moda.<\/p>\n<div class=\"bottom_meta\"><a href=\"https:\/\/www.linkedin.com\/in\/silvia-amadio-ab669328\/\" target=\"_blank\" rel=\"noopener\"><i class=\"icon-default-style fa fa-linkedin\"><\/i><\/a><\/div><\/div>\n    <\/div><div class=\"divider-wrap\" data-alignment=\"default\"><div style=\"height: 20px;\" class=\"divider\"><\/div><\/div>\n\t\t<\/div> \n\t<\/div>\n\t<\/div> \n<\/div><\/div><div id=\"fws_69f76695663b7\" data-midnight=\"\" data-column-margin=\"default\" class=\"wpb_row vc_row-fluid vc_row inner_row\"  style=\"\"><div class=\"row-bg-wrap\"> <div class=\"row-bg\" ><\/div> <\/div><div class=\"row_col_wrap_12_inner col span_12  left\">\n\t<div  class=\"vc_col-sm-4 wpb_column column_container vc_column_container col child_column no-extra-padding inherit_tablet inherit_phone\"   data-padding-pos=\"all\" data-has-bg-color=\"false\" data-bg-color=\"\" data-bg-opacity=\"1\" data-animation=\"\" data-delay=\"0\" >\n\t\t<div class=\"vc_column-inner\" >\n\t\t<div class=\"wpb_wrapper\">\n\t\t\t<div class=\"team-member\" data-style=\"bio_fullscreen_alt\"><div class=\"team-member-image\"><div class=\"team-member-image-inner\"><img loading=\"lazy\" decoding=\"async\" class=\"nectar-lazy\" src=\"data:image\/svg+xml;charset=utf-8,%3Csvg%20xmlns%3D'http%3A%2F%2Fwww.w3.org%2F2000%2Fsvg'%20viewBox%3D'0%200%202345%202560'%2F%3E\" data-nectar-img-src=\"https:\/\/www.community.it\/wp-content\/uploads\/2025\/10\/Giorgia-Caputi-scaled.jpg\" width=\"2345\" height=\"2560\" alt=\"\" \/><\/div><\/div><div class=\"team-member-overlay\"><\/div>\n    <div class=\"team-meta\"><h5>Senior Accountant<\/h5><h3>Giorgia Caputi<\/h3><p><\/p><\/div>\n    <div class=\"nectar_team_bio_img\" data-img-src=\"https:\/\/www.community.it\/wp-content\/uploads\/2025\/10\/Giorgia-Caputi-scaled.jpg\"><\/div>\n    <div class=\"nectar_team_bio\"><p style=\"text-align: left;\">In Community dal 2019, Giorgia si occupa di Amministrazione e in particolare del Ciclo Attivo, gestendo contrattualistica, gare e contabilit\u00e0 per clienti italiani e internazionali.<\/p>\n<p style=\"text-align: left;\">Prima di approdare in Community \u00e8 stata per anni responsabile amministrativa per una societ\u00e0 di consulenza e formazione. Precedentemente ha avuto esperienze in aziende multinazionali del settore Healthcare e del Lusso.<\/p>\n<p style=\"text-align: left;\">Giorgia ha un Diploma di Maturit\u00e0 Scientifica ed ha acquisito negli anni competenze in ambito amministrativo e contabile. Ama trascorrere il tempo con famiglia e amici, condividendo con loro viaggi e tour enogastronomici.<\/p>\n<div class=\"bottom_meta\"><a href=\"https:\/\/www.linkedin.com\/in\/giorgia-caputi-9b637652\/\" target=\"_blank\" rel=\"noopener\"><i class=\"icon-default-style fa fa-linkedin\"><\/i><\/a><\/div><\/div>\n    <\/div><div class=\"divider-wrap\" data-alignment=\"default\"><div style=\"height: 20px;\" class=\"divider\"><\/div><\/div>\n\t\t<\/div> \n\t<\/div>\n\t<\/div> \n\n\t<div  class=\"vc_col-sm-4 wpb_column column_container vc_column_container col child_column no-extra-padding inherit_tablet inherit_phone\"   data-padding-pos=\"all\" data-has-bg-color=\"false\" data-bg-color=\"\" data-bg-opacity=\"1\" data-animation=\"\" data-delay=\"0\" >\n\t\t<div class=\"vc_column-inner\" >\n\t\t<div class=\"wpb_wrapper\">\n\t\t\t<div class=\"team-member\" data-style=\"bio_fullscreen_alt\"><div class=\"team-member-image\"><div class=\"team-member-image-inner\"><img loading=\"lazy\" decoding=\"async\" class=\"nectar-lazy\" src=\"data:image\/svg+xml;charset=utf-8,%3Csvg%20xmlns%3D'http%3A%2F%2Fwww.w3.org%2F2000%2Fsvg'%20viewBox%3D'0%200%201282%201400'%2F%3E\" data-nectar-img-src=\"https:\/\/www.community.it\/wp-content\/uploads\/2025\/10\/Lorenzo-Capato.jpg\" width=\"1282\" height=\"1400\" alt=\"\" \/><\/div><\/div><div class=\"team-member-overlay\"><\/div>\n    <div class=\"team-meta\"><h5>Junior Accountant<\/h5><h3>Lorenzo Capato<\/h3><p><\/p><\/div>\n    <div class=\"nectar_team_bio_img\" data-img-src=\"https:\/\/www.community.it\/wp-content\/uploads\/2025\/10\/Lorenzo-Capato.jpg\"><\/div>\n    <div class=\"nectar_team_bio\"><p style=\"text-align: left;\">In Community dal 2024, Lorenzo si occupa di tutte le attivit\u00e0 che compongono il ciclo attivo dell\u2019azienda: gestione clienti, contrattualistica e fatturazione.<\/p>\n<p style=\"text-align: left;\">Prima di arrivare in Community, Lorenzo ha lavorato come addetto alla fatturazione attiva in una realt\u00e0 attiva nel settore della vigilanza privata e dei servizi fiduciari.<\/p>\n<p style=\"text-align: left;\">Lorenzo \u00e8 laureato in Economia e Management. Le sue passioni sono la montagna e il lago.<\/p>\n<div class=\"bottom_meta\"><a href=\"https:\/\/www.linkedin.com\/in\/lorenzo-capato-009449132\/\" target=\"_blank\" rel=\"noopener\"><i class=\"icon-default-style fa fa-linkedin\"><\/i><\/a><\/div><\/div>\n    <\/div><div class=\"divider-wrap\" data-alignment=\"default\"><div style=\"height: 20px;\" class=\"divider\"><\/div><\/div>\n\t\t<\/div> \n\t<\/div>\n\t<\/div> \n\n\t<div  class=\"vc_col-sm-4 wpb_column column_container vc_column_container col child_column no-extra-padding inherit_tablet inherit_phone\"   data-padding-pos=\"all\" data-has-bg-color=\"false\" data-bg-color=\"\" data-bg-opacity=\"1\" data-animation=\"\" data-delay=\"0\" >\n\t\t<div class=\"vc_column-inner\" >\n\t\t<div class=\"wpb_wrapper\">\n\t\t\t<div class=\"team-member\" data-style=\"bio_fullscreen_alt\"><div class=\"team-member-image\"><div class=\"team-member-image-inner\"><img loading=\"lazy\" decoding=\"async\" class=\"nectar-lazy\" src=\"data:image\/svg+xml;charset=utf-8,%3Csvg%20xmlns%3D'http%3A%2F%2Fwww.w3.org%2F2000%2Fsvg'%20viewBox%3D'0%200%201282%201400'%2F%3E\" data-nectar-img-src=\"https:\/\/www.community.it\/wp-content\/uploads\/2025\/10\/Alessandro-Pipino.jpg\" width=\"1282\" height=\"1400\" alt=\"\" \/><\/div><\/div><div class=\"team-member-overlay\"><\/div>\n    <div class=\"team-meta\"><h5>Accountant<\/h5><h3>Alessandro Pipino<\/h3><p><\/p><\/div>\n    <div class=\"nectar_team_bio_img\" data-img-src=\"https:\/\/www.community.it\/wp-content\/uploads\/2025\/10\/Alessandro-Pipino.jpg\"><\/div>\n    <div class=\"nectar_team_bio\"><p>In Community da novembre 2024, Alessandro si occupa di attivit\u00e0 in ambito contabile e amministrativo di varia natura, ciclo attivo, gestione ordini, contratti clienti e fatturazione.<\/p>\n<p>Prima di entrare in Community, Alessandro ha lavorato presso aziende di varie dimensioni dalle multinazionali dove ha iniziato la sua carriera lavorativa, ad aziende a conduzione familiare fino a realt\u00e0 di media scala, occupandosi sempre di attivit\u00e0 di natura contabile a 360\u00b0 dal ciclo attivo a quello passivo, alla tesoreria e altre connesse all\u2019assolvimento dei vari adempimenti normativi di natura fiscale.<\/p>\n<p style=\"text-align: left;\">Alessandro \u00e8 diplomato in Ragioneria ed \u00e8 un grande appassionato di sci, di neve e di montagna in generale.<\/p>\n<div class=\"bottom_meta\"><a href=\"https:\/\/www.linkedin.com\/in\/alessandro-pipino-903ab84b\/\" target=\"_blank\" rel=\"noopener\"><i class=\"icon-default-style fa fa-linkedin\"><\/i><\/a><\/div><\/div>\n    <\/div><div class=\"divider-wrap\" data-alignment=\"default\"><div style=\"height: 20px;\" class=\"divider\"><\/div><\/div>\n\t\t<\/div> \n\t<\/div>\n\t<\/div> \n<\/div><\/div><div id=\"fws_69f7669566f3a\" data-midnight=\"\" data-column-margin=\"default\" class=\"wpb_row vc_row-fluid vc_row inner_row\"  style=\"\"><div class=\"row-bg-wrap\"> <div class=\"row-bg\" ><\/div> <\/div><div class=\"row_col_wrap_12_inner col span_12  left\">\n\t<div  class=\"vc_col-sm-4 wpb_column column_container vc_column_container col child_column no-extra-padding inherit_tablet inherit_phone\"   data-padding-pos=\"all\" data-has-bg-color=\"false\" data-bg-color=\"\" data-bg-opacity=\"1\" data-animation=\"\" data-delay=\"0\" >\n\t\t<div class=\"vc_column-inner\" >\n\t\t<div class=\"wpb_wrapper\">\n\t\t\t<div class=\"team-member\" data-style=\"bio_fullscreen_alt\"><div class=\"team-member-image\"><div class=\"team-member-image-inner\"><img loading=\"lazy\" decoding=\"async\" class=\"nectar-lazy\" src=\"data:image\/svg+xml;charset=utf-8,%3Csvg%20xmlns%3D'http%3A%2F%2Fwww.w3.org%2F2000%2Fsvg'%20viewBox%3D'0%200%202345%202560'%2F%3E\" data-nectar-img-src=\"https:\/\/www.community.it\/wp-content\/uploads\/2025\/10\/Marina-Pizzinato-scaled.jpg\" width=\"2345\" height=\"2560\" alt=\"\" \/><\/div><\/div><div class=\"team-member-overlay\"><\/div>\n    <div class=\"team-meta\"><h5>Adm &amp; Finance Dep. \u2013 Office Manager<\/h5><h3>Marina Pizzinato<\/h3><p><\/p><\/div>\n    <div class=\"nectar_team_bio_img\" data-img-src=\"https:\/\/www.community.it\/wp-content\/uploads\/2025\/10\/Marina-Pizzinato-scaled.jpg\"><\/div>\n    <div class=\"nectar_team_bio\"><p style=\"text-align: left;\">In Community dal 2009, Marina \u00e8 office manager della sede di Treviso; si occupa di amministrazione, in particolare del ciclo passivo, gestendo i rapporti con i fornitori, monitorando acquisti e costi della Societ\u00e0.<\/p>\n<p style=\"text-align: left;\">Marina possiede una pluriennale esperienza in amministrazione, maturata in aziende strutturate ed operanti in differenti settori economici.<\/p>\n<p style=\"text-align: left;\">Diplomata in ragioneria, Marina partecipa regolarmente a incontri di aggiornamento per approfondire competenze e dinamiche del suo ruolo. Ama leggere e viaggiare.<\/p>\n<div class=\"bottom_meta\"><a href=\"https:\/\/www.linkedin.com\/in\/marina-pizzinato-2b976b3b\/\" target=\"_blank\" rel=\"noopener\"><i class=\"icon-default-style fa fa-linkedin\"><\/i><\/a><\/div><\/div>\n    <\/div><div class=\"divider-wrap\" data-alignment=\"default\"><div style=\"height: 20px;\" class=\"divider\"><\/div><\/div>\n\t\t<\/div> \n\t<\/div>\n\t<\/div> \n\n\t<div  class=\"vc_col-sm-4 wpb_column column_container vc_column_container col child_column no-extra-padding inherit_tablet inherit_phone\"   data-padding-pos=\"all\" data-has-bg-color=\"false\" data-bg-color=\"\" data-bg-opacity=\"1\" data-animation=\"\" data-delay=\"0\" >\n\t\t<div class=\"vc_column-inner\" >\n\t\t<div class=\"wpb_wrapper\">\n\t\t\t\n\t\t<\/div> \n\t<\/div>\n\t<\/div> \n\n\t<div  class=\"vc_col-sm-4 wpb_column column_container vc_column_container col child_column no-extra-padding inherit_tablet inherit_phone\"   data-padding-pos=\"all\" data-has-bg-color=\"false\" data-bg-color=\"\" data-bg-opacity=\"1\" data-animation=\"\" data-delay=\"0\" >\n\t\t<div class=\"vc_column-inner\" >\n\t\t<div class=\"wpb_wrapper\">\n\t\t\t\n\t\t<\/div> \n\t<\/div>\n\t<\/div> \n<\/div><\/div>\n\t\t\t<\/div> \n\t\t<\/div>\n\t<\/div> \n<\/div><\/div>\n\t\t<div id=\"fws_69f766956893f\"  data-column-margin=\"default\" data-midnight=\"light\" data-top-percent=\"15%\" data-bottom-percent=\"8%\"  class=\"wpb_row vc_row-fluid vc_row full-width-section vc_row-o-equal-height vc_row-flex vc_row-o-content-top toggle-sequenza bottom_padding_tablet_10pct bottom_padding_phone_10pct\"  style=\"padding-top: calc(100vw * 0.15); padding-bottom: calc(100vw * 0.08); \" data-color=\"#000000\" data-dark=\"true\"><div class=\"row-bg-wrap\" data-bg-animation=\"none\" data-bg-animation-delay=\"\" data-bg-overlay=\"true\"><div class=\"inner-wrap row-bg-layer\" ><div class=\"row-bg viewport-desktop\"  style=\"\"><\/div><\/div><div class=\"row-bg-overlay row-bg-layer\" style=\"background: #000000; background: linear-gradient(to bottom,#000000 0%,rgba(0,0,0,0.01) 100%);  opacity: 1; \"><\/div><\/div>\n\t\t\t<div class=\"video-color-overlay row-bg-layer\" data-color=\"\"><\/div>\n\t\t\t\n\t\t\t<div class=\"nectar-video-wrap row-bg-layer\" data-bg-alignment=\"\">\n\t\t\t\t<div class=\"nectar-video-inner\">\n\t\t\t\t<video class=\"nectar-video-bg\" width=\"1800\" height=\"700\" preload=\"auto\" loop autoplay muted playsinline><source src=\"https:\/\/www.community.it\/wp-content\/uploads\/2024\/07\/4865616_Light-Leak_Transition_1920x1080.mp4\"  type=\"video\/mp4\"><\/video>    \t\t<\/div>\n\t\t\t <\/div>\n\n\t\t\t<div class=\"row_col_wrap_12 col span_12 light center\">\n\t<div  class=\"vc_col-sm-12 wpb_column column_container vc_column_container col centered-text nectar-sticky-column no-extra-padding force-desktop-text-align-center inherit_tablet inherit_phone\"  data-padding-pos=\"all\" data-has-bg-color=\"false\" data-bg-color=\"\" data-bg-opacity=\"1\" data-animation=\"\" data-delay=\"0\" >\n\t\t<div class=\"vc_column-inner\" >\n\t\t\t<div class=\"wpb_wrapper\">\n\t\t\t\t<div class=\"divider-wrap\" data-alignment=\"default\"><div style=\"height: 15%;\" class=\"divider\"><\/div><\/div><div id=\"fws_69f7669568a79\" data-midnight=\"\" data-column-margin=\"default\" class=\"wpb_row vc_row-fluid vc_row inner_row\"  style=\"\"><div class=\"row-bg-wrap\"> <div class=\"row-bg\" ><\/div> <\/div><div class=\"row_col_wrap_12_inner col span_12  left\">\n\t<div  class=\"vc_col-sm-12 wpb_column column_container vc_column_container col child_column has-animation no-extra-padding inherit_tablet inherit_phone nectar-mask-reveal nectar-mask-reveal-top-dir nectar-mask-reveal-straight-shape\"   data-padding-pos=\"all\" data-has-bg-color=\"false\" data-bg-color=\"\" data-bg-opacity=\"1\" data-animation=\"mask-reveal\" data-delay=\"0\" >\n\t\t<div class=\"vc_column-inner\" >\n\t\t<div class=\"wpb_wrapper\">\n\t\t\t<div class=\"nectar-highlighted-text font_size_70px font_size_tablet_60px font_size_phone_50px font_line_height_1px\" data-style=\"regular_underline\" data-exp=\"default\" data-underline-thickness=\"default\" data-user-color=\"true\" style=\"color: #000000;\" data-using-custom-color=\"true\" data-animation-delay=\"false\" data-color=\"#ee751e\" data-color-gradient=\"\"><h3 style=\"text-align: center\">Sei pronto a fare la differenza?<br \/>\n<span style=\"color: #ee751e\">Community<\/span> \u00e8 il luogo ideale per te<span style=\"color: #ee751e\">.<\/span><\/h3>\n<\/div><div class=\"divider-wrap\" data-alignment=\"default\"><div style=\"height: 25px;\" class=\"divider\"><\/div><\/div><a class=\"nectar-button large regular accent-color  regular-button\"  role=\"button\" style=\"\"  href=\"https:\/\/www.community.it\/en\/careers\/\" data-color-override=\"false\" data-hover-color-override=\"false\" data-hover-text-color-override=\"#fff\"><span>Careers<\/span><\/a>\n\t\t<\/div> \n\t<\/div>\n\t<\/div> \n<\/div><\/div>\n\t\t\t<\/div> \n\t\t<\/div>\n\t<\/div> \n<\/div><\/div>","protected":false},"excerpt":{"rendered":"In Community il talento\u00a0 \u00e8 protagonista. Una squadra di professionisti attenti, precisi, veloci e proattivi. Chairman and FounderAuro Palomba Inizia come giornalista economico al Giornale di Indro Montanelli, dopo 15...","protected":false},"author":1,"featured_media":14,"parent":0,"menu_order":0,"comment_status":"closed","ping_status":"closed","template":"","meta":{"inline_featured_image":false,"footnotes":""},"class_list":["post-12691","page","type-page","status-publish","has-post-thumbnail"],"_links":{"self":[{"href":"https:\/\/www.community.it\/en\/wp-json\/wp\/v2\/pages\/12691","targetHints":{"allow":["GET"]}}],"collection":[{"href":"https:\/\/www.community.it\/en\/wp-json\/wp\/v2\/pages"}],"about":[{"href":"https:\/\/www.community.it\/en\/wp-json\/wp\/v2\/types\/page"}],"author":[{"embeddable":true,"href":"https:\/\/www.community.it\/en\/wp-json\/wp\/v2\/users\/1"}],"replies":[{"embeddable":true,"href":"https:\/\/www.community.it\/en\/wp-json\/wp\/v2\/comments?post=12691"}],"version-history":[{"count":14,"href":"https:\/\/www.community.it\/en\/wp-json\/wp\/v2\/pages\/12691\/revisions"}],"predecessor-version":[{"id":13147,"href":"https:\/\/www.community.it\/en\/wp-json\/wp\/v2\/pages\/12691\/revisions\/13147"}],"wp:featuredmedia":[{"embeddable":true,"href":"https:\/\/www.community.it\/en\/wp-json\/wp\/v2\/media\/14"}],"wp:attachment":[{"href":"https:\/\/www.community.it\/en\/wp-json\/wp\/v2\/media?parent=12691"}],"curies":[{"name":"wp","href":"https:\/\/api.w.org\/{rel}","templated":true}]}}